{"id":6539,"date":"2013-02-28T23:50:07","date_gmt":"2013-02-28T23:50:07","guid":{"rendered":"https:\/\/calgabriel.es\/entorno\/"},"modified":"2022-11-27T19:38:32","modified_gmt":"2022-11-27T19:38:32","slug":"entorno","status":"publish","type":"page","link":"https:\/\/calgabriel.es\/es\/entorno\/","title":{"rendered":"Actividades"},"content":{"rendered":"\n<div class=\"wp-block-getwid-section alignfull getwid-section-content-custom-width\"><div class=\"wp-block-getwid-section__wrapper getwid-padding-top-large getwid-padding-bottom-large getwid-padding-left-medium getwid-padding-right-medium\" style=\"min-height:70vh\"><div class=\"wp-block-getwid-section__inner-wrapper\" style=\"max-width:1140px\"><div class=\"wp-block-getwid-section__background-holder\"><div class=\"wp-block-getwid-section__background lazyload\" style=\"background-image:inherit\" data-bg-image=\"url(&#039;http:\/\/calgabriel.es\/wp-content\/uploads\/2020\/04\/CalGabriel-081_2-1-scaled.jpg&#039;)\"><div class=\"wp-block-getwid-section__background-image-wrapper\"><img decoding=\"async\" class=\"wp-block-getwid-section__background-image lazyload\" data-src=\"http:\/\/calgabriel.es\/wp-content\/uploads\/2020\/04\/CalGabriel-081_2-1-scaled.jpg\" alt=\"\" src=\"data:image\/svg+xml;base64,PHN2ZyB3aWR0aD0iMSIgaGVpZ2h0PSIxIiB4bWxucz0iaHR0cDovL3d3dy53My5vcmcvMjAwMC9zdmciPjwvc3ZnPg==\" \/><\/div><\/div><div class=\"wp-block-getwid-section__foreground\" style=\"opacity:0.6;background-color:#000000\"><\/div><\/div><div class=\"wp-block-getwid-section__content\"><div class=\"wp-block-getwid-section__inner-content\">\n<div class=\"wp-block-getwid-advanced-heading\" style=\"margin-bottom:0px;margin-top:0px\"><span class=\"wp-block-getwid-advanced-heading__content has-text-color\" style=\"text-align:center;color:#ffffff\">Planifica tu estancia en Cal Gabriel<\/span><\/div>\n\n\n\n<div class=\"wp-block-getwid-advanced-heading\" style=\"margin-bottom:30px;margin-top:10px\"><h2 class=\"wp-block-getwid-advanced-heading__content has-text-color\" style=\"text-align:center;color:#ffffff\">\u00bfQU\u00c9 PODEMOS HACER?<\/h2><\/div>\n\n\n\n<p class=\"has-white-color has-text-color\">En Tuixent tienes la oportunidad de disfrutar de un entorno lleno de naturaleza y de actividades a realizar durante todo el a\u00f1o: relax, excursiones a pie, esqu\u00ed n\u00f3rdico, esqu\u00ed alpino, raquetas, setas, bicicleta de monta\u00f1a, perros de trineo , visitar museos, cultura, gastronom\u00eda, artesan\u00eda, parques naturales e incluso compras en Andorra.<\/p>\n\n\n\n<p class=\"has-white-color has-text-color\">En esta secci\u00f3n encontrar\u00e1 detalles sobre las diferentes actividades que puedes realizar en el Valle de la Vansa y Tuixent . \u00a1Empezamos la aventura! <\/p>\n\n\n\n<div class=\"wp-block-columns has-3-columns is-layout-flex wp-container-core-columns-is-layout-9d6595d7 wp-block-columns-is-layout-flex\">\n<div class=\"wp-block-column is-layout-flow wp-block-column-is-layout-flow\">\n<div class=\"wp-block-getwid-section\"><div class=\"wp-block-getwid-section__wrapper\"><div class=\"wp-block-getwid-section__inner-wrapper\"><div class=\"wp-block-getwid-section__background-holder\"><div class=\"wp-block-getwid-section__background has-background\" style=\"background-color:#ffffff\"><\/div><div class=\"wp-block-getwid-section__foreground\"><\/div><\/div><div class=\"wp-block-getwid-section__content\"><div class=\"wp-block-getwid-section__inner-content\">\n<div class=\"wp-block-getwid-icon-box has-text-center\"><div class=\"wp-block-getwid-icon-box__icon-container is-position-top\"><div class=\"wp-block-getwid-icon-box__icon-wrapper has-text-color has-dark-blue-color\" style=\"font-size:36px;padding:0px\"><i class=\"fas fa-hiking\"><\/i><\/div><\/div><div class=\"wp-block-getwid-icon-box__content\">\n<div class=\"wp-block-getwid-advanced-heading\"><h3 class=\"wp-block-getwid-advanced-heading__content\">Excursiones a pie<\/h3><\/div>\n\n\n\n<p class=\"has-small-font-size\">Todo el a\u00f1o<\/p>\n\n\n\n<p> Descubre rutas para realizar a pie y disfrutar de nuestro entorno. Hay todo tipo de dificultad, duraci\u00f3n y t\u00e9cnica.<\/p>\n<\/div><\/div>\n\n\n\n<div class=\"wp-block-buttons is-content-justification-center is-layout-flex wp-container-core-buttons-is-layout-16018d1d wp-block-buttons-is-layout-flex\">\n<div class=\"wp-block-button is-style-fill\"><a class=\"wp-block-button__link wp-element-button\">M\u00e1s informaci\u00f3n<\/a><\/div>\n<\/div>\n<\/div><\/div><\/div><\/div><\/div>\n\n\n\n<div class=\"wp-block-getwid-section\" style=\"margin-bottom:0px\"><div class=\"wp-block-getwid-section__wrapper getwid-align-items-flex-start\"><div class=\"wp-block-getwid-section__inner-wrapper\"><div class=\"wp-block-getwid-section__background-holder\"><div class=\"wp-block-getwid-section__background has-background\" style=\"background-color:#ffffff\"><\/div><div class=\"wp-block-getwid-section__foreground\"><\/div><\/div><div class=\"wp-block-getwid-section__content\"><div class=\"wp-block-getwid-section__inner-content\">\n<div class=\"wp-block-getwid-icon-box has-text-center\"><div class=\"wp-block-getwid-icon-box__icon-container is-position-top\"><div class=\"wp-block-getwid-icon-box__icon-wrapper has-text-color has-dark-blue-color\" style=\"font-size:36px;padding:0px\"><i class=\"fas fa-tree\"><\/i><\/div><\/div><div class=\"wp-block-getwid-icon-box__content\">\n<div class=\"wp-block-getwid-advanced-heading\"><h3 class=\"wp-block-getwid-advanced-heading__content\">Setas<\/h3><\/div>\n\n\n\n<p class=\"has-small-font-size\">Primavera y oto\u00f1o<\/p>\n\n\n\n<p> En la zona podr\u00e1s encontrar una gran variedad de setas, tanto de primavera como de oto\u00f1o, para ali\u00f1ar tus platos con sabor a Tuixent .<\/p>\n<\/div><\/div>\n<\/div><\/div><\/div><\/div><\/div>\n<\/div>\n\n\n\n<div class=\"wp-block-column is-layout-flow wp-block-column-is-layout-flow\">\n<div class=\"wp-block-getwid-section\"><div class=\"wp-block-getwid-section__wrapper\"><div class=\"wp-block-getwid-section__inner-wrapper\"><div class=\"wp-block-getwid-section__background-holder\"><div class=\"wp-block-getwid-section__background has-background\" style=\"background-color:#ffffff\"><\/div><div class=\"wp-block-getwid-section__foreground\"><\/div><\/div><div class=\"wp-block-getwid-section__content\"><div class=\"wp-block-getwid-section__inner-content\">\n<div class=\"wp-block-getwid-icon-box has-text-center\"><div class=\"wp-block-getwid-icon-box__icon-container is-position-top\"><div class=\"wp-block-getwid-icon-box__icon-wrapper has-text-color has-dark-blue-color\" style=\"font-size:36px;padding:0px\"><i class=\"fas fa-bicycle\"><\/i><\/div><\/div><div class=\"wp-block-getwid-icon-box__content\">\n<div class=\"wp-block-getwid-advanced-heading\"><h3 class=\"wp-block-getwid-advanced-heading__content\">Salidas en bici<\/h3><\/div>\n\n\n\n<p class=\"has-small-font-size\">Todo el a\u00f1o<\/p>\n\n\n\n<p> Pedalea por el Valle. Tanto si Cal Gabriel es tu punto de salida como si est\u00e1s de ruta.<\/p>\n\n\n\n<p><\/p>\n<\/div><\/div>\n\n\n\n<div class=\"wp-block-buttons is-content-justification-center is-layout-flex wp-container-core-buttons-is-layout-16018d1d wp-block-buttons-is-layout-flex\">\n<div class=\"wp-block-button\"><a class=\"wp-block-button__link wp-element-button\">SABER M\u00c1S<\/a><\/div>\n<\/div>\n<\/div><\/div><\/div><\/div><\/div>\n\n\n\n<div class=\"wp-block-getwid-section\"><div class=\"wp-block-getwid-section__wrapper\"><div class=\"wp-block-getwid-section__inner-wrapper\"><div class=\"wp-block-getwid-section__background-holder\"><div class=\"wp-block-getwid-section__background has-background\" style=\"background-color:#ffffff\"><\/div><div class=\"wp-block-getwid-section__foreground\"><\/div><\/div><div class=\"wp-block-getwid-section__content\"><div class=\"wp-block-getwid-section__inner-content\">\n<div class=\"wp-block-getwid-icon-box has-text-center\"><div class=\"wp-block-getwid-icon-box__icon-container is-position-top\"><div class=\"wp-block-getwid-icon-box__icon-wrapper has-text-color has-dark-blue-color\" style=\"font-size:36px;padding:0px\"><i class=\"fas fa-user-graduate\"><\/i><\/div><\/div><div class=\"wp-block-getwid-icon-box__content\">\n<div class=\"wp-block-getwid-advanced-heading\"><h3 class=\"wp-block-getwid-advanced-heading__content\">Cultura<\/h3><\/div>\n\n\n\n<p class=\"has-small-font-size\">Todo el a\u00f1o<\/p>\n\n\n\n<p> Historia, <a href=\"https:\/\/calgabriel.es\/es\/entorno\/trementinaires\/\" target=\"_blank\" rel=\"noreferrer noopener\" title=\"Las trementinarias\">trementinaires<\/a>, museos, arquitectura, <a href=\"https:\/\/calgabriel.es\/es\/ruta-del-romanico\/\" title=\"Ruta del rom&#xE1;nico en el Valle\">ruta del rom\u00e1nico<\/a>, oficios y <a href=\"https:\/\/calgabriel.es\/es\/entorno\/fires\/\" title=\"Ferias y fiestas\">ferias<\/a>. Todo un abanico de opciones para alimentar tus ganas de saber.<\/p>\n<\/div><\/div>\n<\/div><\/div><\/div><\/div><\/div>\n<\/div>\n\n\n\n<div class=\"wp-block-column is-layout-flow wp-block-column-is-layout-flow\">\n<div class=\"wp-block-getwid-section\"><div class=\"wp-block-getwid-section__wrapper\"><div class=\"wp-block-getwid-section__inner-wrapper\"><div class=\"wp-block-getwid-section__background-holder\"><div class=\"wp-block-getwid-section__background has-background\" style=\"background-color:#ffffff\"><\/div><div class=\"wp-block-getwid-section__foreground\"><\/div><\/div><div class=\"wp-block-getwid-section__content\"><div class=\"wp-block-getwid-section__inner-content\">\n<div class=\"wp-block-getwid-icon-box has-text-center\"><div class=\"wp-block-getwid-icon-box__icon-container is-position-top\"><div class=\"wp-block-getwid-icon-box__icon-wrapper has-text-color has-dark-blue-color\" style=\"font-size:36px;padding:0px\"><i class=\"far fa-snowflake\"><\/i><\/div><\/div><div class=\"wp-block-getwid-icon-box__content\">\n<div class=\"wp-block-getwid-advanced-heading\"><h3 class=\"wp-block-getwid-advanced-heading__content\">Esqu\u00ed y raquetas<\/h3><\/div>\n\n\n\n<p class=\"has-small-font-size\">Invierno<\/p>\n\n\n\n<p> Disfruta de la naturaleza en invierno. Esqu\u00ed n\u00f3rdico, alpino y raquetas; sea como sea ven a disfrutar de la nieve en Cal Gabriel .<\/p>\n<\/div><\/div>\n\n\n\n<div class=\"wp-block-buttons is-content-justification-center is-layout-flex wp-container-core-buttons-is-layout-16018d1d wp-block-buttons-is-layout-flex\">\n<div class=\"wp-block-button\"><a class=\"wp-block-button__link wp-element-button\" href=\"http:\/\/calgabriel.es\/entorno\/esqui\/\">M\u00c1S INFO<\/a><\/div>\n<\/div>\n<\/div><\/div><\/div><\/div><\/div>\n\n\n\n<div class=\"wp-block-getwid-section\"><div class=\"wp-block-getwid-section__wrapper\"><div class=\"wp-block-getwid-section__inner-wrapper\"><div class=\"wp-block-getwid-section__background-holder\"><div class=\"wp-block-getwid-section__background has-background\" style=\"background-color:#ffffff\"><\/div><div class=\"wp-block-getwid-section__foreground\"><\/div><\/div><div class=\"wp-block-getwid-section__content\"><div class=\"wp-block-getwid-section__inner-content\">\n<div class=\"wp-block-getwid-icon-box has-text-center\"><div class=\"wp-block-getwid-icon-box__icon-container is-position-top\"><div class=\"wp-block-getwid-icon-box__icon-wrapper has-text-color has-dark-blue-color\" style=\"font-size:36px;padding:0px\"><i class=\"fas fa-palette\"><\/i><\/div><\/div><div class=\"wp-block-getwid-icon-box__content\">\n<div class=\"wp-block-getwid-advanced-heading\"><h3 class=\"wp-block-getwid-advanced-heading__content\">Artesanos<\/h3><\/div>\n\n\n\n<p class=\"has-small-font-size\">Todo el a\u00f1o<\/p>\n\n\n\n<p> Los peque\u00f1os artesanos de la zona te esperan para ense\u00f1arte sus productos y hacerte disfrutar con su amor por su trabajo: quesos, mermeladas, infusiones, cervezas, cosm\u00e9tica, etc. <\/p>\n<\/div><\/div>\n\n\n\n<div class=\"wp-block-buttons is-content-justification-center is-layout-flex wp-container-core-buttons-is-layout-16018d1d wp-block-buttons-is-layout-flex\">\n<div class=\"wp-block-button\"><a class=\"wp-block-button__link wp-element-button\" href=\"https:\/\/calgabriel.es\/es\/entorno\/artesanos\/\">QUIERO SABER<\/a><\/div>\n<\/div>\n<\/div><\/div><\/div><\/div><\/div>\n<\/div>\n<\/div>\n<\/div><\/div><\/div><\/div><\/div>\n","protected":false},"excerpt":{"rendered":"","protected":false},"author":1,"featured_media":0,"parent":0,"menu_order":4,"comment_status":"closed","ping_status":"open","template":"","meta":{"inline_featured_image":false,"_joinchat":[],"footnotes":""},"class_list":["post-6539","page","type-page","status-publish","hentry"],"aioseo_notices":[],"_links":{"self":[{"href":"https:\/\/calgabriel.es\/es\/wp-json\/wp\/v2\/pages\/6539","targetHints":{"allow":["GET"]}}],"collection":[{"href":"https:\/\/calgabriel.es\/es\/wp-json\/wp\/v2\/pages"}],"about":[{"href":"https:\/\/calgabriel.es\/es\/wp-json\/wp\/v2\/types\/page"}],"author":[{"embeddable":true,"href":"https:\/\/calgabriel.es\/es\/wp-json\/wp\/v2\/users\/1"}],"replies":[{"embeddable":true,"href":"https:\/\/calgabriel.es\/es\/wp-json\/wp\/v2\/comments?post=6539"}],"version-history":[{"count":8,"href":"https:\/\/calgabriel.es\/es\/wp-json\/wp\/v2\/pages\/6539\/revisions"}],"predecessor-version":[{"id":6951,"href":"https:\/\/calgabriel.es\/es\/wp-json\/wp\/v2\/pages\/6539\/revisions\/6951"}],"wp:attachment":[{"href":"https:\/\/calgabriel.es\/es\/wp-json\/wp\/v2\/media?parent=6539"}],"curies":[{"name":"wp","href":"https:\/\/api.w.org\/{rel}","templated":true}]}}