{"id":6498,"date":"2020-11-01T18:44:55","date_gmt":"2020-11-01T18:44:55","guid":{"rendered":"https:\/\/calgabriel.es\/artesanos\/"},"modified":"2022-11-12T18:11:26","modified_gmt":"2022-11-12T18:11:26","slug":"artesanos","status":"publish","type":"page","link":"https:\/\/calgabriel.es\/es\/entorno\/artesanos\/","title":{"rendered":"Artesanos"},"content":{"rendered":"\n<div class=\"wp-block-getwid-section alignfull alignfull getwid-section-content-custom-width\"><div class=\"wp-block-getwid-section__wrapper\"><div class=\"wp-block-getwid-section__inner-wrapper\" style=\"max-width:1140px\"><div class=\"wp-block-getwid-section__background-holder\"><div class=\"wp-block-getwid-section__background\"><\/div><div class=\"wp-block-getwid-section__foreground\"><\/div><\/div><div class=\"wp-block-getwid-section__content\"><div class=\"wp-block-getwid-section__inner-content\">\n<p>Aqu\u00ed te mostramos una recopilaci\u00f3n de los artesanos que puedes encontrar en el Valle de La Vansa y Tuixent , as\u00ed como del entorno cercano a Cal Gabriel . <\/p>\n\n\n\n<div class=\"wp-block-getwid-advanced-spacer\" style=\"height:40px\" aria-hidden=\"true\"><\/div>\n\n\n\n<div class=\"wp-block-columns has-2-columns is-layout-flex wp-container-core-columns-is-layout-9d6595d7 wp-block-columns-is-layout-flex\">\n<div class=\"wp-block-column is-layout-flow wp-block-column-is-layout-flow\">\n<div class=\"wp-block-getwid-section\"><div class=\"wp-block-getwid-section__wrapper getwid-padding-top-none getwid-padding-bottom-none getwid-padding-left-none getwid-padding-right-small\"><div class=\"wp-block-getwid-section__inner-wrapper\"><div class=\"wp-block-getwid-section__background-holder\"><div class=\"wp-block-getwid-section__background has-background\" style=\"background-color:#fafafa\"><\/div><div class=\"wp-block-getwid-section__foreground\"><\/div><\/div><div class=\"wp-block-getwid-section__content\"><div class=\"wp-block-getwid-section__inner-content\">\n<div class=\"wp-block-getwid-image-box has-image-left has-text-left has-mobile-layout-default has-mobile-alignment-default\"><div class=\"wp-block-getwid-image-box__image-container is-position-middle\"><div class=\"wp-block-getwid-image-box__image-wrapper\"><img fetchpriority=\"high\" decoding=\"async\" width=\"350\" height=\"400\" src=\"https:\/\/calgabriel.es\/wp-content\/uploads\/2020\/11\/ilustra_benvinguda.png\" alt=\"\" class=\"wp-block-getwid-image-box__image wp-image-2110\"\/><\/div><\/div><div class=\"wp-block-getwid-image-box__content\">\n<div class=\"wp-block-getwid-advanced-heading\" style=\"margin-bottom:10px\"><h3 class=\"wp-block-getwid-advanced-heading__content\" style=\"text-align:center\">Queser\u00eda Serrat Gros<\/h3><\/div>\n\n\n\n<p class=\"has-small-font-size\">En Josa del Cad\u00ed encontrar\u00e1s la queser\u00eda Serrat Gros, donde elaboran productos l\u00e1cteos de primera calidad de la leche de sus propias cabras. Aprovecha para visitarlas en su medio natural.<\/p>\n\n\n\n<div class=\"wp-block-buttons is-content-justification-center is-layout-flex wp-block-buttons-is-layout-flex\">\n<div class=\"wp-block-button\"><a class=\"wp-block-button__link\" href=\"http:\/\/formatgeriaserratgros.com\" target=\"_blank\" rel=\"noreferrer noopener\">Visita web<\/a><\/div>\n<\/div>\n<\/div><\/div>\n<\/div><\/div><\/div><\/div><\/div>\n<\/div>\n\n\n\n<div class=\"wp-block-column is-layout-flow wp-block-column-is-layout-flow\">\n<div class=\"wp-block-getwid-section\"><div class=\"wp-block-getwid-section__wrapper getwid-padding-top-none getwid-padding-bottom-none getwid-padding-left-none getwid-padding-right-small\"><div class=\"wp-block-getwid-section__inner-wrapper\"><div class=\"wp-block-getwid-section__background-holder\"><div class=\"wp-block-getwid-section__background has-background\" style=\"background-color:#fafafa\"><\/div><div class=\"wp-block-getwid-section__foreground\"><\/div><\/div><div class=\"wp-block-getwid-section__content\"><div class=\"wp-block-getwid-section__inner-content\">\n<div class=\"wp-block-getwid-image-box alignfull has-text-center has-mobile-layout-default has-mobile-alignment-default\"><div class=\"wp-block-getwid-image-box__image-container is-position-top\"><div class=\"wp-block-getwid-image-box__image-wrapper\"><img decoding=\"async\" width=\"240\" height=\"73\" data-src=\"https:\/\/calgabriel.es\/wp-content\/uploads\/2020\/11\/CalCasal_Logo250-verd2-1.png\" alt=\"\" class=\"wp-block-getwid-image-box__image wp-image-2112 lazyload\" src=\"data:image\/svg+xml;base64,PHN2ZyB3aWR0aD0iMSIgaGVpZ2h0PSIxIiB4bWxucz0iaHR0cDovL3d3dy53My5vcmcvMjAwMC9zdmciPjwvc3ZnPg==\" style=\"--smush-placeholder-width: 240px; --smush-placeholder-aspect-ratio: 240\/73;\" \/><\/div><\/div><div class=\"wp-block-getwid-image-box__content\">\n<div class=\"wp-block-getwid-advanced-heading\" style=\"margin-bottom:10px\"><h3 class=\"wp-block-getwid-advanced-heading__content\" style=\"text-align:center\">Mermeladas <br>Cal Casal<\/h3><\/div>\n\n\n\n<p class=\"has-small-font-size\">En Ossera, nuestro pueblo de artesanos, encontrar\u00e1s a N\u00faria en Cal Casal, donde elabora las mejores mermeladas que hayas probado nunca. Hechas con az\u00facar moreno ecol\u00f3gico, y con mucho amor, que se transmite a su resultado. M\u00e1s de 60 opciones te esperan; \u00bfcu\u00e1les elegir\u00e1s?<\/p>\n<\/div><\/div>\n\n\n\n<div style=\"height:40px\" aria-hidden=\"true\" class=\"wp-block-spacer\"><\/div>\n\n\n\n<div class=\"wp-block-buttons is-content-justification-center is-layout-flex wp-block-buttons-is-layout-flex\">\n<div class=\"wp-block-button\"><a class=\"wp-block-button__link\" href=\"https:\/\/calcasal.com\" target=\"_blank\" rel=\"noreferrer noopener\">Visitar web<\/a><\/div>\n<\/div>\n<\/div><\/div><\/div><\/div><\/div>\n<\/div>\n<\/div>\n\n\n\n<div class=\"wp-block-columns has-2-columns is-layout-flex wp-container-core-columns-is-layout-9d6595d7 wp-block-columns-is-layout-flex\">\n<div class=\"wp-block-column is-layout-flow wp-block-column-is-layout-flow\">\n<div class=\"wp-block-getwid-section\"><div class=\"wp-block-getwid-section__wrapper getwid-padding-top-none getwid-padding-bottom-none getwid-padding-left-none getwid-padding-right-small\"><div class=\"wp-block-getwid-section__inner-wrapper\"><div class=\"wp-block-getwid-section__background-holder\"><div class=\"wp-block-getwid-section__background has-background\" style=\"background-color:#fafafa\"><\/div><div class=\"wp-block-getwid-section__foreground\"><\/div><\/div><div class=\"wp-block-getwid-section__content\"><div class=\"wp-block-getwid-section__inner-content\">\n<div class=\"wp-block-getwid-image-box has-image-left has-text-center has-mobile-layout-default has-mobile-alignment-default\"><div class=\"wp-block-getwid-image-box__image-container is-position-middle\"><div class=\"wp-block-getwid-image-box__image-wrapper\"><img decoding=\"async\" width=\"290\" height=\"139\" data-src=\"https:\/\/calgabriel.es\/wp-content\/uploads\/2020\/11\/60a5cb_d51cf61a142242b69a222248948d0e62.png\" alt=\"\" class=\"wp-block-getwid-image-box__image wp-image-2117 lazyload\" src=\"data:image\/svg+xml;base64,PHN2ZyB3aWR0aD0iMSIgaGVpZ2h0PSIxIiB4bWxucz0iaHR0cDovL3d3dy53My5vcmcvMjAwMC9zdmciPjwvc3ZnPg==\" style=\"--smush-placeholder-width: 290px; --smush-placeholder-aspect-ratio: 290\/139;\" \/><\/div><\/div><div class=\"wp-block-getwid-image-box__content\">\n<div class=\"wp-block-getwid-advanced-heading\" style=\"margin-bottom:10px\"><h3 class=\"wp-block-getwid-advanced-heading__content\" style=\"text-align:center\">Herborister\u00eda<br>Cal Nogu\u00e9<\/h3><\/div>\n\n\n\n<p class=\"has-text-align-center has-small-font-size\">En Ossera, Suzette os espera en su herborister\u00eda para ofrecerle todas sus tisanas, t\u00e9s, aceites esenciales, flor seca, especias, tinturas, cosm\u00e9tica, pomadas, y un largo etc\u00e9tera. Cultiva sus propias plantas medicinales, y dispone de certificado ecol\u00f3gico por la CCPAE. Nuestra trementinaire particular.<\/p>\n\n\n\n<div style=\"height:21px\" aria-hidden=\"true\" class=\"wp-block-spacer\"><\/div>\n<\/div><\/div>\n\n\n\n<div class=\"wp-block-buttons is-content-justification-center is-layout-flex wp-block-buttons-is-layout-flex\">\n<div class=\"wp-block-button\"><a class=\"wp-block-button__link\" href=\"https:\/\/www.herbesossera.com\" target=\"_blank\" rel=\"noreferrer noopener\">Visita web<\/a><\/div>\n<\/div>\n<\/div><\/div><\/div><\/div><\/div>\n<\/div>\n\n\n\n<div class=\"wp-block-column is-layout-flow wp-block-column-is-layout-flow\">\n<div class=\"wp-block-getwid-section\"><div class=\"wp-block-getwid-section__wrapper getwid-padding-top-none getwid-padding-bottom-none getwid-padding-left-none getwid-padding-right-small\"><div class=\"wp-block-getwid-section__inner-wrapper\"><div class=\"wp-block-getwid-section__background-holder\"><div class=\"wp-block-getwid-section__background has-background\" style=\"background-color:#fafafa\"><\/div><div class=\"wp-block-getwid-section__foreground\"><\/div><\/div><div class=\"wp-block-getwid-section__content\"><div class=\"wp-block-getwid-section__inner-content\">\n<div class=\"wp-block-getwid-image-box has-image-left has-text-center has-mobile-layout-default has-mobile-alignment-default\"><div class=\"wp-block-getwid-image-box__image-container is-position-middle\"><div class=\"wp-block-getwid-image-box__image-wrapper\"><img decoding=\"async\" width=\"426\" height=\"407\" data-src=\"https:\/\/calgabriel.es\/wp-content\/uploads\/2020\/11\/Seda-Liquida-SLU-1.jpg\" alt=\"\" class=\"wp-block-getwid-image-box__image wp-image-2120 lazyload\" src=\"data:image\/svg+xml;base64,PHN2ZyB3aWR0aD0iMSIgaGVpZ2h0PSIxIiB4bWxucz0iaHR0cDovL3d3dy53My5vcmcvMjAwMC9zdmciPjwvc3ZnPg==\" style=\"--smush-placeholder-width: 426px; --smush-placeholder-aspect-ratio: 426\/407;\" \/><\/div><\/div><div class=\"wp-block-getwid-image-box__content\">\n<div class=\"wp-block-getwid-advanced-heading\" style=\"margin-bottom:10px\"><h3 class=\"wp-block-getwid-advanced-heading__content\" style=\"text-align:center\">Seda L\u00edquida<br>El Sake del Pirineo<\/h3><\/div>\n\n\n\n<p class=\"has-small-font-size\">S\u00ed, has le\u00eddo bien, en Tuixent se hace sake!! \u00bfY c\u00f3mo es esto? Antoni es un enamorado del sake y ha decidido apostar por la elaboraci\u00f3n de esta bebida japonesa en Tuixent , utilizando nuestra agua para hacer la bebida revelaci\u00f3n del Pirineo. Puede concertar visita a la bodega, de forma anticipada, y probar la bebida en Cal Gabriel !<\/p>\n<\/div><\/div>\n<\/div><\/div><\/div><\/div><\/div>\n<\/div>\n<\/div>\n\n\n\n<div class=\"wp-block-getwid-accordion has-icon-left\" data-active-element=\"none\">\n<div class=\"wp-block-getwid-accordion__header-wrapper\"><h3 class=\"wp-block-getwid-accordion__header\"><a href=\"#\"><span class=\"wp-block-getwid-accordion__header-title\">Ess\u00e8ncies de Tuixent<\/span><span class=\"wp-block-getwid-accordion__icon is-active\"><i class=\"fas fa-plus\"><\/i><\/span><span class=\"wp-block-getwid-accordion__icon is-passive\"><i class=\"fas fa-minus\"><\/i><\/span><\/a><\/h3><\/div><div class=\"wp-block-getwid-accordion__content-wrapper\"><div class=\"wp-block-getwid-accordion__content\">\n<p>Nuestra querida N\u00faria Gavald\u00e0 nos provee de las mejores esencias florales y cosm\u00e9tica natural que puedas encontrar. Es una gran conocedora del sector, con una formaci\u00f3n y calidad humana que la hacen \u00fanica. No dejes de visitarla, y estar atento a sus formaciones, imprescindibles para ampliar tus conocimientos en esencias y flores de Bach.<\/p>\n\n\n\n<div class=\"wp-block-buttons is-layout-flex wp-block-buttons-is-layout-flex\">\n<div class=\"wp-block-button\"><a class=\"wp-block-button__link\" href=\"http:\/\/www.essenciesdetuixent.com\" target=\"_blank\" rel=\"noreferrer noopener\">Visita web<\/a><\/div>\n<\/div>\n<\/div><\/div>\n\n\n\n<div class=\"wp-block-getwid-accordion__header-wrapper\"><h3 class=\"wp-block-getwid-accordion__header\"><a href=\"#\"><span class=\"wp-block-getwid-accordion__header-title\">Valentina Abadia (Pintora a Tuixent)<\/span><span class=\"wp-block-getwid-accordion__icon is-active\"><i class=\"fas fa-plus\"><\/i><\/span><span class=\"wp-block-getwid-accordion__icon is-passive\"><i class=\"fas fa-minus\"><\/i><\/span><\/a><\/h3><\/div><div class=\"wp-block-getwid-accordion__content-wrapper\"><div class=\"wp-block-getwid-accordion__content\">\n<p>Qu\u00e9 podemos decir de Valentina&#8230; es nuestra artista particular. Formada en las mejores escuelas de bellas artes, realiza todo tipo de pintura, con una realidad y una belleza que no pasan desapercibidas. Puede encontrar parte de sus obras expuestas, y a la venta, en Cal Gabriel. <\/p>\n\n\n\n<p>Y si quieres un cuadro personal, no dudes en ponerte en contacto con ella para encargarle tu obra de arte. Visita su web para conocer m\u00e1s sobre su obra.<\/p>\n\n\n\n<div class=\"wp-block-buttons is-layout-flex wp-block-buttons-is-layout-flex\">\n<div class=\"wp-block-button\"><a class=\"wp-block-button__link\" href=\"https:\/\/valentinaabadia.com\" target=\"_blank\" rel=\"noreferrer noopener\">visitar web<\/a><\/div>\n<\/div>\n<\/div><\/div>\n\n\n\n<div class=\"wp-block-getwid-accordion__header-wrapper\"><h3 class=\"wp-block-getwid-accordion__header\"><a href=\"#\"><span class=\"wp-block-getwid-accordion__header-title\">Espai Jaume (a Ossera)<\/span><span class=\"wp-block-getwid-accordion__icon is-active\"><i class=\"fas fa-plus\"><\/i><\/span><span class=\"wp-block-getwid-accordion__icon is-passive\"><i class=\"fas fa-minus\"><\/i><\/span><\/a><\/h3><\/div><div class=\"wp-block-getwid-accordion__content-wrapper\"><div class=\"wp-block-getwid-accordion__content\">\n<p>Jaume nos abre su espacio m\u00e1s personal en Ossera, una sala de exposiciones en los bajos de Cal Perlet, donde podr\u00e1s disfrutar de sus cuadros y diversos objetos pintados en el sendero que lleva a su casa. La suya es una pintura abstracta, con colores vivos y llamativos. Sus \u00f3leos, acuarelas o grabados no dejan indiferente. Si quieres descubrirlo, abre las ma\u00f1anas de los fines de semana.<\/p>\n<\/div><\/div>\n\n\n\n<div class=\"wp-block-getwid-accordion__header-wrapper\"><h3 class=\"wp-block-getwid-accordion__header\"><a href=\"#\"><span class=\"wp-block-getwid-accordion__header-title\">Cervesera del Pedrafoca (Saldes) <\/span><span class=\"wp-block-getwid-accordion__icon is-active\"><i class=\"fas fa-plus\"><\/i><\/span><span class=\"wp-block-getwid-accordion__icon is-passive\"><i class=\"fas fa-minus\"><\/i><\/span><\/a><\/h3><\/div><div class=\"wp-block-getwid-accordion__content-wrapper\"><div class=\"wp-block-getwid-accordion__content\">\n<p>Isabel y Manel elaboran la cerveza del Pedraforca, en Saldes, con agua proveniente de la monta\u00f1a emblem\u00e1tica por excelencia, el Pedraforca, que da nombre a su cerveza. Encuentra tu cerveza entre su cat\u00e1logo: rubia, tostada, negra, de cepas, cepas y miel, ipa. \u00bfCu\u00e1l te gusta m\u00e1s? Visita su obrador y tienda en Saldes.<\/p>\n\n\n\n<div class=\"wp-block-buttons is-layout-flex wp-block-buttons-is-layout-flex\">\n<div class=\"wp-block-button\"><a class=\"wp-block-button__link\" href=\"http:\/\/www.lacerveseradelpedraforca.cat\" target=\"_blank\" rel=\"noreferrer noopener\">web<\/a><\/div>\n<\/div>\n<\/div><\/div>\n\n\n\n<div class=\"wp-block-getwid-accordion__header-wrapper\"><h3 class=\"wp-block-getwid-accordion__header\"><a href=\"#\"><span class=\"wp-block-getwid-accordion__header-title\">Granja Buful\u00e0 (Vallcebre)<\/span><span class=\"wp-block-getwid-accordion__icon is-active\"><i class=\"fas fa-plus\"><\/i><\/span><span class=\"wp-block-getwid-accordion__icon is-passive\"><i class=\"fas fa-minus\"><\/i><\/span><\/a><\/h3><\/div><div class=\"wp-block-getwid-accordion__content-wrapper\"><div class=\"wp-block-getwid-accordion__content\">\n<p>Granja para la cr\u00eda de ovejas y pollos ubicada en Vallcebre. La historia comienza en el a\u00f1o 2018, cuando Berta y Enric deciden dedicarse a la ganader\u00eda, con valores muy claros de bienestar animal, ganader\u00eda extensiva que beneficiaba tanto a los animales como al entorno, y respeto por el medio ambiente . Adem\u00e1s de comprar sus productos, es posible realizar visitas concertadas y actividades relacionadas con la ganader\u00eda. Una buena forma de vivir de primera mano la experiencia de vida rural y ganadera de la zona.<\/p>\n\n\n\n<div class=\"wp-block-buttons is-layout-flex wp-block-buttons-is-layout-flex\">\n<div class=\"wp-block-button\"><a class=\"wp-block-button__link\" href=\"http:\/\/www.granjabufula.com\" target=\"_blank\" rel=\"noreferrer noopener\">WEB<\/a><\/div>\n<\/div>\n<\/div><\/div>\n\n\n\n<div class=\"wp-block-getwid-accordion__header-wrapper\"><h3 class=\"wp-block-getwid-accordion__header\"><a href=\"#\"><span class=\"wp-block-getwid-accordion__header-title\">Formatgeria Valette (Sant Lloren\u00e7 de Morunys)<\/span><span class=\"wp-block-getwid-accordion__icon is-active\"><i class=\"fas fa-plus\"><\/i><\/span><span class=\"wp-block-getwid-accordion__icon is-passive\"><i class=\"fas fa-minus\"><\/i><\/span><\/a><\/h3><\/div><div class=\"wp-block-getwid-accordion__content-wrapper\"><div class=\"wp-block-getwid-accordion__content\">\n<p>A s\u00f3lo 20 minutos de Tuixent encuentras la queser\u00eda Valette, en Sant Lloren\u00e7 de Morunys, donde Clara elabora el mejor queso artesano madurado de leche cruda de oveja. No s\u00f3lo lo decimos nosotros, tambi\u00e9n nuestros clientes que le valoran como uno de los mejores que han probado nunca, y los diferentes premios y reconocimientos que ha obtenido en ferias de quesos artesanos.<\/p>\n\n\n\n<div class=\"wp-block-buttons is-layout-flex wp-block-buttons-is-layout-flex\">\n<div class=\"wp-block-button\"><a class=\"wp-block-button__link\" href=\"http:\/\/www.valette.cat\" target=\"_blank\" rel=\"noreferrer noopener\">visitar web<\/a><\/div>\n<\/div>\n<\/div><\/div>\n\n\n\n<div class=\"wp-block-getwid-accordion__header-wrapper\"><h3 class=\"wp-block-getwid-accordion__header\"><a href=\"#\"><span class=\"wp-block-getwid-accordion__header-title\">Formatgeria l&#8217;Abadessa (La Seu d&#8217;Urgell)<\/span><span class=\"wp-block-getwid-accordion__icon is-active\"><i class=\"fas fa-plus\"><\/i><\/span><span class=\"wp-block-getwid-accordion__icon is-passive\"><i class=\"fas fa-minus\"><\/i><\/span><\/a><\/h3><\/div><div class=\"wp-block-getwid-accordion__content-wrapper\"><div class=\"wp-block-getwid-accordion__content\">\n<p>En la Seu d&#8217;Urgell os espera Judit, en la queser\u00eda Abadessa, en medio de la ciudad medieval. Un placer probar sus quesos de vaca raza Bruna, as\u00ed como los de cabra. Judit tiene una formaci\u00f3n quesera que hace que sus productos sean un estallido de sabor en nuestro paladar y una calidad que los hacen inimitables. <\/p>\n\n\n\n<div class=\"wp-block-buttons is-layout-flex wp-block-buttons-is-layout-flex\">\n<div class=\"wp-block-button\"><a class=\"wp-block-button__link\" href=\"https:\/\/abadessa.cat\" target=\"_blank\" rel=\"noreferrer noopener\">web<\/a><\/div>\n<\/div>\n<\/div><\/div>\n\n\n\n<div class=\"wp-block-getwid-accordion__header-wrapper\"><h3 class=\"wp-block-getwid-accordion__header\"><a href=\"#\"><span class=\"wp-block-getwid-accordion__header-title\">L&#8217;inf\u00fas (La Seu d&#8217;Urgell)<\/span><span class=\"wp-block-getwid-accordion__icon is-active\"><i class=\"fas fa-plus\"><\/i><\/span><span class=\"wp-block-getwid-accordion__icon is-passive\"><i class=\"fas fa-minus\"><\/i><\/span><\/a><\/h3><\/div><div class=\"wp-block-getwid-accordion__content-wrapper\"><div class=\"wp-block-getwid-accordion__content\">\n<p>Infusiones y t\u00e9s de todo tipo y elaboraciones propias y exclusivas hechas por Vicky, una experta en tisanas con una s\u00f3lida formaci\u00f3n. S\u00f3lo en la Seu puedes encontrar tanta variedad de producto y creaciones propias, todas ellas con el sello de producto ecol\u00f3gico. Te avisamos por adelantado: \u00a1no sabr\u00e1s cu\u00e1l elegir! Pero tranquilos, que en Cal Gabriel os podemos asesorar. Por cierto, \u00bfsabes que tenemos dos tisanas propias elaboradas por l&#8217;Inf\u00fas, que s\u00f3lo puedes encontrar en nuestra casa? Teniendo a Vicky y Marc tan cerca no nos hemos podido resistir.<\/p>\n\n\n\n<div class=\"wp-block-buttons is-layout-flex wp-block-buttons-is-layout-flex\">\n<div class=\"wp-block-button\"><a class=\"wp-block-button__link\" href=\"https:\/\/linfus.cat\" target=\"_blank\" rel=\"noreferrer noopener\">VISITAR WEB<\/a><\/div>\n<\/div>\n<\/div><\/div>\n\n\n\n<div class=\"wp-block-getwid-accordion__header-wrapper\"><h3 class=\"wp-block-getwid-accordion__header\"><a href=\"#\"><span class=\"wp-block-getwid-accordion__header-title\">Cal Margarit: cosm\u00e8tica natural (Montant de Tost)<\/span><span class=\"wp-block-getwid-accordion__icon is-active\"><i class=\"fas fa-plus\"><\/i><\/span><span class=\"wp-block-getwid-accordion__icon is-passive\"><i class=\"fas fa-minus\"><\/i><\/span><\/a><\/h3><\/div><div class=\"wp-block-getwid-accordion__content-wrapper\"><div class=\"wp-block-getwid-accordion__content\">\n<p>Xell y Joan, productores y destiladores de lavanda, os esperan en Montant de Tost para mostraros sus campos de lavanda, y descubrir el proceso de destilaci\u00f3n y elaboraci\u00f3n de productos cosm\u00e9ticos e higi\u00e9nicos con este aceite esencial tan especial. Cuando te laves las manos en Cal Gabriel, tendr\u00e1s el placer de sentir la naturaleza en tus manos gracias al jab\u00f3n de Cal Margarit. <\/p>\n\n\n\n<p>Adem\u00e1s tambi\u00e9n son productores de patatas, trufas, y ofrecen cerveza artesana con su lavanda. \u00a1Una pareja incansable! \u00a1No dejes de visitarlos!<\/p>\n\n\n\n<div class=\"wp-block-buttons is-layout-flex wp-block-buttons-is-layout-flex\">\n<div class=\"wp-block-button\"><a class=\"wp-block-button__link\" href=\"https:\/\/feixescalmargarit.com\" target=\"_blank\" rel=\"noreferrer noopener\">WEB<\/a><\/div>\n<\/div>\n<\/div><\/div>\n\n\n\n<div class=\"wp-block-getwid-accordion__header-wrapper\"><h3 class=\"wp-block-getwid-accordion__header\"><a href=\"#\"><span class=\"wp-block-getwid-accordion__header-title\">Embotits Obach (Organy\u00e0)<\/span><span class=\"wp-block-getwid-accordion__icon is-active\"><i class=\"fas fa-plus\"><\/i><\/span><span class=\"wp-block-getwid-accordion__icon is-passive\"><i class=\"fas fa-minus\"><\/i><\/span><\/a><\/h3><\/div><div class=\"wp-block-getwid-accordion__content-wrapper\"><div class=\"wp-block-getwid-accordion__content\">\n<p>Si hablamos de embutidos, de calidad, y de tradici\u00f3n, sin lugar a dudas s\u00f3lo podemos estar hablando de embutidos Obach, en Organy\u00e0. M\u00e1s de 100 a\u00f1os de historia avalan sus productos y su saber hacer. Elaborados con materia prima de calidad, siguiendo la tradici\u00f3n, garantizan un producto final para chuparse los dedos. Embutidos curados, bulls, frescos, quesos, pat\u00e9s, postres, todo para llevarte un buen sabor de boca a tu casa.<\/p>\n\n\n\n<div class=\"wp-block-buttons is-layout-flex wp-block-buttons-is-layout-flex\">\n<div class=\"wp-block-button\"><a class=\"wp-block-button__link\" href=\"https:\/\/embotitsobach.com\" target=\"_blank\" rel=\"noreferrer noopener\">web<\/a><\/div>\n<\/div>\n\n\n\n<p><\/p>\n<\/div><\/div>\n\n\n\n<div class=\"wp-block-getwid-accordion__header-wrapper\"><h3 class=\"wp-block-getwid-accordion__header\"><a href=\"#\"><span class=\"wp-block-getwid-accordion__header-title\">Embotits Espu\u00f1es (Organy\u00e0)<\/span><span class=\"wp-block-getwid-accordion__icon is-active\"><i class=\"fas fa-plus\"><\/i><\/span><span class=\"wp-block-getwid-accordion__icon is-passive\"><i class=\"fas fa-minus\"><\/i><\/span><\/a><\/h3><\/div><div class=\"wp-block-getwid-accordion__content-wrapper\"><div class=\"wp-block-getwid-accordion__content\">\n<p>En Organy\u00e0, adem\u00e1s de las homil\u00edas, se puede encontrar la f\u00e1brica de embutidos Espu\u00f1es, que llevan desde 1989 elaborando embutidos de calidad y aptos para cel\u00edacos e intolerantes a la lactosa. Elaborados de forma artesana, cuidando del proceso para tener un producto final excelente. Cocidos, curados y frescos, todos esperando a que te los lleves a casa para disfrutar. S\u00ed, son los que os ponemos en los desayunos de Cal Gabriel y que tanto os han gustado \ud83d\ude09<\/p>\n\n\n\n<div class=\"wp-block-buttons is-layout-flex wp-block-buttons-is-layout-flex\">\n<div class=\"wp-block-button\"><a class=\"wp-block-button__link\" href=\"http:\/\/espunyes.es\" target=\"_blank\" rel=\"noreferrer noopener\">web<\/a><\/div>\n<\/div>\n<\/div><\/div>\n\n\n\n<div class=\"wp-block-getwid-accordion__header-wrapper\"><h3 class=\"wp-block-getwid-accordion__header\"><a href=\"#\"><span class=\"wp-block-getwid-accordion__header-title\">La Reula: productes l\u00e0ctics (F\u00edgols d&#8217;Organy\u00e0)<\/span><span class=\"wp-block-getwid-accordion__icon is-active\"><i class=\"fas fa-plus\"><\/i><\/span><span class=\"wp-block-getwid-accordion__icon is-passive\"><i class=\"fas fa-minus\"><\/i><\/span><\/a><\/h3><\/div><div class=\"wp-block-getwid-accordion__content-wrapper\"><div class=\"wp-block-getwid-accordion__content\">\n<p>Granja familiar ubicada en F\u00edgols d&#8217;Organy\u00e0, reconvertida para la producci\u00f3n de productos l\u00e1cteos. Disponen de su propio reba\u00f1o de vacas que les abastece de la leche fresca necesaria para elaborar productos artesanos de primera calidad: yougurts, cremas, reques\u00f3n, queso fresco y nata. \u00a1Y con certificaci\u00f3n ecol\u00f3gica! Adem\u00e1s de comprar sus productos, tambi\u00e9n es posible visitar sus instalaciones para conocer de primera mano todo el proceso, desde la obtenci\u00f3n de leche hasta el producto final. \u00a1Vis\u00edtales y te enamorar\u00e1s!<\/p>\n\n\n\n<div class=\"wp-block-buttons is-layout-flex wp-block-buttons-is-layout-flex\">\n<div class=\"wp-block-button\"><a class=\"wp-block-button__link\" href=\"http:\/\/lareula.cat\" target=\"_blank\" rel=\"noreferrer noopener\">web<\/a><\/div>\n<\/div>\n<\/div><\/div>\n<\/div>\n<\/div><\/div><\/div><\/div><\/div>\n\n<p><\/p>\n","protected":false},"excerpt":{"rendered":"La esencia del Valle y de su entorno, en los productos de elaboraci\u00f3n local. Ll\u00e9vate un poco de nuestra casa a tu casa.","protected":false},"author":1,"featured_media":0,"parent":6539,"menu_order":0,"comment_status":"closed","ping_status":"closed","template":"","meta":{"inline_featured_image":false,"_joinchat":[],"footnotes":""},"class_list":["post-6498","page","type-page","status-publish","hentry"],"aioseo_notices":[],"_links":{"self":[{"href":"https:\/\/calgabriel.es\/es\/wp-json\/wp\/v2\/pages\/6498","targetHints":{"allow":["GET"]}}],"collection":[{"href":"https:\/\/calgabriel.es\/es\/wp-json\/wp\/v2\/pages"}],"about":[{"href":"https:\/\/calgabriel.es\/es\/wp-json\/wp\/v2\/types\/page"}],"author":[{"embeddable":true,"href":"https:\/\/calgabriel.es\/es\/wp-json\/wp\/v2\/users\/1"}],"replies":[{"embeddable":true,"href":"https:\/\/calgabriel.es\/es\/wp-json\/wp\/v2\/comments?post=6498"}],"version-history":[{"count":3,"href":"https:\/\/calgabriel.es\/es\/wp-json\/wp\/v2\/pages\/6498\/revisions"}],"predecessor-version":[{"id":6591,"href":"https:\/\/calgabriel.es\/es\/wp-json\/wp\/v2\/pages\/6498\/revisions\/6591"}],"up":[{"embeddable":true,"href":"https:\/\/calgabriel.es\/es\/wp-json\/wp\/v2\/pages\/6539"}],"wp:attachment":[{"href":"https:\/\/calgabriel.es\/es\/wp-json\/wp\/v2\/media?parent=6498"}],"curies":[{"name":"wp","href":"https:\/\/api.w.org\/{rel}","templated":true}]}}