{"id":6750,"date":"2021-01-21T22:41:15","date_gmt":"2021-01-21T22:41:15","guid":{"rendered":"https:\/\/calgabriel.es\/route-of-the-romanesque\/"},"modified":"2023-02-25T23:30:53","modified_gmt":"2023-02-25T23:30:53","slug":"route-of-the-romanesque","status":"publish","type":"page","link":"https:\/\/calgabriel.es\/en\/route-of-the-romanesque\/","title":{"rendered":"Romanesque route in the Valley"},"content":{"rendered":"\n<p>One of the main characteristics of the historical and architectural ensemble in Alt Urgell is the Romanesque, and in our valleys we find a very important number of churches of this style, and altarpieces from the Gothic period, forming a unique altarpiece set which is still spoken in its original place after the Civil War. We propose a Romanesque route through our valleys.<\/p>\n\n<p>Romanesque is characterized by churches of low height, narrow windows, rounded apses at the back, wide walls and semicircular arches. But what better way to distinguish them than to meet them in person? We make a collection of the different Romanesque churches and hermitages in the Vall de la Vansa and Tuixent, with their characteristics and Gothic altarpieces that you will find. The list is in order to be able to create your Romanesque route.<\/p>\n\n<div class=\"wp-block-getwid-accordion has-icon-left\" data-active-element=\"none\">\n<div class=\"wp-block-getwid-accordion__header-wrapper\"><h4 class=\"wp-block-getwid-accordion__header\"><a href=\"#\"><span class=\"wp-block-getwid-accordion__header-title\">Ermita Santa Maria de Josa<\/span><span class=\"wp-block-getwid-accordion__icon is-active\"><i class=\"fas fa-plus\"><\/i><\/span><span class=\"wp-block-getwid-accordion__icon is-passive\"><i class=\"fas fa-minus\"><\/i><\/span><\/a><\/h4><\/div><div class=\"wp-block-getwid-accordion__content-wrapper\"><div class=\"wp-block-getwid-accordion__content\">\n<p><strong>Location<\/strong> : On the outskirts of Josa de Cad\u00ed.<\/p>\n\n\n\n<p><strong>Date<\/strong> : 12th century<\/p>\n\n\n\n<p><strong>Characteristics<\/strong> : A covered ship with barrel vault. Semicircular apse with central window and buttress. Bell tower with a single opening<\/p>\n\n\n<div class=\"wp-block-image\">\n<figure class=\"aligncenter size-large is-resized\"><img fetchpriority=\"high\" decoding=\"async\" src=\"https:\/\/upload.wikimedia.org\/wikipedia\/commons\/thumb\/9\/9d\/St.Maria_26_0585.jpg\/300px-St.Maria_26_0585.jpg\" alt=\"Hermitage Santa Maria de Josa de Cad&#xED;\" width=\"408\" height=\"272\"\/><figcaption class=\"wp-element-caption\">Hermitage of Santa Maria de Josa<\/figcaption><\/figure><\/div><\/div><\/div>\n\n\n\n<div class=\"wp-block-getwid-accordion__header-wrapper\"><h4 class=\"wp-block-getwid-accordion__header\"><a href=\"#\"><span class=\"wp-block-getwid-accordion__header-title\">Esgl\u00e9sia Sant Bernab\u00e9 de Josa<\/span><span class=\"wp-block-getwid-accordion__icon is-active\"><i class=\"fas fa-plus\"><\/i><\/span><span class=\"wp-block-getwid-accordion__icon is-passive\"><i class=\"fas fa-minus\"><\/i><\/span><\/a><\/h4><\/div><div class=\"wp-block-getwid-accordion__content-wrapper\"><div class=\"wp-block-getwid-accordion__content\">\n<p><strong>Location<\/strong> : Josa de Cad\u00ed.<\/p>\n\n\n\n<p><strong>Date<\/strong> : 19th century<\/p>\n\n\n\n<p><strong>Characteristics<\/strong> : Rectangular plan with three naves separated by arches on cruciform pillars. Square-based belfry with four semi-circular windows. Built on the remains of the castle of Josa.<\/p>\n\n\n<div class=\"wp-block-image\">\n<figure class=\"aligncenter size-large is-resized\"><img decoding=\"async\" data-src=\"https:\/\/3.bp.blogspot.com\/-O1hcEyWuNnQ\/UxILP2GygDI\/AAAAAAAAMO8\/Nm1CYf8UhnM\/s1600\/P1130978.JPG\" alt=\"\" width=\"492\" height=\"369\" src=\"data:image\/svg+xml;base64,PHN2ZyB3aWR0aD0iMSIgaGVpZ2h0PSIxIiB4bWxucz0iaHR0cDovL3d3dy53My5vcmcvMjAwMC9zdmciPjwvc3ZnPg==\" class=\"lazyload\" style=\"--smush-placeholder-width: 492px; --smush-placeholder-aspect-ratio: 492\/369;\" \/><figcaption class=\"wp-element-caption\">Church of Santa Maria and Sant Bernab\u00e9 in Josa de Cad\u00ed<\/figcaption><\/figure><\/div><\/div><\/div>\n\n\n\n<div class=\"wp-block-getwid-accordion__header-wrapper\"><h4 class=\"wp-block-getwid-accordion__header\"><a href=\"#\"><span class=\"wp-block-getwid-accordion__header-title\">Ermita de Sant Jaume (Tuixent)<\/span><span class=\"wp-block-getwid-accordion__icon is-active\"><i class=\"fas fa-plus\"><\/i><\/span><span class=\"wp-block-getwid-accordion__icon is-passive\"><i class=\"fas fa-minus\"><\/i><\/span><\/a><\/h4><\/div><div class=\"wp-block-getwid-accordion__content-wrapper\"><div class=\"wp-block-getwid-accordion__content\">\n<p><strong>Location<\/strong> : Carretera de Josa to Tuixent.<\/p>\n\n\n\n<p><strong>Date<\/strong> : 993. Restored in 1983<\/p>\n\n\n\n<p><strong>Characteristics<\/strong> : A single floor, about ten meters long, located next to the river. Gable roof of tile. Semicircular apse. A single window<\/p>\n\n\n<div class=\"wp-block-image is-style-default\">\n<figure class=\"aligncenter size-large\"><img decoding=\"async\" data-src=\"http:\/\/www.alturgell.cat\/sites\/default\/files\/BCIL-Esglesia-St-Jaume-Tuixent.jpg\" alt=\"Hermitage of Sant Jaume\" src=\"data:image\/svg+xml;base64,PHN2ZyB3aWR0aD0iMSIgaGVpZ2h0PSIxIiB4bWxucz0iaHR0cDovL3d3dy53My5vcmcvMjAwMC9zdmciPjwvc3ZnPg==\" class=\"lazyload\" \/><figcaption class=\"wp-element-caption\">Hermitage Sant Jaume de Tuixent<\/figcaption><\/figure><\/div><\/div><\/div>\n\n\n\n<div class=\"wp-block-getwid-accordion__header-wrapper\"><h4 class=\"wp-block-getwid-accordion__header\"><a href=\"#\"><span class=\"wp-block-getwid-accordion__header-title\">Esgl\u00e9sia de Sant Esteve de Tuixent<\/span><span class=\"wp-block-getwid-accordion__icon is-active\"><i class=\"fas fa-plus\"><\/i><\/span><span class=\"wp-block-getwid-accordion__icon is-passive\"><i class=\"fas fa-minus\"><\/i><\/span><\/a><\/h4><\/div><div class=\"wp-block-getwid-accordion__content-wrapper\"><div class=\"wp-block-getwid-accordion__content\">\n<p><strong>Location<\/strong> : Municipality of Tuixent.<\/p>\n\n\n\n<p><strong>Date<\/strong> : XI century<\/p>\n\n\n\n<p><strong>Characteristics<\/strong> : A single covered nave with barrel vault and side chapels. Gate with semicircular arch. Bell tower with a square plan, in the past it ended in a spike but was burned by the impact of lightning. It preserves a polychrome Romanesque carving dating from the 12th century and the altarpiece of Sant Mart\u00ed from 1577, painted by the mysterious <a href=\"https:\/\/calgabriel.es\/en\/el-mestre-de-tuixent\/\" target=\"_blank\" rel=\"noopener\" title=\"El Mestre de Tuixent: retaulista del segle XVI\">&#8220;Master of Tuixent&#8221;<\/a>.<\/p>\n\n\n<div class=\"wp-block-image\">\n<figure class=\"aligncenter size-large is-resized\"><img decoding=\"async\" data-src=\"http:\/\/alturgell.orgfree.com\/Esteve_Tuixen.jpg\" alt=\"\" width=\"315\" height=\"484\" src=\"data:image\/svg+xml;base64,PHN2ZyB3aWR0aD0iMSIgaGVpZ2h0PSIxIiB4bWxucz0iaHR0cDovL3d3dy53My5vcmcvMjAwMC9zdmciPjwvc3ZnPg==\" class=\"lazyload\" style=\"--smush-placeholder-width: 315px; --smush-placeholder-aspect-ratio: 315\/484;\" \/><figcaption class=\"wp-element-caption\">Sant Esteve de Tuixent<\/figcaption><\/figure><\/div><\/div><\/div>\n\n\n\n<div class=\"wp-block-getwid-accordion__header-wrapper\"><h4 class=\"wp-block-getwid-accordion__header\"><a href=\"#\"><span class=\"wp-block-getwid-accordion__header-title\">Ermita de Sant Jaume de F\u00f3rnols<\/span><span class=\"wp-block-getwid-accordion__icon is-active\"><i class=\"fas fa-plus\"><\/i><\/span><span class=\"wp-block-getwid-accordion__icon is-passive\"><i class=\"fas fa-minus\"><\/i><\/span><\/a><\/h4><\/div><div class=\"wp-block-getwid-accordion__content-wrapper\"><div class=\"wp-block-getwid-accordion__content\">\n<p><strong><strong>Location<\/strong> :<\/strong> Around F\u00f3rnols. To get there you need to take a track after the municipality of Montargull.<\/p>\n\n\n\n<p><strong>Date<\/strong> : 12th century<\/p>\n\n\n\n<p><strong>Characteristic<\/strong> : Isolated hermitage. Romanesque construction of a single covered nave with barrel vault and semicircular apse. Espada\u00f1a of a single opening. It has Joys intended for the Virgin Mary of Sant Jaume.<\/p>\n\n\n<div class=\"wp-block-image\">\n<figure class=\"aligncenter size-large\"><img decoding=\"async\" data-src=\"https:\/\/upload.wikimedia.org\/wikipedia\/commons\/thumb\/c\/cd\/Sant_Jaume_de_F&#xF3;rnols%2C_fa&#xE7;ana_sud.JPG\/800px-Sant_Jaume_de_F&#xF3;rnols%2C_fa&#xE7;ana_sud.JPG\" alt=\"\" src=\"data:image\/svg+xml;base64,PHN2ZyB3aWR0aD0iMSIgaGVpZ2h0PSIxIiB4bWxucz0iaHR0cDovL3d3dy53My5vcmcvMjAwMC9zdmciPjwvc3ZnPg==\" class=\"lazyload\" \/><figcaption class=\"wp-element-caption\">Hermitage of Sant Jaume de F\u00f3rnols<\/figcaption><\/figure><\/div><\/div><\/div>\n\n\n\n<div class=\"wp-block-getwid-accordion__header-wrapper\"><h4 class=\"wp-block-getwid-accordion__header\"><a href=\"#\"><span class=\"wp-block-getwid-accordion__header-title\">Sant Mart\u00ed de la Vansa<\/span><span class=\"wp-block-getwid-accordion__icon is-active\"><i class=\"fas fa-plus\"><\/i><\/span><span class=\"wp-block-getwid-accordion__icon is-passive\"><i class=\"fas fa-minus\"><\/i><\/span><\/a><\/h4><\/div><div class=\"wp-block-getwid-accordion__content-wrapper\"><div class=\"wp-block-getwid-accordion__content\">\n<p><strong>Location:<\/strong> Sorribes de la Vansa<\/p>\n\n\n\n<p><strong>Characteristics:<\/strong> A rectangular nave covered with a barrel vault. Square bell tower. Here is preserved the great altarpiece of Sant Juli\u00e0 dels Garrics, work from the end of the 16th century.<\/p>\n\n\n<div class=\"wp-block-image\">\n<figure class=\"aligncenter size-large\"><img decoding=\"async\" data-src=\"https:\/\/upload.wikimedia.org\/wikipedia\/commons\/thumb\/f\/f5\/SANT_MART&#xCD;_DE_SORRIBES_-_LA_VANSA_-_IB-150.JPG\/300px-SANT_MART&#xCD;_DE_SORRIBES_-_LA_VANSA_-_IB-150.JPG\" alt=\"\" src=\"data:image\/svg+xml;base64,PHN2ZyB3aWR0aD0iMSIgaGVpZ2h0PSIxIiB4bWxucz0iaHR0cDovL3d3dy53My5vcmcvMjAwMC9zdmciPjwvc3ZnPg==\" class=\"lazyload\" \/><figcaption class=\"wp-element-caption\">Sant Mart\u00ed de Sorribes<\/figcaption><\/figure><\/div><\/div><\/div>\n\n\n\n<div class=\"wp-block-getwid-accordion__header-wrapper\"><h4 class=\"wp-block-getwid-accordion__header\"><a href=\"#\"><span class=\"wp-block-getwid-accordion__header-title\">Esgl\u00e9sia Sant Pere de la Vansa<\/span><span class=\"wp-block-getwid-accordion__icon is-active\"><i class=\"fas fa-plus\"><\/i><\/span><span class=\"wp-block-getwid-accordion__icon is-passive\"><i class=\"fas fa-minus\"><\/i><\/span><\/a><\/h4><\/div><div class=\"wp-block-getwid-accordion__content-wrapper\"><div class=\"wp-block-getwid-accordion__content\">\n<p><strong>Location<\/strong> : Sant Pere de la Vansa<\/p>\n\n\n\n<p><strong>Date<\/strong> : 1031<\/p>\n\n\n\n<p><strong>Characteristics<\/strong> : A covered ship with barrel vault. half dot window Apse deepened and raised. Two-eyed bell tower with an addition for a third bell.<\/p>\n\n\n<div class=\"wp-block-image\">\n<figure class=\"aligncenter size-large is-resized\"><img decoding=\"async\" data-src=\"http:\/\/www.cadivacances.com\/wp-content\/uploads\/Sant_Pere_de_La_Vansa_Entrada-2-560x420.jpeg\" alt=\"\" width=\"433\" height=\"325\" src=\"data:image\/svg+xml;base64,PHN2ZyB3aWR0aD0iMSIgaGVpZ2h0PSIxIiB4bWxucz0iaHR0cDovL3d3dy53My5vcmcvMjAwMC9zdmciPjwvc3ZnPg==\" class=\"lazyload\" style=\"--smush-placeholder-width: 433px; --smush-placeholder-aspect-ratio: 433\/325;\" \/><figcaption class=\"wp-element-caption\">Sant Pere de la Vansa<\/figcaption><\/figure><\/div><\/div><\/div>\n\n\n\n<div class=\"wp-block-getwid-accordion__header-wrapper\"><h4 class=\"wp-block-getwid-accordion__header\"><a href=\"#\"><span class=\"wp-block-getwid-accordion__header-title\">Esgl\u00e9sia de Sant Quirze i Santa Julita d&#8217;Ossera<\/span><span class=\"wp-block-getwid-accordion__icon is-active\"><i class=\"fas fa-plus\"><\/i><\/span><span class=\"wp-block-getwid-accordion__icon is-passive\"><i class=\"fas fa-minus\"><\/i><\/span><\/a><\/h4><\/div><div class=\"wp-block-getwid-accordion__content-wrapper\"><div class=\"wp-block-getwid-accordion__content\">\n<p><strong>Location<\/strong> : Ossera<\/p>\n\n\n\n<p><strong>Date<\/strong> : 17th century<\/p>\n\n\n\n<p><strong>Characteristics<\/strong> : Small in size, only 5 meters wide. A single nave with a semicircular apse and vaulted roof; has lateral buttresses. Bell bell with two unequal eyes. Inside you can find the Gothic altarpiece of Sant Mart\u00ed, which was hidden by the neighbors during the Civil War, which has been restored and re-placed on the high altar.<\/p>\n\n\n<div class=\"wp-block-image\">\n<figure class=\"aligncenter size-large is-resized\"><img decoding=\"async\" data-src=\"https:\/\/www.cataloniasacra.cat\/data\/llocs\/fotos\/613_1.jpg\" alt=\"\" width=\"528\" height=\"396\" src=\"data:image\/svg+xml;base64,PHN2ZyB3aWR0aD0iMSIgaGVpZ2h0PSIxIiB4bWxucz0iaHR0cDovL3d3dy53My5vcmcvMjAwMC9zdmciPjwvc3ZnPg==\" class=\"lazyload\" style=\"--smush-placeholder-width: 528px; --smush-placeholder-aspect-ratio: 528\/396;\" \/><figcaption class=\"wp-element-caption\">Church of Sant Quirze and Santa Julita d&#8217;Ossera<\/figcaption><\/figure><\/div><\/div><\/div>\n\n\n\n<div class=\"wp-block-getwid-accordion__header-wrapper\"><h4 class=\"wp-block-getwid-accordion__header\"><a href=\"#\"><span class=\"wp-block-getwid-accordion__header-title\">Esglesiola de Sant Antoni (Colldarnat)<\/span><span class=\"wp-block-getwid-accordion__icon is-active\"><i class=\"fas fa-plus\"><\/i><\/span><span class=\"wp-block-getwid-accordion__icon is-passive\"><i class=\"fas fa-minus\"><\/i><\/span><\/a><\/h4><\/div><div class=\"wp-block-getwid-accordion__content-wrapper\"><div class=\"wp-block-getwid-accordion__content\">\n<p><strong>Location<\/strong> : Colldarnat.<\/p>\n\n\n\n<p><strong>Characteristic<\/strong> : Rectangular chapel with barrel-vaulted roof. A bull&#8217;s eye over the entrance and a belfry without a bell. Tiled roof The altar and the niche of the Saint can still be found.<\/p>\n\n\n<div class=\"wp-block-image\">\n<figure class=\"aligncenter size-large\"><img decoding=\"async\" data-src=\"https:\/\/3.bp.blogspot.com\/-u9ldHHu-zPc\/UfpRYVtrQ-I\/AAAAAAAAJkY\/_xsRF22qinU\/s1600\/P1050829.JPG\" alt=\"\" src=\"data:image\/svg+xml;base64,PHN2ZyB3aWR0aD0iMSIgaGVpZ2h0PSIxIiB4bWxucz0iaHR0cDovL3d3dy53My5vcmcvMjAwMC9zdmciPjwvc3ZnPg==\" class=\"lazyload\" \/><figcaption class=\"wp-element-caption\">Sant Antoni de Colldarnat<\/figcaption><\/figure><\/div><\/div><\/div>\n\n\n\n<div class=\"wp-block-getwid-accordion__header-wrapper\"><h4 class=\"wp-block-getwid-accordion__header\"><a href=\"#\"><span class=\"wp-block-getwid-accordion__header-title\">Esgl\u00e9sia Sant Fruit\u00f3s de l&#8217;Espluga<\/span><span class=\"wp-block-getwid-accordion__icon is-active\"><i class=\"fas fa-plus\"><\/i><\/span><span class=\"wp-block-getwid-accordion__icon is-passive\"><i class=\"fas fa-minus\"><\/i><\/span><\/a><\/h4><\/div><div class=\"wp-block-getwid-accordion__content-wrapper\"><div class=\"wp-block-getwid-accordion__content\">\n<p><strong>Location<\/strong> : Near Barceloneta and Colldarnat<\/p>\n\n\n\n<p><strong>Date<\/strong> : 11th century<\/p>\n\n\n\n<p><strong>Characteristics<\/strong> : Rectangular nave attached to a slightly trapezoidal sanctuary. Romanesque and pre-Romanesque style. It has been quite modified, it is located on a hill with good views of the Lavansa river.<\/p>\n\n\n<div class=\"wp-block-image\">\n<figure class=\"aligncenter size-large is-resized\"><img decoding=\"async\" data-src=\"https:\/\/upload.wikimedia.org\/wikipedia\/commons\/thumb\/7\/77\/Cal_Valent%C3%AD_%28antiga%29.JPG\/800px-Cal_Valent%C3%AD_%28antiga%29.JPG\" alt=\"\" width=\"617\" height=\"425\" src=\"data:image\/svg+xml;base64,PHN2ZyB3aWR0aD0iMSIgaGVpZ2h0PSIxIiB4bWxucz0iaHR0cDovL3d3dy53My5vcmcvMjAwMC9zdmciPjwvc3ZnPg==\" class=\"lazyload\" style=\"--smush-placeholder-width: 617px; --smush-placeholder-aspect-ratio: 617\/425;\" \/><figcaption class=\"wp-element-caption\">Sant Fruit\u00f3s de l&#8217;Espluga Church<\/figcaption><\/figure><\/div><\/div><\/div>\n\n\n\n<div class=\"wp-block-getwid-accordion__header-wrapper\"><h4 class=\"wp-block-getwid-accordion__header\"><a href=\"#\"><span class=\"wp-block-getwid-accordion__header-title\">Sant Juli\u00e0 dels Garrics (Sisquer)<\/span><span class=\"wp-block-getwid-accordion__icon is-active\"><i class=\"fas fa-plus\"><\/i><\/span><span class=\"wp-block-getwid-accordion__icon is-passive\"><i class=\"fas fa-minus\"><\/i><\/span><\/a><\/h4><\/div><div class=\"wp-block-getwid-accordion__content-wrapper\"><div class=\"wp-block-getwid-accordion__content\">\n<p><strong>Location:<\/strong> Near Sisquer.<\/p>\n\n\n\n<p><strong>Date:<\/strong> XI and XII century<\/p>\n\n\n\n<p><strong>Characteristics:<\/strong> A single nave with semicircular apse and barrel vault. Two-eyed warbler. The most characteristic feature of the building is the south facade ornamented in six series of two Lombard arches between pilasters made of pumice stone and two double-slit windows. The altarpiece is preserved in the church of Sant Mart\u00ed in Sorribes de la Vansa. <a href=\"https:\/\/ca.wikipedia.org\/wiki\/Sant_Juli%C3%A0_dels_Garrics\" target=\"_blank\" rel=\"noreferrer noopener\">More features<\/a> .<\/p>\n\n\n<div class=\"wp-block-image\">\n<figure class=\"aligncenter size-large is-resized\"><img decoding=\"async\" data-src=\"https:\/\/upload.wikimedia.org\/wikipedia\/commons\/thumb\/e\/ef\/Sant_Juli&#xE0;_dels_Garrics.JPG\/800px-Sant_Juli&#xE0;_dels_Garrics.JPG\" alt=\"\" width=\"438\" height=\"329\" src=\"data:image\/svg+xml;base64,PHN2ZyB3aWR0aD0iMSIgaGVpZ2h0PSIxIiB4bWxucz0iaHR0cDovL3d3dy53My5vcmcvMjAwMC9zdmciPjwvc3ZnPg==\" class=\"lazyload\" style=\"--smush-placeholder-width: 438px; --smush-placeholder-aspect-ratio: 438\/329;\" \/><figcaption class=\"wp-element-caption\">Sant Juli\u00e0 dels Garrics<\/figcaption><\/figure><\/div><\/div><\/div>\n\n\n\n<div class=\"wp-block-getwid-accordion__header-wrapper\"><h4 class=\"wp-block-getwid-accordion__header\"><a href=\"#\"><span class=\"wp-block-getwid-accordion__header-title\">Esgl\u00e9sia Sant Rom\u00e0 de Sisquer<\/span><span class=\"wp-block-getwid-accordion__icon is-active\"><i class=\"fas fa-plus\"><\/i><\/span><span class=\"wp-block-getwid-accordion__icon is-passive\"><i class=\"fas fa-minus\"><\/i><\/span><\/a><\/h4><\/div><div class=\"wp-block-getwid-accordion__content-wrapper\"><div class=\"wp-block-getwid-accordion__content\">\n<p><strong>Location<\/strong> : Sisquer.<\/p>\n\n\n\n<p><strong>Date<\/strong> : 12th century<\/p>\n\n\n\n<p><strong>Characteristics<\/strong> : Semicircular apse, scaffolding on the rock.<\/p>\n\n\n<div class=\"wp-block-image\">\n<figure class=\"aligncenter size-large\"><img decoding=\"async\" data-src=\"https:\/\/upload.wikimedia.org\/wikipedia\/commons\/c\/c0\/SANT_ROM%C3%80_DE_SISQUER_-_LA_VANSA_-_IB-178.JPG\" alt=\"\" src=\"data:image\/svg+xml;base64,PHN2ZyB3aWR0aD0iMSIgaGVpZ2h0PSIxIiB4bWxucz0iaHR0cDovL3d3dy53My5vcmcvMjAwMC9zdmciPjwvc3ZnPg==\" class=\"lazyload\" \/><figcaption class=\"wp-element-caption\">Saint Roman of Sisquer<\/figcaption><\/figure><\/div><\/div><\/div>\n<\/div>\n\n<div class=\"wp-block-getwid-accordion has-icon-left\" data-active-element=\"none\">\n<div class=\"wp-block-getwid-accordion__header-wrapper\"><h4 class=\"wp-block-getwid-accordion__header\"><a href=\"#\"><span class=\"wp-block-getwid-accordion__header-title\">Esgl\u00e9sia de Sant Joan i Sant Vicen\u00e7 de Banyeres<\/span><span class=\"wp-block-getwid-accordion__icon is-active\"><i class=\"fas fa-plus\"><\/i><\/span><span class=\"wp-block-getwid-accordion__icon is-passive\"><i class=\"fas fa-minus\"><\/i><\/span><\/a><\/h4><\/div><div class=\"wp-block-getwid-accordion__content-wrapper\"><div class=\"wp-block-getwid-accordion__content\">\n<p><strong>Location<\/strong> : Banyeres (abandoned village)<\/p>\n\n\n\n<p><strong>Date<\/strong> : 849<\/p>\n\n\n\n<p><strong>Characteristics<\/strong> : Abandoned church. A single ship, with barrel-vaulted roof. Semicircular apse. Door of a half dovetail stitch, a bull&#8217;s eye. One-eyed steeple, half collapsed.<\/p>\n\n\n<div class=\"wp-block-image\">\n<figure class=\"aligncenter size-large is-resized\"><img decoding=\"async\" data-src=\"https:\/\/upload.wikimedia.org\/wikipedia\/commons\/a\/a6\/Esgl%C3%A9sia_de_Sant_Joan_i_Sant_Vicen%C3%A7%2C_Banyeres.JPG\" alt=\"\" width=\"536\" height=\"714\" src=\"data:image\/svg+xml;base64,PHN2ZyB3aWR0aD0iMSIgaGVpZ2h0PSIxIiB4bWxucz0iaHR0cDovL3d3dy53My5vcmcvMjAwMC9zdmciPjwvc3ZnPg==\" class=\"lazyload\" style=\"--smush-placeholder-width: 536px; --smush-placeholder-aspect-ratio: 536\/714;\" \/><figcaption class=\"wp-element-caption\">Church of Sant Joan and Sant Vicen\u00e7 de Banyeres<\/figcaption><\/figure><\/div><\/div><\/div>\n\n\n\n<div class=\"wp-block-getwid-accordion__header-wrapper\"><h4 class=\"wp-block-getwid-accordion__header\"><a href=\"#\"><span class=\"wp-block-getwid-accordion__header-title\">Esgl\u00e9sia Sant Mart\u00ed d&#8217;Adra\u00e9n<\/span><span class=\"wp-block-getwid-accordion__icon is-active\"><i class=\"fas fa-plus\"><\/i><\/span><span class=\"wp-block-getwid-accordion__icon is-passive\"><i class=\"fas fa-minus\"><\/i><\/span><\/a><\/h4><\/div><div class=\"wp-block-getwid-accordion__content-wrapper\"><div class=\"wp-block-getwid-accordion__content\">\n<p><strong>Location<\/strong> : Adra\u00e9n.<\/p>\n\n\n\n<p><strong>Date<\/strong> : 10th century<\/p>\n\n\n\n<p><strong>Characteristics<\/strong> : A single nave, covered by three sections of cross vault. Semi-circular door. Roof tile. Bell bell with two eyes. Inside is a wooden heart.<\/p>\n\n\n<div class=\"wp-block-image\">\n<figure class=\"aligncenter size-large is-resized\"><img decoding=\"async\" data-src=\"http:\/\/fitxers.cultura.gencat.cat\/Dades_nucli_p\/Arquit_imatges\/fotografies\/015871002.JPG\" alt=\"\" width=\"535\" height=\"464\" src=\"data:image\/svg+xml;base64,PHN2ZyB3aWR0aD0iMSIgaGVpZ2h0PSIxIiB4bWxucz0iaHR0cDovL3d3dy53My5vcmcvMjAwMC9zdmciPjwvc3ZnPg==\" class=\"lazyload\" style=\"--smush-placeholder-width: 535px; --smush-placeholder-aspect-ratio: 535\/464;\" \/><figcaption class=\"wp-element-caption\">Church of Sant Mart\u00ed d&#8217;Adra\u00e9n<\/figcaption><\/figure><\/div><\/div><\/div>\n\n\n\n<div class=\"wp-block-getwid-accordion__header-wrapper\"><h4 class=\"wp-block-getwid-accordion__header\"><a href=\"#\"><span class=\"wp-block-getwid-accordion__header-title\">Ermita de Sant Salvador d&#8217;Adra\u00e9n<\/span><span class=\"wp-block-getwid-accordion__icon is-active\"><i class=\"fas fa-plus\"><\/i><\/span><span class=\"wp-block-getwid-accordion__icon is-passive\"><i class=\"fas fa-minus\"><\/i><\/span><\/a><\/h4><\/div><div class=\"wp-block-getwid-accordion__content-wrapper\"><div class=\"wp-block-getwid-accordion__content\">\n<p>Location: Pista de Sant Salvador, on the outskirts of Adra\u00e9n.<\/p>\n\n\n\n<p>Date: 1500<\/p>\n\n\n\n<p>Characteristics: It is located in the middle of the forest, in the Serra del Cad\u00ed, at an altitude of 1690 meters. Construction of a single ship, with double-sided wooden frame roof. half point gate Neither apse nor bell tower. Modernly reconstructed. Gathering on the first Sunday of August.<\/p>\n\n\n<div class=\"wp-block-image\">\n<figure class=\"aligncenter size-large is-resized\"><img decoding=\"async\" data-src=\"https:\/\/1.bp.blogspot.com\/-011ufCIcAUQ\/TxWZ1lMfXII\/AAAAAAAARZQ\/ckyiyT8lWGo\/s1600\/1%2Bfa%25C3%25A7ana%2Bm.JPG\" alt=\"\" width=\"539\" height=\"404\" src=\"data:image\/svg+xml;base64,PHN2ZyB3aWR0aD0iMSIgaGVpZ2h0PSIxIiB4bWxucz0iaHR0cDovL3d3dy53My5vcmcvMjAwMC9zdmciPjwvc3ZnPg==\" class=\"lazyload\" style=\"--smush-placeholder-width: 539px; --smush-placeholder-aspect-ratio: 539\/404;\" \/><figcaption class=\"wp-element-caption\">Hermitage of Sant Salvador d&#8217;Adra\u00e9n<\/figcaption><\/figure><\/div><\/div><\/div>\n\n\n\n<div class=\"wp-block-getwid-accordion__header-wrapper\"><h4 class=\"wp-block-getwid-accordion__header\"><a href=\"#\"><span class=\"wp-block-getwid-accordion__header-title\">Esgl\u00e9sia Sant Climent de F\u00f3rnols<\/span><span class=\"wp-block-getwid-accordion__icon is-active\"><i class=\"fas fa-plus\"><\/i><\/span><span class=\"wp-block-getwid-accordion__icon is-passive\"><i class=\"fas fa-minus\"><\/i><\/span><\/a><\/h4><\/div><div class=\"wp-block-getwid-accordion__content-wrapper\"><div class=\"wp-block-getwid-accordion__content\">\n<p><strong>Location<\/strong> : F\u00f3rnols.<\/p>\n\n\n\n<p><strong>Date<\/strong> : Possible date of construction 1752<\/p>\n\n\n\n<p><strong>Characteristics<\/strong> : Baroque building with a single rectangular nave with a barrel vault; in the part of the presbytery it has a cross vault. It preserves a Romanesque wall. Four-sided slate bell tower forming a needle and there is the old clock. Inside there is an ancient Gothic altarpiece of the enthroned figure of Saint Clement<\/p>\n\n\n<div class=\"wp-block-image\">\n<figure class=\"aligncenter size-large is-resized\"><img decoding=\"async\" data-src=\"https:\/\/www.cataloniasacra.cat\/data\/llocs\/fotos\/195_1.jpg\" alt=\"\" width=\"543\" height=\"407\" src=\"data:image\/svg+xml;base64,PHN2ZyB3aWR0aD0iMSIgaGVpZ2h0PSIxIiB4bWxucz0iaHR0cDovL3d3dy53My5vcmcvMjAwMC9zdmciPjwvc3ZnPg==\" class=\"lazyload\" style=\"--smush-placeholder-width: 543px; --smush-placeholder-aspect-ratio: 543\/407;\" \/><figcaption class=\"wp-element-caption\">Church of Sant Climent de F\u00f3rnols<\/figcaption><\/figure><\/div><\/div><\/div>\n<\/div>\n\n<div class=\"wp-block-getwid-accordion has-icon-left\" data-active-element=\"none\">\n<div class=\"wp-block-getwid-accordion__header-wrapper\"><h4 class=\"wp-block-getwid-accordion__header\"><a href=\"#\"><span class=\"wp-block-getwid-accordion__header-title\">Esgl\u00e9sia Sant Pere de Cornellana<\/span><span class=\"wp-block-getwid-accordion__icon is-active\"><i class=\"fas fa-plus\"><\/i><\/span><span class=\"wp-block-getwid-accordion__icon is-passive\"><i class=\"fas fa-minus\"><\/i><\/span><\/a><\/h4><\/div><div class=\"wp-block-getwid-accordion__content-wrapper\"><div class=\"wp-block-getwid-accordion__content\">\n<p><strong>Location<\/strong> : Cornellana.<\/p>\n\n\n\n<p><strong>Date<\/strong> : 1818<\/p>\n\n\n\n<p><strong>Characteristic<\/strong> : Modern construction, dating from 1818, which was built with the stones of the old Romanesque chapel on the outskirts of the village. A single nave with three square apses covered with a cross vault and pre-absidal arches. It has a bell tower with two eyes on the facade, where a portal and a half-point window open. Baroque design interior. Inside there are two Gothic altarpieces: that of Sant Pere and that of the Joys of the Virgin.<\/p>\n\n\n<div class=\"wp-block-image\">\n<figure class=\"aligncenter size-large is-resized\"><img decoding=\"async\" data-src=\"https:\/\/www.cataloniasacra.cat\/data\/llocs\/fotos\/194_1.jpg\" alt=\"\" width=\"531\" height=\"708\" src=\"data:image\/svg+xml;base64,PHN2ZyB3aWR0aD0iMSIgaGVpZ2h0PSIxIiB4bWxucz0iaHR0cDovL3d3dy53My5vcmcvMjAwMC9zdmciPjwvc3ZnPg==\" class=\"lazyload\" style=\"--smush-placeholder-width: 531px; --smush-placeholder-aspect-ratio: 531\/708;\" \/><figcaption class=\"wp-element-caption\">Sant Pere de Cornellana Church<\/figcaption><\/figure><\/div><\/div><\/div>\n\n\n\n<div class=\"wp-block-getwid-accordion__header-wrapper\"><h4 class=\"wp-block-getwid-accordion__header\"><a href=\"#\"><span class=\"wp-block-getwid-accordion__header-title\">Catedral de Santa Maria d&#8217;Urgell<\/span><span class=\"wp-block-getwid-accordion__icon is-active\"><i class=\"fas fa-plus\"><\/i><\/span><span class=\"wp-block-getwid-accordion__icon is-passive\"><i class=\"fas fa-minus\"><\/i><\/span><\/a><\/h4><\/div><div class=\"wp-block-getwid-accordion__content-wrapper\"><div class=\"wp-block-getwid-accordion__content\">\n<p><strong>Location:<\/strong> La Seu d&#8217;Urgell.<\/p>\n\n\n\n<p><strong>Date<\/strong> : 12th century<\/p>\n\n\n\n<p><strong>Characteristic:<\/strong> The only fully Romanesque cathedral in Catalonia. Building of three naves surmounted by a wide transept with five apses and original upper galleries that extend outside the main apse, a characteristic of its influence of Lombard Romanesque art. Central nave covered with barrel vault. The side aisles are covered with a cross vault. It has 4 towers: the clock tower, a two-story bell tower, the Sant Salvador tower and the Sant Just tower. It contains a 13th century polychrome carving of Our Lady of Urgell and an altarpiece of Sant Ermengol. Rectangular cloister with a row of columns in each gallery and fifty capitals in the arches.<\/p>\n\n\n<div class=\"wp-block-image\">\n<figure class=\"aligncenter size-large\"><img decoding=\"async\" data-src=\"https:\/\/upload.wikimedia.org\/wikipedia\/commons\/e\/e3\/Urgell_Kath_Kreuzgang1.jpg\" alt=\"\" src=\"data:image\/svg+xml;base64,PHN2ZyB3aWR0aD0iMSIgaGVpZ2h0PSIxIiB4bWxucz0iaHR0cDovL3d3dy53My5vcmcvMjAwMC9zdmciPjwvc3ZnPg==\" class=\"lazyload\" \/><figcaption class=\"wp-element-caption\">Romanesque cathedral of Seu d&#8217;Urgell<\/figcaption><\/figure><\/div><\/div><\/div>\n<\/div>\n\n<p>There&#8217;s a lot to visit, isn&#8217;t there? So we recommend <a href=\"https:\/\/calgabriel.es\/en\/reservation\/\" target=\"_blank\" rel=\"noreferrer noopener\" title=\"Reservation\">booking a room<\/a> in Cal Gabriel and Cal Farragetes to enjoy all our architectural heritage with the peace of mind you deserve.<\/p>\n\n<p>Sources: <a href=\"http:\/\/www.wikipedia.cat\" target=\"_blank\" rel=\"noreferrer noopener\">wikipedia<\/a> , <a href=\"http:\/\/www.alturgell.cat\" target=\"_blank\" rel=\"noreferrer noopener\">Turisme Alt Urgell<\/a> and documentary fund of the valleys.<\/p>\n","protected":false},"excerpt":{"rendered":"One of the main characteristics of the historical and architectural ensemble in Alt Urgell is the Romanesque, and in our valleys we find a very important number of churches of this style, and altarpieces from the Gothic period, forming a unique altarpiece set which is still spoken in its original place after the Civil War. [&hellip;]","protected":false},"author":1,"featured_media":0,"parent":0,"menu_order":0,"comment_status":"open","ping_status":"closed","template":"template-front-page.php","meta":{"inline_featured_image":false,"_joinchat":[],"footnotes":""},"class_list":["post-6750","page","type-page","status-publish","hentry"],"aioseo_notices":[],"_links":{"self":[{"href":"https:\/\/calgabriel.es\/en\/wp-json\/wp\/v2\/pages\/6750","targetHints":{"allow":["GET"]}}],"collection":[{"href":"https:\/\/calgabriel.es\/en\/wp-json\/wp\/v2\/pages"}],"about":[{"href":"https:\/\/calgabriel.es\/en\/wp-json\/wp\/v2\/types\/page"}],"author":[{"embeddable":true,"href":"https:\/\/calgabriel.es\/en\/wp-json\/wp\/v2\/users\/1"}],"replies":[{"embeddable":true,"href":"https:\/\/calgabriel.es\/en\/wp-json\/wp\/v2\/comments?post=6750"}],"version-history":[{"count":5,"href":"https:\/\/calgabriel.es\/en\/wp-json\/wp\/v2\/pages\/6750\/revisions"}],"predecessor-version":[{"id":7659,"href":"https:\/\/calgabriel.es\/en\/wp-json\/wp\/v2\/pages\/6750\/revisions\/7659"}],"wp:attachment":[{"href":"https:\/\/calgabriel.es\/en\/wp-json\/wp\/v2\/media?parent=6750"}],"curies":[{"name":"wp","href":"https:\/\/api.w.org\/{rel}","templated":true}]}}