{"id":1066,"date":"2019-06-11T09:41:19","date_gmt":"2019-06-11T09:41:19","guid":{"rendered":"https:\/\/themes.getmotopress.com\/luviana\/?page_id=9"},"modified":"2020-05-08T21:21:49","modified_gmt":"2020-05-08T21:21:49","slug":"blog","status":"publish","type":"page","link":"https:\/\/calgabriel.es\/en\/blog\/","title":{"rendered":"Blog"},"content":{"rendered":"\n\t\t<div class=\"wp-block-getwid-recent-posts has-layout-list has-cropped-images\">\n\t\t\t<div class=\"wp-block-getwid-recent-posts__wrapper\">\n\t\t\t\t\n<article id=\"post-34983\" class=\"wp-block-getwid-recent-posts__post\">\n    <div class=\"wp-block-getwid-recent-posts__post-wrapper\">\n                            <div class=\"wp-block-getwid-recent-posts__content-wrapper\">\n                                    <header class=\"wp-block-getwid-recent-posts__entry-header\">\n                                                    <h3 class=\"wp-block-getwid-recent-posts__post-title\"><a href=\"https:\/\/calgabriel.es\/en\/estiu-tuixent-2024\/\">L&#8217;estiu de Tuixent, ple d&#8217;activitats<\/a><\/h3>                                                                            <div class=\"wp-block-getwid-recent-posts__entry-meta\">\n                                                                    <span class=\"wp-block-getwid-recent-posts__post-date\">\n                                        <time datetime=\"2024-07-25T22:12:19+00:00\"><a href=\"https:\/\/calgabriel.es\/en\/2024\/07\/25\/\">25\/07\/2024<\/a><\/time>\n                                    <\/span>\n                                                            <\/div>\n                                            <\/header>\n                                <div class=\"wp-block-getwid-recent-posts__post-content\">Descobreix totes les activitats que tenim preparades per a aquest estiu. No et podr\u00e0s resistir!<\/div>\n                \n                                    <footer class=\"wp-block-getwid-recent-posts__entry-footer\">\n                                                    <p class=\"wp-block-getwid-recent-posts__post-categories\">\n                                <a href=\"https:\/\/calgabriel.es\/en\/category\/activitats\/\" rel=\"category tag\">Activitats<\/a>                            <\/p>\n                                                                    <\/footer>\n                            <\/div>\n            <\/div>\n<\/article>\n\n<article id=\"post-8169\" class=\"wp-block-getwid-recent-posts__post\">\n    <div class=\"wp-block-getwid-recent-posts__post-wrapper\">\n                            <div class=\"wp-block-getwid-recent-posts__content-wrapper\">\n                                    <header class=\"wp-block-getwid-recent-posts__entry-header\">\n                                                    <h3 class=\"wp-block-getwid-recent-posts__post-title\"><a href=\"https:\/\/calgabriel.es\/en\/dia-trementinaire\/\">29 de juliol: Un dia Trementinaire<\/a><\/h3>                                                                            <div class=\"wp-block-getwid-recent-posts__entry-meta\">\n                                                                    <span class=\"wp-block-getwid-recent-posts__post-date\">\n                                        <time datetime=\"2023-07-14T08:53:11+00:00\"><a href=\"https:\/\/calgabriel.es\/en\/2023\/07\/14\/\">14\/07\/2023<\/a><\/time>\n                                    <\/span>\n                                                            <\/div>\n                                            <\/header>\n                                <div class=\"wp-block-getwid-recent-posts__post-content\">VINE A GAUDIR D\u2019UN DIA TREMENTINAIRE Et proposem un mat\u00ed d\u2019activitats per sentir la for\u00e7a de les trementinaires a la teva pell: &#8211; Recorregut teatralitzat pel poble de Tuixent, acompanyats d\u2019una trementinaire i la seva acompanyant, per con\u00e8ixer les cases i els racons m\u00e9s importants de la nostra vila. &#8211; Una visita guiada al Museu&hellip;<\/div>\n                \n                                    <footer class=\"wp-block-getwid-recent-posts__entry-footer\">\n                                                    <p class=\"wp-block-getwid-recent-posts__post-categories\">\n                                <a href=\"https:\/\/calgabriel.es\/en\/category\/activitats\/\" rel=\"category tag\">Activitats<\/a>                            <\/p>\n                                                                    <\/footer>\n                            <\/div>\n            <\/div>\n<\/article>\n\n<article id=\"post-7649\" class=\"wp-block-getwid-recent-posts__post\">\n    <div class=\"wp-block-getwid-recent-posts__post-wrapper\">\n                    <div class=\"wp-block-getwid-recent-posts__post-thumbnail\">\n                <a href=\"https:\/\/calgabriel.es\/en\/el-mestre-de-tuixent\/\"><img fetchpriority=\"high\" decoding=\"async\" width=\"1170\" height=\"1200\" src=\"https:\/\/calgabriel.es\/wp-content\/uploads\/2023\/02\/El-Mestre-de-Tuixent-1170x1200.jpg\" class=\"attachment-post-thumbnail size-post-thumbnail wp-post-image\" alt=\"El Mestre de Tuixent: retaulista del segle XVI\" srcset=\"https:\/\/calgabriel.es\/wp-content\/uploads\/2023\/02\/El-Mestre-de-Tuixent-1170x1200.jpg 1170w, https:\/\/calgabriel.es\/wp-content\/uploads\/2023\/02\/El-Mestre-de-Tuixent-292x300.jpg 292w, https:\/\/calgabriel.es\/wp-content\/uploads\/2023\/02\/El-Mestre-de-Tuixent-998x1024.jpg 998w, https:\/\/calgabriel.es\/wp-content\/uploads\/2023\/02\/El-Mestre-de-Tuixent-768x788.jpg 768w, https:\/\/calgabriel.es\/wp-content\/uploads\/2023\/02\/El-Mestre-de-Tuixent-1497x1536.jpg 1497w, https:\/\/calgabriel.es\/wp-content\/uploads\/2023\/02\/El-Mestre-de-Tuixent-600x616.jpg 600w, https:\/\/calgabriel.es\/wp-content\/uploads\/2023\/02\/El-Mestre-de-Tuixent.jpg 1543w\" sizes=\"(max-width: 1170px) 100vw, 1170px\" \/><\/a>\n            <\/div>\n                            <div class=\"wp-block-getwid-recent-posts__content-wrapper\">\n                                    <header class=\"wp-block-getwid-recent-posts__entry-header\">\n                                                    <h3 class=\"wp-block-getwid-recent-posts__post-title\"><a href=\"https:\/\/calgabriel.es\/en\/el-mestre-de-tuixent\/\">El Mestre de Tuixent: retaulista del segle XVI<\/a><\/h3>                                                                            <div class=\"wp-block-getwid-recent-posts__entry-meta\">\n                                                                    <span class=\"wp-block-getwid-recent-posts__post-date\">\n                                        <time datetime=\"2023-02-25T23:09:58+00:00\"><a href=\"https:\/\/calgabriel.es\/en\/2023\/02\/25\/\">25\/02\/2023<\/a><\/time>\n                                    <\/span>\n                                                            <\/div>\n                                            <\/header>\n                                <div class=\"wp-block-getwid-recent-posts__post-content\">Misteriosa figura de l\u2019anomenat Mestre de Tuixent, pintor an\u00f2nim de retaules amb un estil i uns recursos t\u00e8cnics rudimentaris que donen com a resultat unes formes populars que no encaixen en cap estil determinat.&nbsp; Poc sabem d\u2019aquest pintor humil; se li atribueixen 9 obres distribu\u00efdes entre la vall de la Vansa, Tuixent i Andorra. I&hellip;<\/div>\n                \n                                    <footer class=\"wp-block-getwid-recent-posts__entry-footer\">\n                                                    <p class=\"wp-block-getwid-recent-posts__post-categories\">\n                                <a href=\"https:\/\/calgabriel.es\/en\/category\/cultura\/\" rel=\"category tag\">Cultura<\/a>                            <\/p>\n                                                                    <\/footer>\n                            <\/div>\n            <\/div>\n<\/article>\n\n<article id=\"post-3633\" class=\"wp-block-getwid-recent-posts__post\">\n    <div class=\"wp-block-getwid-recent-posts__post-wrapper\">\n                            <div class=\"wp-block-getwid-recent-posts__content-wrapper\">\n                                    <header class=\"wp-block-getwid-recent-posts__entry-header\">\n                                                    <h3 class=\"wp-block-getwid-recent-posts__post-title\"><a href=\"https:\/\/calgabriel.es\/en\/cursos-de-flors-tuixent\/\">Cursos de flors remeieres a Tuixent<\/a><\/h3>                                                                            <div class=\"wp-block-getwid-recent-posts__entry-meta\">\n                                                                    <span class=\"wp-block-getwid-recent-posts__post-date\">\n                                        <time datetime=\"2023-02-24T20:02:08+00:00\"><a href=\"https:\/\/calgabriel.es\/en\/2023\/02\/24\/\">24\/02\/2023<\/a><\/time>\n                                    <\/span>\n                                                            <\/div>\n                                            <\/header>\n                                <div class=\"wp-block-getwid-recent-posts__post-content\">Coneix la oferta formativa de la Carme Bosch a Tuixent durant el mes d&#039;agost.<\/div>\n                \n                                    <footer class=\"wp-block-getwid-recent-posts__entry-footer\">\n                                                    <p class=\"wp-block-getwid-recent-posts__post-categories\">\n                                <a href=\"https:\/\/calgabriel.es\/es\/categoria\/actividades\/\" rel=\"category tag\">Actividades<\/a>, <a href=\"https:\/\/calgabriel.es\/es\/categoria\/cultura-es\/\" rel=\"category tag\">Cultura<\/a>                            <\/p>\n                                                                    <\/footer>\n                            <\/div>\n            <\/div>\n<\/article>\n\n<article id=\"post-7068\" class=\"wp-block-getwid-recent-posts__post\">\n    <div class=\"wp-block-getwid-recent-posts__post-wrapper\">\n                            <div class=\"wp-block-getwid-recent-posts__content-wrapper\">\n                                    <header class=\"wp-block-getwid-recent-posts__entry-header\">\n                                                    <h3 class=\"wp-block-getwid-recent-posts__post-title\"><a href=\"https:\/\/calgabriel.es\/en\/tuixent-la-marato\/\">Tuixent i Josa amb La Marat\u00f3 de TV3<\/a><\/h3>                                                                            <div class=\"wp-block-getwid-recent-posts__entry-meta\">\n                                                                    <span class=\"wp-block-getwid-recent-posts__post-date\">\n                                        <time datetime=\"2022-12-06T19:37:52+00:00\"><a href=\"https:\/\/calgabriel.es\/en\/2022\/12\/06\/\">06\/12\/2022<\/a><\/time>\n                                    <\/span>\n                                                            <\/div>\n                                            <\/header>\n                                <div class=\"wp-block-getwid-recent-posts__post-content\">JOSA, TUIXENT I CAL GABRIEL hem aconseguit: \u20ac L&#8217;ajuntament de Josa i Tuixent, juntament amb l&#8217;Associaci\u00f3 de Micropobles de Catalunya organitzen una jornada de microteatre el dia 10 de desembre del 2022 (20h a Tuixent, 21:30h a Josa de Cad\u00ed) per recollir fons per la Marat\u00f3 de TV3, que aquest any se centra a les&hellip;<\/div>\n                \n                                    <footer class=\"wp-block-getwid-recent-posts__entry-footer\">\n                                                    <p class=\"wp-block-getwid-recent-posts__post-categories\">\n                                <a href=\"https:\/\/calgabriel.es\/en\/category\/activitats\/\" rel=\"category tag\">Activitats<\/a>                            <\/p>\n                                                                    <\/footer>\n                            <\/div>\n            <\/div>\n<\/article>\n\n<article id=\"post-4766\" class=\"wp-block-getwid-recent-posts__post\">\n    <div class=\"wp-block-getwid-recent-posts__post-wrapper\">\n                            <div class=\"wp-block-getwid-recent-posts__content-wrapper\">\n                                    <header class=\"wp-block-getwid-recent-posts__entry-header\">\n                                                    <h3 class=\"wp-block-getwid-recent-posts__post-title\"><a href=\"https:\/\/calgabriel.es\/en\/xarop-davet\/\">Xarop d&#8217;avet<\/a><\/h3>                                                                            <div class=\"wp-block-getwid-recent-posts__entry-meta\">\n                                                                    <span class=\"wp-block-getwid-recent-posts__post-date\">\n                                        <time datetime=\"2022-11-03T22:20:35+00:00\"><a href=\"https:\/\/calgabriel.es\/en\/2022\/11\/03\/\">03\/11\/2022<\/a><\/time>\n                                    <\/span>\n                                                            <\/div>\n                                            <\/header>\n                                <div class=\"wp-block-getwid-recent-posts__post-content\">Xarop d&#039;avet, remei natural pel mal de gola, per tractar la tos seca i expectorant. Un aliat del teu sistema respiratori.<\/div>\n                \n                                    <footer class=\"wp-block-getwid-recent-posts__entry-footer\">\n                                                    <p class=\"wp-block-getwid-recent-posts__post-categories\">\n                                <a href=\"https:\/\/calgabriel.es\/en\/category\/general\/\" rel=\"category tag\">General<\/a>                            <\/p>\n                                                                    <\/footer>\n                            <\/div>\n            <\/div>\n<\/article>\n\n<article id=\"post-4601\" class=\"wp-block-getwid-recent-posts__post\">\n    <div class=\"wp-block-getwid-recent-posts__post-wrapper\">\n                            <div class=\"wp-block-getwid-recent-posts__content-wrapper\">\n                                    <header class=\"wp-block-getwid-recent-posts__entry-header\">\n                                                    <h3 class=\"wp-block-getwid-recent-posts__post-title\"><a href=\"https:\/\/calgabriel.es\/en\/poesia-tuixent\/\">Poesia &#8220;Tuixent&#8221; per Eva Bass\u00f3<\/a><\/h3>                                                                            <div class=\"wp-block-getwid-recent-posts__entry-meta\">\n                                                                    <span class=\"wp-block-getwid-recent-posts__post-date\">\n                                        <time datetime=\"2022-09-05T13:23:09+00:00\"><a href=\"https:\/\/calgabriel.es\/en\/2022\/09\/05\/\">05\/09\/2022<\/a><\/time>\n                                    <\/span>\n                                                            <\/div>\n                                            <\/header>\n                                <div class=\"wp-block-getwid-recent-posts__post-content\">Tuixent, font d&#039;inspiraci\u00f3 per la poesia de l&#039;Eva Bass\u00f3<\/div>\n                \n                                    <footer class=\"wp-block-getwid-recent-posts__entry-footer\">\n                                                    <p class=\"wp-block-getwid-recent-posts__post-categories\">\n                                <a href=\"https:\/\/calgabriel.es\/en\/category\/uncategorized-ca\/\" rel=\"category tag\">Uncategorized @ca<\/a>                            <\/p>\n                                                                    <\/footer>\n                            <\/div>\n            <\/div>\n<\/article>\n\n<article id=\"post-4229\" class=\"wp-block-getwid-recent-posts__post\">\n    <div class=\"wp-block-getwid-recent-posts__post-wrapper\">\n                            <div class=\"wp-block-getwid-recent-posts__content-wrapper\">\n                                    <header class=\"wp-block-getwid-recent-posts__entry-header\">\n                                                    <h3 class=\"wp-block-getwid-recent-posts__post-title\"><a href=\"https:\/\/calgabriel.es\/en\/retir-de-ioga\/\">Retir de ioga, dansa i aromes del 14 al 17 de juliol<\/a><\/h3>                                                                            <div class=\"wp-block-getwid-recent-posts__entry-meta\">\n                                                                    <span class=\"wp-block-getwid-recent-posts__post-date\">\n                                        <time datetime=\"2022-06-17T16:19:32+00:00\"><a href=\"https:\/\/calgabriel.es\/en\/2022\/06\/17\/\">17\/06\/2022<\/a><\/time>\n                                    <\/span>\n                                                            <\/div>\n                                            <\/header>\n                                <div class=\"wp-block-getwid-recent-posts__post-content\">Del 14 al 17 de juliol del 2022 veniu a Cal Gabriel a gaudir d&#039;un retir de ioga, dansa i aromes de la m\u00e0 de l&#039;Eva Gurusevak.<\/div>\n                \n                                    <footer class=\"wp-block-getwid-recent-posts__entry-footer\">\n                                                    <p class=\"wp-block-getwid-recent-posts__post-categories\">\n                                <a href=\"https:\/\/calgabriel.es\/en\/category\/activitats\/\" rel=\"category tag\">Activitats<\/a>                            <\/p>\n                                                                    <\/footer>\n                            <\/div>\n            <\/div>\n<\/article>\n\n<article id=\"post-3823\" class=\"wp-block-getwid-recent-posts__post\">\n    <div class=\"wp-block-getwid-recent-posts__post-wrapper\">\n                            <div class=\"wp-block-getwid-recent-posts__content-wrapper\">\n                                    <header class=\"wp-block-getwid-recent-posts__entry-header\">\n                                                    <h3 class=\"wp-block-getwid-recent-posts__post-title\"><a href=\"https:\/\/calgabriel.es\/en\/ioga-tuixent\/\">Classes de ioga a Tuixent<\/a><\/h3>                                                                            <div class=\"wp-block-getwid-recent-posts__entry-meta\">\n                                                                    <span class=\"wp-block-getwid-recent-posts__post-date\">\n                                        <time datetime=\"2022-05-05T17:21:15+00:00\"><a href=\"https:\/\/calgabriel.es\/en\/2022\/05\/05\/\">05\/05\/2022<\/a><\/time>\n                                    <\/span>\n                                                            <\/div>\n                                            <\/header>\n                                <div class=\"wp-block-getwid-recent-posts__post-content\">A Cal Gabriel, a m\u00e9s del descans, la natura i el bon menjar, ara tamb\u00e9 podeu gaudir de l&#039;equilibri cos-ment amb classes de ioga!<\/div>\n                \n                                    <footer class=\"wp-block-getwid-recent-posts__entry-footer\">\n                                                    <p class=\"wp-block-getwid-recent-posts__post-categories\">\n                                <a href=\"https:\/\/calgabriel.es\/en\/category\/activitats\/\" rel=\"category tag\">Activitats<\/a>                            <\/p>\n                                                                    <\/footer>\n                            <\/div>\n            <\/div>\n<\/article>\n\n<article id=\"post-3739\" class=\"wp-block-getwid-recent-posts__post\">\n    <div class=\"wp-block-getwid-recent-posts__post-wrapper\">\n                            <div class=\"wp-block-getwid-recent-posts__content-wrapper\">\n                                    <header class=\"wp-block-getwid-recent-posts__entry-header\">\n                                                    <h3 class=\"wp-block-getwid-recent-posts__post-title\"><a href=\"https:\/\/calgabriel.es\/en\/trementinaires-2022\/\">22a Fira de les Trementinaires 2022<\/a><\/h3>                                                                            <div class=\"wp-block-getwid-recent-posts__entry-meta\">\n                                                                    <span class=\"wp-block-getwid-recent-posts__post-date\">\n                                        <time datetime=\"2022-04-28T20:53:07+00:00\"><a href=\"https:\/\/calgabriel.es\/en\/2022\/04\/28\/\">28\/04\/2022<\/a><\/time>\n                                    <\/span>\n                                                            <\/div>\n                                            <\/header>\n                                <div class=\"wp-block-getwid-recent-posts__post-content\">Els dies 27, 28 i 29 de maig del 2022 celebrem la 22a fira i festa de les Trementinaires. Descobreix m\u00e9s de la festa m\u00e9s important de Tuixent i la Vall de la Vansa.<\/div>\n                \n                                    <footer class=\"wp-block-getwid-recent-posts__entry-footer\">\n                                                    <p class=\"wp-block-getwid-recent-posts__post-categories\">\n                                <a href=\"https:\/\/calgabriel.es\/en\/category\/activitats\/\" rel=\"category tag\">Activitats<\/a>                            <\/p>\n                                                                    <\/footer>\n                            <\/div>\n            <\/div>\n<\/article>\n\n<article id=\"post-3081\" class=\"wp-block-getwid-recent-posts__post\">\n    <div class=\"wp-block-getwid-recent-posts__post-wrapper\">\n                            <div class=\"wp-block-getwid-recent-posts__content-wrapper\">\n                                    <header class=\"wp-block-getwid-recent-posts__entry-header\">\n                                                    <h3 class=\"wp-block-getwid-recent-posts__post-title\"><a href=\"https:\/\/calgabriel.es\/en\/fira-de-la-vall\/\">5\/12\/2021: 28a Fira de la Vall<\/a><\/h3>                                                                            <div class=\"wp-block-getwid-recent-posts__entry-meta\">\n                                                                    <span class=\"wp-block-getwid-recent-posts__post-date\">\n                                        <time datetime=\"2021-11-24T20:34:36+00:00\"><a href=\"https:\/\/calgabriel.es\/en\/2021\/11\/24\/\">24\/11\/2021<\/a><\/time>\n                                    <\/span>\n                                                            <\/div>\n                                            <\/header>\n                                <div class=\"wp-block-getwid-recent-posts__post-content\">Aquest any reprenem la Fira d&#8217;artesania i de proximitat de Tuixent. El dia 5 de desembre, de 10h a 18h podreu trobar les parades d&#8217;artesans a la pla\u00e7a Serra del Cad\u00ed (davant de l&#8217;ajuntament). Un bon moment per comen\u00e7ar a fer les compres de Nadal, i res millor que productes de primera qualitat de les&hellip;<\/div>\n                \n                                    <footer class=\"wp-block-getwid-recent-posts__entry-footer\">\n                                                    <p class=\"wp-block-getwid-recent-posts__post-categories\">\n                                <a href=\"https:\/\/calgabriel.es\/en\/category\/activitats\/\" rel=\"category tag\">Activitats<\/a>                            <\/p>\n                                                                    <\/footer>\n                            <\/div>\n            <\/div>\n<\/article>\n\n<article id=\"post-2606\" class=\"wp-block-getwid-recent-posts__post\">\n    <div class=\"wp-block-getwid-recent-posts__post-wrapper\">\n                    <div class=\"wp-block-getwid-recent-posts__post-thumbnail\">\n                <a href=\"https:\/\/calgabriel.es\/en\/cursos-ossera-2021\/\"><img decoding=\"async\" width=\"144\" height=\"222\" data-src=\"https:\/\/calgabriel.es\/wp-content\/uploads\/2021\/06\/Artesans-Ossera.jpg\" class=\"attachment-post-thumbnail size-post-thumbnail wp-post-image lazyload\" alt=\"Cursos artesans d&#8217;Ossera 2021\" src=\"data:image\/svg+xml;base64,PHN2ZyB3aWR0aD0iMSIgaGVpZ2h0PSIxIiB4bWxucz0iaHR0cDovL3d3dy53My5vcmcvMjAwMC9zdmciPjwvc3ZnPg==\" style=\"--smush-placeholder-width: 144px; --smush-placeholder-aspect-ratio: 144\/222;\" \/><\/a>\n            <\/div>\n                            <div class=\"wp-block-getwid-recent-posts__content-wrapper\">\n                                    <header class=\"wp-block-getwid-recent-posts__entry-header\">\n                                                    <h3 class=\"wp-block-getwid-recent-posts__post-title\"><a href=\"https:\/\/calgabriel.es\/en\/cursos-ossera-2021\/\">Cursos artesans d&#8217;Ossera 2021<\/a><\/h3>                                                                            <div class=\"wp-block-getwid-recent-posts__entry-meta\">\n                                                                    <span class=\"wp-block-getwid-recent-posts__post-date\">\n                                        <time datetime=\"2021-06-14T19:15:51+00:00\"><a href=\"https:\/\/calgabriel.es\/en\/2021\/06\/14\/\">14\/06\/2021<\/a><\/time>\n                                    <\/span>\n                                                            <\/div>\n                                            <\/header>\n                                <div class=\"wp-block-getwid-recent-posts__post-content\">Ossera, el nostre poble ve\u00ed d&#8217;artesans, duran a terme cursos i visites guiades als nostres estimats artesans. En aquesta p\u00e0gina us fem un recull de la informaci\u00f3 per qu\u00e8 pugueu planificar la vostra estada a la vall.<\/div>\n                \n                                    <footer class=\"wp-block-getwid-recent-posts__entry-footer\">\n                                                    <p class=\"wp-block-getwid-recent-posts__post-categories\">\n                                <a href=\"https:\/\/calgabriel.es\/en\/category\/activitats\/\" rel=\"category tag\">Activitats<\/a>                            <\/p>\n                                                                    <\/footer>\n                            <\/div>\n            <\/div>\n<\/article>\n\n<article id=\"post-2590\" class=\"wp-block-getwid-recent-posts__post\">\n    <div class=\"wp-block-getwid-recent-posts__post-wrapper\">\n                    <div class=\"wp-block-getwid-recent-posts__post-thumbnail\">\n                <a href=\"https:\/\/calgabriel.es\/en\/cursos-estiu-2021\/\"><img decoding=\"async\" width=\"1170\" height=\"780\" data-src=\"https:\/\/calgabriel.es\/wp-content\/uploads\/2020\/05\/ginebro-scaled.jpg\" class=\"attachment-post-thumbnail size-post-thumbnail wp-post-image lazyload\" alt=\"Cursos estiu 2021\" data-srcset=\"https:\/\/calgabriel.es\/wp-content\/uploads\/2020\/05\/ginebro-scaled.jpg 2560w, https:\/\/calgabriel.es\/wp-content\/uploads\/2020\/05\/ginebro-scaled-600x400.jpg 600w\" data-sizes=\"(max-width: 1170px) 100vw, 1170px\" src=\"data:image\/svg+xml;base64,PHN2ZyB3aWR0aD0iMSIgaGVpZ2h0PSIxIiB4bWxucz0iaHR0cDovL3d3dy53My5vcmcvMjAwMC9zdmciPjwvc3ZnPg==\" style=\"--smush-placeholder-width: 1170px; --smush-placeholder-aspect-ratio: 1170\/780;\" \/><\/a>\n            <\/div>\n                            <div class=\"wp-block-getwid-recent-posts__content-wrapper\">\n                                    <header class=\"wp-block-getwid-recent-posts__entry-header\">\n                                                    <h3 class=\"wp-block-getwid-recent-posts__post-title\"><a href=\"https:\/\/calgabriel.es\/en\/cursos-estiu-2021\/\">Cursos estiu 2021<\/a><\/h3>                                                                            <div class=\"wp-block-getwid-recent-posts__entry-meta\">\n                                                                    <span class=\"wp-block-getwid-recent-posts__post-date\">\n                                        <time datetime=\"2021-06-12T21:03:27+00:00\"><a href=\"https:\/\/calgabriel.es\/en\/2021\/06\/12\/\">12\/06\/2021<\/a><\/time>\n                                    <\/span>\n                                                            <\/div>\n                                            <\/header>\n                                <div class=\"wp-block-getwid-recent-posts__post-content\">Coneix l&#039;oferta de cursos d&#039;estiu que la Carme Bosch impartir\u00e0 a Tuixent aquest 2021<\/div>\n                \n                                    <footer class=\"wp-block-getwid-recent-posts__entry-footer\">\n                                                    <p class=\"wp-block-getwid-recent-posts__post-categories\">\n                                <a href=\"https:\/\/calgabriel.es\/en\/category\/activitats\/\" rel=\"category tag\">Activitats<\/a>                            <\/p>\n                                                                    <\/footer>\n                            <\/div>\n            <\/div>\n<\/article>\n\n<article id=\"post-2571\" class=\"wp-block-getwid-recent-posts__post\">\n    <div class=\"wp-block-getwid-recent-posts__post-wrapper\">\n                            <div class=\"wp-block-getwid-recent-posts__content-wrapper\">\n                                    <header class=\"wp-block-getwid-recent-posts__entry-header\">\n                                                    <h3 class=\"wp-block-getwid-recent-posts__post-title\"><a href=\"https:\/\/calgabriel.es\/en\/rutes-guiades-2021\/\">Rutes guiades a peu 2021 per la Vall<\/a><\/h3>                                                                            <div class=\"wp-block-getwid-recent-posts__entry-meta\">\n                                                                    <span class=\"wp-block-getwid-recent-posts__post-date\">\n                                        <time datetime=\"2021-06-09T19:57:42+00:00\"><a href=\"https:\/\/calgabriel.es\/en\/2021\/06\/09\/\">09\/06\/2021<\/a><\/time>\n                                    <\/span>\n                                                            <\/div>\n                                            <\/header>\n                                <div class=\"wp-block-getwid-recent-posts__post-content\">Descobreix l&#039;Alt Urgell amb les rutes guiades i gratuites d&#039;aquest 2021<\/div>\n                \n                                    <footer class=\"wp-block-getwid-recent-posts__entry-footer\">\n                                                    <p class=\"wp-block-getwid-recent-posts__post-categories\">\n                                <a href=\"https:\/\/calgabriel.es\/en\/category\/activitats\/\" rel=\"category tag\">Activitats<\/a>                            <\/p>\n                                                                    <\/footer>\n                            <\/div>\n            <\/div>\n<\/article>\n\n<article id=\"post-2483\" class=\"wp-block-getwid-recent-posts__post\">\n    <div class=\"wp-block-getwid-recent-posts__post-wrapper\">\n                            <div class=\"wp-block-getwid-recent-posts__content-wrapper\">\n                                    <header class=\"wp-block-getwid-recent-posts__entry-header\">\n                                                    <h3 class=\"wp-block-getwid-recent-posts__post-title\"><a href=\"https:\/\/calgabriel.es\/en\/fira-trementinaires-2021\/\">21a Fira Trementinaires 2021<\/a><\/h3>                                                                            <div class=\"wp-block-getwid-recent-posts__entry-meta\">\n                                                                    <span class=\"wp-block-getwid-recent-posts__post-date\">\n                                        <time datetime=\"2021-05-16T17:37:08+00:00\"><a href=\"https:\/\/calgabriel.es\/en\/2021\/05\/16\/\">16\/05\/2021<\/a><\/time>\n                                    <\/span>\n                                                            <\/div>\n                                            <\/header>\n                                <div class=\"wp-block-getwid-recent-posts__post-content\">Gaudeix de la 21a Festa i Fira de les Trementinaires. Del 28 al 30 de maig del 2021<\/div>\n                \n                                    <footer class=\"wp-block-getwid-recent-posts__entry-footer\">\n                                                    <p class=\"wp-block-getwid-recent-posts__post-categories\">\n                                <a href=\"https:\/\/calgabriel.es\/en\/category\/activitats\/\" rel=\"category tag\">Activitats<\/a>                            <\/p>\n                                                                    <\/footer>\n                            <\/div>\n            <\/div>\n<\/article>\n\n<article id=\"post-2196\" class=\"wp-block-getwid-recent-posts__post\">\n    <div class=\"wp-block-getwid-recent-posts__post-wrapper\">\n                            <div class=\"wp-block-getwid-recent-posts__content-wrapper\">\n                                    <header class=\"wp-block-getwid-recent-posts__entry-header\">\n                                                    <h3 class=\"wp-block-getwid-recent-posts__post-title\"><a href=\"https:\/\/calgabriel.es\/en\/regala-una-estada-a-cal-gabriel\/\">Regala una estada a Cal Gabriel!<\/a><\/h3>                                                                            <div class=\"wp-block-getwid-recent-posts__entry-meta\">\n                                                                    <span class=\"wp-block-getwid-recent-posts__post-date\">\n                                        <time datetime=\"2020-12-20T20:34:50+00:00\"><a href=\"https:\/\/calgabriel.es\/en\/2020\/12\/20\/\">20\/12\/2020<\/a><\/time>\n                                    <\/span>\n                                                            <\/div>\n                                            <\/header>\n                                <div class=\"wp-block-getwid-recent-posts__post-content\">Vols regalar descans, bon menjar i un entorn saludable? Regalar una estada a Cal Gabriel i Cal Farragetes \u00e9s el teu regal perfecte. El nostre xec regal s&#8217;adapta a les teves prefer\u00e8ncies, pots escollir domir i esmorzar, mitja pensi\u00f3 i mitja pensi\u00f3 amb regal de benvinguda. T\u00fa esculls. El val t\u00e9 una validessa d&#8217;1 any&hellip;<\/div>\n                \n                                    <footer class=\"wp-block-getwid-recent-posts__entry-footer\">\n                                                    <p class=\"wp-block-getwid-recent-posts__post-categories\">\n                                <a href=\"https:\/\/calgabriel.es\/en\/category\/casa\/\" rel=\"category tag\">Casa<\/a>                            <\/p>\n                                                                    <\/footer>\n                            <\/div>\n            <\/div>\n<\/article>\n\n<article id=\"post-2172\" class=\"wp-block-getwid-recent-posts__post\">\n    <div class=\"wp-block-getwid-recent-posts__post-wrapper\">\n                    <div class=\"wp-block-getwid-recent-posts__post-thumbnail\">\n                <a href=\"https:\/\/calgabriel.es\/en\/temporada-neu-2020\/\"><img decoding=\"async\" width=\"1170\" height=\"586\" data-src=\"https:\/\/calgabriel.es\/wp-content\/uploads\/2020\/12\/EstacioTuixent.jpg\" class=\"attachment-post-thumbnail size-post-thumbnail wp-post-image lazyload\" alt=\"Inici temporada neu 2020\" data-srcset=\"https:\/\/calgabriel.es\/wp-content\/uploads\/2020\/12\/EstacioTuixent.jpg 1387w, https:\/\/calgabriel.es\/wp-content\/uploads\/2020\/12\/EstacioTuixent-600x301.jpg 600w\" data-sizes=\"(max-width: 1170px) 100vw, 1170px\" src=\"data:image\/svg+xml;base64,PHN2ZyB3aWR0aD0iMSIgaGVpZ2h0PSIxIiB4bWxucz0iaHR0cDovL3d3dy53My5vcmcvMjAwMC9zdmciPjwvc3ZnPg==\" style=\"--smush-placeholder-width: 1170px; --smush-placeholder-aspect-ratio: 1170\/586;\" \/><\/a>\n            <\/div>\n                            <div class=\"wp-block-getwid-recent-posts__content-wrapper\">\n                                    <header class=\"wp-block-getwid-recent-posts__entry-header\">\n                                                    <h3 class=\"wp-block-getwid-recent-posts__post-title\"><a href=\"https:\/\/calgabriel.es\/en\/temporada-neu-2020\/\">Inici temporada neu 2020<\/a><\/h3>                                                                            <div class=\"wp-block-getwid-recent-posts__entry-meta\">\n                                                                    <span class=\"wp-block-getwid-recent-posts__post-date\">\n                                        <time datetime=\"2020-12-13T14:45:25+00:00\"><a href=\"https:\/\/calgabriel.es\/en\/2020\/12\/13\/\">13\/12\/2020<\/a><\/time>\n                                    <\/span>\n                                                            <\/div>\n                                            <\/header>\n                                <div class=\"wp-block-getwid-recent-posts__post-content\">Prepara els esqu\u00eds i les raquetes, que ja \u00e9s tot a punt!<\/div>\n                \n                                    <footer class=\"wp-block-getwid-recent-posts__entry-footer\">\n                                                    <p class=\"wp-block-getwid-recent-posts__post-categories\">\n                                <a href=\"https:\/\/calgabriel.es\/en\/category\/activitats\/\" rel=\"category tag\">Activitats<\/a>                            <\/p>\n                                                                    <\/footer>\n                            <\/div>\n            <\/div>\n<\/article>\n\n<article id=\"post-1980\" class=\"wp-block-getwid-recent-posts__post\">\n    <div class=\"wp-block-getwid-recent-posts__post-wrapper\">\n                    <div class=\"wp-block-getwid-recent-posts__post-thumbnail\">\n                <a href=\"https:\/\/calgabriel.es\/en\/reobre-el-museu-de-les-trementinaires\/\"><img decoding=\"async\" width=\"46\" height=\"49\" data-src=\"https:\/\/calgabriel.es\/wp-content\/uploads\/2020\/06\/fullad.png\" class=\"attachment-post-thumbnail size-post-thumbnail wp-post-image lazyload\" alt=\"Reobre el Museu de les Trementinaires\" src=\"data:image\/svg+xml;base64,PHN2ZyB3aWR0aD0iMSIgaGVpZ2h0PSIxIiB4bWxucz0iaHR0cDovL3d3dy53My5vcmcvMjAwMC9zdmciPjwvc3ZnPg==\" style=\"--smush-placeholder-width: 46px; --smush-placeholder-aspect-ratio: 46\/49;\" \/><\/a>\n            <\/div>\n                            <div class=\"wp-block-getwid-recent-posts__content-wrapper\">\n                                    <header class=\"wp-block-getwid-recent-posts__entry-header\">\n                                                    <h3 class=\"wp-block-getwid-recent-posts__post-title\"><a href=\"https:\/\/calgabriel.es\/en\/reobre-el-museu-de-les-trementinaires\/\">Reobre el Museu de les Trementinaires<\/a><\/h3>                                                                            <div class=\"wp-block-getwid-recent-posts__entry-meta\">\n                                                                    <span class=\"wp-block-getwid-recent-posts__post-date\">\n                                        <time datetime=\"2020-06-27T17:39:37+00:00\"><a href=\"https:\/\/calgabriel.es\/en\/2020\/06\/27\/\">27\/06\/2020<\/a><\/time>\n                                    <\/span>\n                                                            <\/div>\n                                            <\/header>\n                                <div class=\"wp-block-getwid-recent-posts__post-content\">Des del dia 27 de juny podeu tornar a gaudir de l&#8217;experi\u00e8ncia de les Trementinaires al museu de Tuixent. Reobre amb totes les mesures de seguretat per fer la vostra visita segura. Aprofiteu tamb\u00e9 per visitar l&#8217;exposici\u00f3 temporal Rostres, on participa la nostra amiga i artista Esther Volt\u00e0, entre d&#8217;altres. Podeu visitar el museu en&hellip;<\/div>\n                \n                                    <footer class=\"wp-block-getwid-recent-posts__entry-footer\">\n                                                    <p class=\"wp-block-getwid-recent-posts__post-categories\">\n                                <a href=\"https:\/\/calgabriel.es\/en\/category\/activitats\/\" rel=\"category tag\">Activitats<\/a>                            <\/p>\n                                                                    <\/footer>\n                            <\/div>\n            <\/div>\n<\/article>\n\n<article id=\"post-1922\" class=\"wp-block-getwid-recent-posts__post\">\n    <div class=\"wp-block-getwid-recent-posts__post-wrapper\">\n                    <div class=\"wp-block-getwid-recent-posts__post-thumbnail\">\n                <a href=\"https:\/\/calgabriel.es\/en\/oli-de-cops\/\"><img decoding=\"async\" width=\"600\" height=\"487\" data-src=\"https:\/\/calgabriel.es\/wp-content\/uploads\/2020\/06\/Hypericum-perforatum.jpg\" class=\"attachment-post-thumbnail size-post-thumbnail wp-post-image lazyload\" alt=\"Fem oli de cops?\" src=\"data:image\/svg+xml;base64,PHN2ZyB3aWR0aD0iMSIgaGVpZ2h0PSIxIiB4bWxucz0iaHR0cDovL3d3dy53My5vcmcvMjAwMC9zdmciPjwvc3ZnPg==\" style=\"--smush-placeholder-width: 600px; --smush-placeholder-aspect-ratio: 600\/487;\" \/><\/a>\n            <\/div>\n                            <div class=\"wp-block-getwid-recent-posts__content-wrapper\">\n                                    <header class=\"wp-block-getwid-recent-posts__entry-header\">\n                                                    <h3 class=\"wp-block-getwid-recent-posts__post-title\"><a href=\"https:\/\/calgabriel.es\/en\/oli-de-cops\/\">Fem oli de cops?<\/a><\/h3>                                                                            <div class=\"wp-block-getwid-recent-posts__entry-meta\">\n                                                                    <span class=\"wp-block-getwid-recent-posts__post-date\">\n                                        <time datetime=\"2020-06-19T07:15:00+00:00\"><a href=\"https:\/\/calgabriel.es\/en\/2020\/06\/19\/\">19\/06\/2020<\/a><\/time>\n                                    <\/span>\n                                                            <\/div>\n                                            <\/header>\n                                <div class=\"wp-block-getwid-recent-posts__post-content\">&quot;Qui t\u00e9 oli de peric\u00f3, no li cal metge ni doctor&quot;. Coneix com preparar el teu propi oli de cops de manera senzilla<\/div>\n                \n                                    <footer class=\"wp-block-getwid-recent-posts__entry-footer\">\n                                                    <p class=\"wp-block-getwid-recent-posts__post-categories\">\n                                <a href=\"https:\/\/calgabriel.es\/en\/category\/general\/\" rel=\"category tag\">General<\/a>                            <\/p>\n                                                                    <\/footer>\n                            <\/div>\n            <\/div>\n<\/article>\n\n<article id=\"post-1866\" class=\"wp-block-getwid-recent-posts__post\">\n    <div class=\"wp-block-getwid-recent-posts__post-wrapper\">\n                    <div class=\"wp-block-getwid-recent-posts__post-thumbnail\">\n                <a href=\"https:\/\/calgabriel.es\/en\/festa-trementinaries-2020\/\"><img decoding=\"async\" width=\"526\" height=\"307\" data-src=\"https:\/\/calgabriel.es\/wp-content\/uploads\/2020\/05\/foguera.jpg\" class=\"attachment-post-thumbnail size-post-thumbnail wp-post-image lazyload\" alt=\"Festa Trementinaires virtual 2020\" data-srcset=\"https:\/\/calgabriel.es\/wp-content\/uploads\/2020\/05\/foguera.jpg 526w, https:\/\/calgabriel.es\/wp-content\/uploads\/2020\/05\/foguera-300x175.jpg 300w\" data-sizes=\"(max-width: 526px) 100vw, 526px\" src=\"data:image\/svg+xml;base64,PHN2ZyB3aWR0aD0iMSIgaGVpZ2h0PSIxIiB4bWxucz0iaHR0cDovL3d3dy53My5vcmcvMjAwMC9zdmciPjwvc3ZnPg==\" style=\"--smush-placeholder-width: 526px; --smush-placeholder-aspect-ratio: 526\/307;\" \/><\/a>\n            <\/div>\n                            <div class=\"wp-block-getwid-recent-posts__content-wrapper\">\n                                    <header class=\"wp-block-getwid-recent-posts__entry-header\">\n                                                    <h3 class=\"wp-block-getwid-recent-posts__post-title\"><a href=\"https:\/\/calgabriel.es\/en\/festa-trementinaries-2020\/\">Festa Trementinaires virtual 2020<\/a><\/h3>                                                                            <div class=\"wp-block-getwid-recent-posts__entry-meta\">\n                                                                    <span class=\"wp-block-getwid-recent-posts__post-date\">\n                                        <time datetime=\"2020-05-29T20:29:21+00:00\"><a href=\"https:\/\/calgabriel.es\/en\/2020\/05\/29\/\">29\/05\/2020<\/a><\/time>\n                                    <\/span>\n                                                            <\/div>\n                                            <\/header>\n                                <div class=\"wp-block-getwid-recent-posts__post-content\">Aquest 2020 no hem pogut celebrar junts la festa de les trementinaires, per\u00f2 hem preparat un v\u00eddeo de la foguera per gaudir-la des de l&#039;escalfor de casa.<\/div>\n                \n                                    <footer class=\"wp-block-getwid-recent-posts__entry-footer\">\n                                                    <p class=\"wp-block-getwid-recent-posts__post-categories\">\n                                <a href=\"https:\/\/calgabriel.es\/en\/category\/activitats\/\" rel=\"category tag\">Activitats<\/a>                            <\/p>\n                                                                    <\/footer>\n                            <\/div>\n            <\/div>\n<\/article>\n\n<article id=\"post-1850\" class=\"wp-block-getwid-recent-posts__post\">\n    <div class=\"wp-block-getwid-recent-posts__post-wrapper\">\n                    <div class=\"wp-block-getwid-recent-posts__post-thumbnail\">\n                <a href=\"https:\/\/calgabriel.es\/en\/reobrim\/\"><img decoding=\"async\" width=\"1170\" height=\"643\" data-src=\"https:\/\/calgabriel.es\/wp-content\/uploads\/2020\/05\/sauc_petita-scaled.jpg\" class=\"attachment-post-thumbnail size-post-thumbnail wp-post-image lazyload\" alt=\"Fase 2, reobrim!!!\" data-srcset=\"https:\/\/calgabriel.es\/wp-content\/uploads\/2020\/05\/sauc_petita-scaled.jpg 2560w, https:\/\/calgabriel.es\/wp-content\/uploads\/2020\/05\/sauc_petita-scaled-600x330.jpg 600w\" data-sizes=\"(max-width: 1170px) 100vw, 1170px\" src=\"data:image\/svg+xml;base64,PHN2ZyB3aWR0aD0iMSIgaGVpZ2h0PSIxIiB4bWxucz0iaHR0cDovL3d3dy53My5vcmcvMjAwMC9zdmciPjwvc3ZnPg==\" style=\"--smush-placeholder-width: 1170px; --smush-placeholder-aspect-ratio: 1170\/643;\" \/><\/a>\n            <\/div>\n                            <div class=\"wp-block-getwid-recent-posts__content-wrapper\">\n                                    <header class=\"wp-block-getwid-recent-posts__entry-header\">\n                                                    <h3 class=\"wp-block-getwid-recent-posts__post-title\"><a href=\"https:\/\/calgabriel.es\/en\/reobrim\/\">Fase 2, reobrim!!!<\/a><\/h3>                                                                            <div class=\"wp-block-getwid-recent-posts__entry-meta\">\n                                                                    <span class=\"wp-block-getwid-recent-posts__post-date\">\n                                        <time datetime=\"2020-05-28T19:51:02+00:00\"><a href=\"https:\/\/calgabriel.es\/en\/2020\/05\/28\/\">28\/05\/2020<\/a><\/time>\n                                    <\/span>\n                                                            <\/div>\n                                            <\/header>\n                                <div class=\"wp-block-getwid-recent-posts__post-content\">Aquest 25 de maig tornem a obrir Cal Gabriel per a qu\u00e8 pugueu gaudir de la muntanya, de la tranquil\u00b7litat, del bon menjar i del bon descans. Us hi esperem!<\/div>\n                \n                                    <footer class=\"wp-block-getwid-recent-posts__entry-footer\">\n                                                    <p class=\"wp-block-getwid-recent-posts__post-categories\">\n                                <a href=\"https:\/\/calgabriel.es\/en\/category\/casa\/\" rel=\"category tag\">Casa<\/a>, <a href=\"https:\/\/calgabriel.es\/en\/category\/general\/\" rel=\"category tag\">General<\/a>, <a href=\"https:\/\/calgabriel.es\/en\/category\/restaurant\/\" rel=\"category tag\">Restaurant<\/a>                            <\/p>\n                                                                    <\/footer>\n                            <\/div>\n            <\/div>\n<\/article>\n\n<article id=\"post-1757\" class=\"wp-block-getwid-recent-posts__post\">\n    <div class=\"wp-block-getwid-recent-posts__post-wrapper\">\n                    <div class=\"wp-block-getwid-recent-posts__post-thumbnail\">\n                <a href=\"https:\/\/calgabriel.es\/en\/neteja\/\"><img decoding=\"async\" width=\"458\" height=\"339\" data-src=\"https:\/\/calgabriel.es\/wp-content\/uploads\/2020\/05\/desinfeccio.png\" class=\"attachment-post-thumbnail size-post-thumbnail wp-post-image lazyload\" alt=\"Protocol neteja a Cal Gabriel\" data-srcset=\"https:\/\/calgabriel.es\/wp-content\/uploads\/2020\/05\/desinfeccio.png 458w, https:\/\/calgabriel.es\/wp-content\/uploads\/2020\/05\/desinfeccio-300x222.png 300w\" data-sizes=\"(max-width: 458px) 100vw, 458px\" src=\"data:image\/svg+xml;base64,PHN2ZyB3aWR0aD0iMSIgaGVpZ2h0PSIxIiB4bWxucz0iaHR0cDovL3d3dy53My5vcmcvMjAwMC9zdmciPjwvc3ZnPg==\" style=\"--smush-placeholder-width: 458px; --smush-placeholder-aspect-ratio: 458\/339;\" \/><\/a>\n            <\/div>\n                            <div class=\"wp-block-getwid-recent-posts__content-wrapper\">\n                                    <header class=\"wp-block-getwid-recent-posts__entry-header\">\n                                                    <h3 class=\"wp-block-getwid-recent-posts__post-title\"><a href=\"https:\/\/calgabriel.es\/en\/neteja\/\">Protocol neteja a Cal Gabriel<\/a><\/h3>                                                                            <div class=\"wp-block-getwid-recent-posts__entry-meta\">\n                                                                    <span class=\"wp-block-getwid-recent-posts__post-date\">\n                                        <time datetime=\"2020-05-19T20:57:23+00:00\"><a href=\"https:\/\/calgabriel.es\/en\/2020\/05\/19\/\">19\/05\/2020<\/a><\/time>\n                                    <\/span>\n                                                            <\/div>\n                                            <\/header>\n                                <div class=\"wp-block-getwid-recent-posts__post-content\">Coneix el nou protocol de neteja de Cal Gabriel per fer la teva estada m\u00e9s segura.<\/div>\n                \n                                    <footer class=\"wp-block-getwid-recent-posts__entry-footer\">\n                                                    <p class=\"wp-block-getwid-recent-posts__post-categories\">\n                                <a href=\"https:\/\/calgabriel.es\/en\/category\/casa\/\" rel=\"category tag\">Casa<\/a>, <a href=\"https:\/\/calgabriel.es\/en\/category\/general\/\" rel=\"category tag\">General<\/a>                            <\/p>\n                                                                    <\/footer>\n                            <\/div>\n            <\/div>\n<\/article>\n\n<article id=\"post-779\" class=\"wp-block-getwid-recent-posts__post\">\n    <div class=\"wp-block-getwid-recent-posts__post-wrapper\">\n                    <div class=\"wp-block-getwid-recent-posts__post-thumbnail\">\n                <a href=\"https:\/\/calgabriel.es\/en\/cursos-estiu-2020\/\"><img decoding=\"async\" width=\"1170\" height=\"780\" data-src=\"https:\/\/calgabriel.es\/wp-content\/uploads\/2020\/05\/ginebro-scaled.jpg\" class=\"attachment-post-thumbnail size-post-thumbnail wp-post-image lazyload\" alt=\"Cursos estiu 2020\" data-srcset=\"https:\/\/calgabriel.es\/wp-content\/uploads\/2020\/05\/ginebro-scaled.jpg 2560w, https:\/\/calgabriel.es\/wp-content\/uploads\/2020\/05\/ginebro-scaled-600x400.jpg 600w\" data-sizes=\"(max-width: 1170px) 100vw, 1170px\" src=\"data:image\/svg+xml;base64,PHN2ZyB3aWR0aD0iMSIgaGVpZ2h0PSIxIiB4bWxucz0iaHR0cDovL3d3dy53My5vcmcvMjAwMC9zdmciPjwvc3ZnPg==\" style=\"--smush-placeholder-width: 1170px; --smush-placeholder-aspect-ratio: 1170\/780;\" \/><\/a>\n            <\/div>\n                            <div class=\"wp-block-getwid-recent-posts__content-wrapper\">\n                                    <header class=\"wp-block-getwid-recent-posts__entry-header\">\n                                                    <h3 class=\"wp-block-getwid-recent-posts__post-title\"><a href=\"https:\/\/calgabriel.es\/en\/cursos-estiu-2020\/\">Cursos estiu 2020<\/a><\/h3>                                                                            <div class=\"wp-block-getwid-recent-posts__entry-meta\">\n                                                                    <span class=\"wp-block-getwid-recent-posts__post-date\">\n                                        <time datetime=\"2020-03-27T10:29:04+00:00\"><a href=\"https:\/\/calgabriel.es\/en\/2020\/03\/27\/\">27\/03\/2020<\/a><\/time>\n                                    <\/span>\n                                                            <\/div>\n                                            <\/header>\n                                <div class=\"wp-block-getwid-recent-posts__post-content\">Coneix l&#039;oferta de cursos d&#039;estiu que la Carme Bosch impartir\u00e0 a Tuixent aquest 2020<\/div>\n                \n                                    <footer class=\"wp-block-getwid-recent-posts__entry-footer\">\n                                                    <p class=\"wp-block-getwid-recent-posts__post-categories\">\n                                <a href=\"https:\/\/calgabriel.es\/en\/category\/activitats\/\" rel=\"category tag\">Activitats<\/a>                            <\/p>\n                                                                    <\/footer>\n                            <\/div>\n            <\/div>\n<\/article>\n\n<article id=\"post-815\" class=\"wp-block-getwid-recent-posts__post\">\n    <div class=\"wp-block-getwid-recent-posts__post-wrapper\">\n                            <div class=\"wp-block-getwid-recent-posts__content-wrapper\">\n                                    <header class=\"wp-block-getwid-recent-posts__entry-header\">\n                                                    <h3 class=\"wp-block-getwid-recent-posts__post-title\"><a href=\"https:\/\/calgabriel.es\/en\/visita-celler-sake-tuixent\/\">22 de mar\u00e7: Visita al celler del sake de Tuixent<\/a><\/h3>                                                                            <div class=\"wp-block-getwid-recent-posts__entry-meta\">\n                                                                    <span class=\"wp-block-getwid-recent-posts__post-date\">\n                                        <time datetime=\"2020-03-01T21:17:27+00:00\"><a href=\"https:\/\/calgabriel.es\/en\/2020\/03\/01\/\">01\/03\/2020<\/a><\/time>\n                                    <\/span>\n                                                            <\/div>\n                                            <\/header>\n                                <div class=\"wp-block-getwid-recent-posts__post-content\">Seda l\u00edquida, el sake del Pirineu<\/div>\n                \n                                    <footer class=\"wp-block-getwid-recent-posts__entry-footer\">\n                                                    <p class=\"wp-block-getwid-recent-posts__post-categories\">\n                                <a href=\"https:\/\/calgabriel.es\/en\/category\/activitats\/\" rel=\"category tag\">Activitats<\/a>                            <\/p>\n                                                                    <\/footer>\n                            <\/div>\n            <\/div>\n<\/article>\n\n<article id=\"post-807\" class=\"wp-block-getwid-recent-posts__post\">\n    <div class=\"wp-block-getwid-recent-posts__post-wrapper\">\n                            <div class=\"wp-block-getwid-recent-posts__content-wrapper\">\n                                    <header class=\"wp-block-getwid-recent-posts__entry-header\">\n                                                    <h3 class=\"wp-block-getwid-recent-posts__post-title\"><a href=\"https:\/\/calgabriel.es\/en\/bus-tuixent-pistes\/\">Nou bus Tuixent &#8211; Pistes d&#8217;esqu\u00ed<\/a><\/h3>                                                                            <div class=\"wp-block-getwid-recent-posts__entry-meta\">\n                                                                    <span class=\"wp-block-getwid-recent-posts__post-date\">\n                                        <time datetime=\"2020-02-20T22:31:48+00:00\"><a href=\"https:\/\/calgabriel.es\/en\/2020\/02\/20\/\">20\/02\/2020<\/a><\/time>\n                                    <\/span>\n                                                            <\/div>\n                                            <\/header>\n                                <div class=\"wp-block-getwid-recent-posts__post-content\">Aquest dissabte 22 de febrer es dur\u00e0 a terme una prova pilot del nou servei de bus llan\u00e7adora de Tuixent poble a les pistes d&#8217;esqu\u00ed de Tuixent-La Vansa. El servei consta de 4 sortides al mat\u00ed des de l&#8217;estaci\u00f3 de bus del poble direcci\u00f3 a les pistes d&#8217;esqu\u00ed (a les 8:30h, 9:30h, 10:30h i 11:30h)&hellip;<\/div>\n                \n                                    <footer class=\"wp-block-getwid-recent-posts__entry-footer\">\n                                                    <p class=\"wp-block-getwid-recent-posts__post-categories\">\n                                <a href=\"https:\/\/calgabriel.es\/en\/category\/general\/\" rel=\"category tag\">General<\/a>                            <\/p>\n                                                                    <\/footer>\n                            <\/div>\n            <\/div>\n<\/article>\n\n<article id=\"post-769\" class=\"wp-block-getwid-recent-posts__post\">\n    <div class=\"wp-block-getwid-recent-posts__post-wrapper\">\n                    <div class=\"wp-block-getwid-recent-posts__post-thumbnail\">\n                <a href=\"https:\/\/calgabriel.es\/en\/fira-vall-2019\/\"><img decoding=\"async\" width=\"842\" height=\"1052\" data-src=\"https:\/\/calgabriel.es\/wp-content\/uploads\/2019\/12\/FiraVall2019.jpeg\" class=\"attachment-post-thumbnail size-post-thumbnail wp-post-image lazyload\" alt=\"Fira Vall 2019\" data-srcset=\"https:\/\/calgabriel.es\/wp-content\/uploads\/2019\/12\/FiraVall2019.jpeg 842w, https:\/\/calgabriel.es\/wp-content\/uploads\/2019\/12\/FiraVall2019-600x750.jpeg 600w\" data-sizes=\"(max-width: 842px) 100vw, 842px\" src=\"data:image\/svg+xml;base64,PHN2ZyB3aWR0aD0iMSIgaGVpZ2h0PSIxIiB4bWxucz0iaHR0cDovL3d3dy53My5vcmcvMjAwMC9zdmciPjwvc3ZnPg==\" style=\"--smush-placeholder-width: 842px; --smush-placeholder-aspect-ratio: 842\/1052;\" \/><\/a>\n            <\/div>\n                            <div class=\"wp-block-getwid-recent-posts__content-wrapper\">\n                                    <header class=\"wp-block-getwid-recent-posts__entry-header\">\n                                                    <h3 class=\"wp-block-getwid-recent-posts__post-title\"><a href=\"https:\/\/calgabriel.es\/en\/fira-vall-2019\/\">Fira Vall 2019<\/a><\/h3>                                                                            <div class=\"wp-block-getwid-recent-posts__entry-meta\">\n                                                                    <span class=\"wp-block-getwid-recent-posts__post-date\">\n                                        <time datetime=\"2019-12-05T22:03:58+00:00\"><a href=\"https:\/\/calgabriel.es\/en\/2019\/12\/05\/\">05\/12\/2019<\/a><\/time>\n                                    <\/span>\n                                                            <\/div>\n                                            <\/header>\n                                <div class=\"wp-block-getwid-recent-posts__post-content\">Aquest dissabte 7 de desembre celebrem, com cada any, la fira de la Vall. Vine a con\u00e8ixer als artesans de la vall, aix\u00ed com artesans ve\u00efns que ens venen a mostrar les seves creacions per fer el regal perfecte aquest Nadal. Us hi esperem durant tot el dia, i no oblidis reservar taula per dinar&hellip;<\/div>\n                \n                                    <footer class=\"wp-block-getwid-recent-posts__entry-footer\">\n                                                    <p class=\"wp-block-getwid-recent-posts__post-categories\">\n                                <a href=\"https:\/\/calgabriel.es\/en\/category\/uncategorized-ca\/\" rel=\"category tag\">Uncategorized @ca<\/a>                            <\/p>\n                                                                    <\/footer>\n                            <\/div>\n            <\/div>\n<\/article>\n\n<article id=\"post-656\" class=\"wp-block-getwid-recent-posts__post\">\n    <div class=\"wp-block-getwid-recent-posts__post-wrapper\">\n                            <div class=\"wp-block-getwid-recent-posts__content-wrapper\">\n                                    <header class=\"wp-block-getwid-recent-posts__entry-header\">\n                                                    <h3 class=\"wp-block-getwid-recent-posts__post-title\"><a href=\"https:\/\/calgabriel.es\/en\/festa-catars-josa-2019\/\">Festa C\u00e0tars Josa 2019<\/a><\/h3>                                                                            <div class=\"wp-block-getwid-recent-posts__entry-meta\">\n                                                                    <span class=\"wp-block-getwid-recent-posts__post-date\">\n                                        <time datetime=\"2019-07-29T12:15:23+00:00\"><a href=\"https:\/\/calgabriel.es\/en\/2019\/07\/29\/\">29\/07\/2019<\/a><\/time>\n                                    <\/span>\n                                                            <\/div>\n                                            <\/header>\n                                <div class=\"wp-block-getwid-recent-posts__post-content\">Aquest cap de setmana, 3 i 4 d&#8217;agost, se celebra la festa dels c\u00e0tars a Josa del Cad\u00ed, indret de refugi c\u00e0tar (bons homes). Us convidem a gaudir de la seva festa, la seva fira, tradicions i a con\u00e8ixer una mica m\u00e9s la hist\u00f2ria d&#8217;aquest indret tan bonic del Pre-Pirineu catal\u00e0. Si voleu con\u00e8ixer les&hellip;<\/div>\n                \n                                    <footer class=\"wp-block-getwid-recent-posts__entry-footer\">\n                                                    <p class=\"wp-block-getwid-recent-posts__post-categories\">\n                                <a href=\"https:\/\/calgabriel.es\/en\/category\/activitats\/\" rel=\"category tag\">Activitats<\/a>                            <\/p>\n                                                                    <\/footer>\n                            <\/div>\n            <\/div>\n<\/article>\n\n<article id=\"post-653\" class=\"wp-block-getwid-recent-posts__post\">\n    <div class=\"wp-block-getwid-recent-posts__post-wrapper\">\n                            <div class=\"wp-block-getwid-recent-posts__content-wrapper\">\n                                    <header class=\"wp-block-getwid-recent-posts__entry-header\">\n                                                    <h3 class=\"wp-block-getwid-recent-posts__post-title\"><a href=\"https:\/\/calgabriel.es\/en\/activitats-cap-de-setmana-26-al-28-de-juliol\/\">Activitats cap de setmana 26 al 28 de juliol<\/a><\/h3>                                                                            <div class=\"wp-block-getwid-recent-posts__entry-meta\">\n                                                                    <span class=\"wp-block-getwid-recent-posts__post-date\">\n                                        <time datetime=\"2019-07-23T20:01:14+00:00\"><a href=\"https:\/\/calgabriel.es\/en\/2019\/07\/23\/\">23\/07\/2019<\/a><\/time>\n                                    <\/span>\n                                                            <\/div>\n                                            <\/header>\n                                <div class=\"wp-block-getwid-recent-posts__post-content\">Activitats que es realitzen a Tuixent i entorn el cap de setmana del 27 i 28 de juliol del 2019<\/div>\n                \n                                    <footer class=\"wp-block-getwid-recent-posts__entry-footer\">\n                                                    <p class=\"wp-block-getwid-recent-posts__post-categories\">\n                                <a href=\"https:\/\/calgabriel.es\/en\/category\/activitats\/\" rel=\"category tag\">Activitats<\/a>                            <\/p>\n                                                                    <\/footer>\n                            <\/div>\n            <\/div>\n<\/article>\n\n<article id=\"post-643\" class=\"wp-block-getwid-recent-posts__post\">\n    <div class=\"wp-block-getwid-recent-posts__post-wrapper\">\n                            <div class=\"wp-block-getwid-recent-posts__content-wrapper\">\n                                    <header class=\"wp-block-getwid-recent-posts__entry-header\">\n                                                    <h3 class=\"wp-block-getwid-recent-posts__post-title\"><a href=\"https:\/\/calgabriel.es\/en\/escola-trementinaire-estiu-2019\/\">Escola trementinaire estiu 2019<\/a><\/h3>                                                                            <div class=\"wp-block-getwid-recent-posts__entry-meta\">\n                                                                    <span class=\"wp-block-getwid-recent-posts__post-date\">\n                                        <time datetime=\"2019-07-04T19:53:06+00:00\"><a href=\"https:\/\/calgabriel.es\/en\/2019\/07\/04\/\">04\/07\/2019<\/a><\/time>\n                                    <\/span>\n                                                            <\/div>\n                                            <\/header>\n                                <div class=\"wp-block-getwid-recent-posts__post-content\">Ens apropem al bon temps, a l&#8217;estiu, la calor, i Tuixent es posa en marxa amb la preparaci\u00f3 dels cursos d&#8217;estiu que es fan al poble. Avui us volem informar dels que realitza la nostra estimada N\u00faria Gavald\u00e0, d&#8217;Ess\u00e8ncies de Tuixent, cursos relacionats amb la cosm\u00e8tica natural i les ess\u00e8ncies florals (flors de Bach). A&hellip;<\/div>\n                \n                                    <footer class=\"wp-block-getwid-recent-posts__entry-footer\">\n                                                    <p class=\"wp-block-getwid-recent-posts__post-categories\">\n                                <a href=\"https:\/\/calgabriel.es\/en\/category\/activitats\/\" rel=\"category tag\">Activitats<\/a>                            <\/p>\n                                                                    <\/footer>\n                            <\/div>\n            <\/div>\n<\/article>\n\n<article id=\"post-624\" class=\"wp-block-getwid-recent-posts__post\">\n    <div class=\"wp-block-getwid-recent-posts__post-wrapper\">\n                    <div class=\"wp-block-getwid-recent-posts__post-thumbnail\">\n                <a href=\"https:\/\/calgabriel.es\/en\/benvinguts-a-pages-2019\/\"><img decoding=\"async\" width=\"827\" height=\"591\" data-src=\"https:\/\/calgabriel.es\/wp-content\/uploads\/2019\/05\/ADHESIU_BAP.jpg\" class=\"attachment-post-thumbnail size-post-thumbnail wp-post-image lazyload\" alt=\"Benvinguts a Pag\u00e8s 2019\" data-srcset=\"https:\/\/calgabriel.es\/wp-content\/uploads\/2019\/05\/ADHESIU_BAP.jpg 827w, https:\/\/calgabriel.es\/wp-content\/uploads\/2019\/05\/ADHESIU_BAP-600x429.jpg 600w, https:\/\/calgabriel.es\/wp-content\/uploads\/2019\/05\/ADHESIU_BAP-300x214.jpg 300w, https:\/\/calgabriel.es\/wp-content\/uploads\/2019\/05\/ADHESIU_BAP-768x549.jpg 768w\" data-sizes=\"(max-width: 827px) 100vw, 827px\" src=\"data:image\/svg+xml;base64,PHN2ZyB3aWR0aD0iMSIgaGVpZ2h0PSIxIiB4bWxucz0iaHR0cDovL3d3dy53My5vcmcvMjAwMC9zdmciPjwvc3ZnPg==\" style=\"--smush-placeholder-width: 827px; --smush-placeholder-aspect-ratio: 827\/591;\" \/><\/a>\n            <\/div>\n                            <div class=\"wp-block-getwid-recent-posts__content-wrapper\">\n                                    <header class=\"wp-block-getwid-recent-posts__entry-header\">\n                                                    <h3 class=\"wp-block-getwid-recent-posts__post-title\"><a href=\"https:\/\/calgabriel.es\/en\/benvinguts-a-pages-2019\/\">Benvinguts a Pag\u00e8s 2019<\/a><\/h3>                                                                            <div class=\"wp-block-getwid-recent-posts__entry-meta\">\n                                                                    <span class=\"wp-block-getwid-recent-posts__post-date\">\n                                        <time datetime=\"2019-05-21T16:20:52+00:00\"><a href=\"https:\/\/calgabriel.es\/en\/2019\/05\/21\/\">21\/05\/2019<\/a><\/time>\n                                    <\/span>\n                                                            <\/div>\n                                            <\/header>\n                                <div class=\"wp-block-getwid-recent-posts__post-content\">Aquest 2019 Cal Gabriel participa en la 4a edici\u00f3 de &#8220;Benvinguts a Pag\u00e8s&#8221;, un projecte que busca donar a con\u00e8ixer i descobrir els productes locals i els petits productors del nostre entorn. Durant el cap de setmana de l&#8217;1 i 2 de juny, petits productors obren les seves portes per mostrar la seva feina i&hellip;<\/div>\n                \n                                    <footer class=\"wp-block-getwid-recent-posts__entry-footer\">\n                                                    <p class=\"wp-block-getwid-recent-posts__post-categories\">\n                                <a href=\"https:\/\/calgabriel.es\/en\/category\/activitats\/\" rel=\"category tag\">Activitats<\/a>, <a href=\"https:\/\/calgabriel.es\/en\/category\/general\/\" rel=\"category tag\">General<\/a>, <a href=\"https:\/\/calgabriel.es\/en\/category\/restaurant\/\" rel=\"category tag\">Restaurant<\/a>                            <\/p>\n                                                                    <\/footer>\n                            <\/div>\n            <\/div>\n<\/article>\n\n<article id=\"post-621\" class=\"wp-block-getwid-recent-posts__post\">\n    <div class=\"wp-block-getwid-recent-posts__post-wrapper\">\n                            <div class=\"wp-block-getwid-recent-posts__content-wrapper\">\n                                    <header class=\"wp-block-getwid-recent-posts__entry-header\">\n                                                    <h3 class=\"wp-block-getwid-recent-posts__post-title\"><a href=\"https:\/\/calgabriel.es\/en\/el-bestiari-de-pere-quart-a-tuixent\/\">El Bestiari de Pere Quart, a Tuixent<\/a><\/h3>                                                                            <div class=\"wp-block-getwid-recent-posts__entry-meta\">\n                                                                    <span class=\"wp-block-getwid-recent-posts__post-date\">\n                                        <time datetime=\"2019-04-17T22:39:32+00:00\"><a href=\"https:\/\/calgabriel.es\/en\/2019\/04\/17\/\">17\/04\/2019<\/a><\/time>\n                                    <\/span>\n                                                            <\/div>\n                                            <\/header>\n                                <div class=\"wp-block-getwid-recent-posts__post-content\">El dissabte 20 d&#8217;abril del 2019, a les 19:30h, Tuixent recita el Bestiari de Pere Quart, de la m\u00e0 de voluntaris i gr\u00e0cies a la iniciativa duta a terme per la comissi\u00f3 de cultura de la Vall. Us hi esperem al centre c\u00edvic de Tuixent. Vine amb moltes ganes de passar-ho b\u00e9 i sentir els&hellip;<\/div>\n                \n                                    <footer class=\"wp-block-getwid-recent-posts__entry-footer\">\n                                                    <p class=\"wp-block-getwid-recent-posts__post-categories\">\n                                <a href=\"https:\/\/calgabriel.es\/en\/category\/uncategorized-ca\/\" rel=\"category tag\">Uncategorized @ca<\/a>                            <\/p>\n                                                                    <\/footer>\n                            <\/div>\n            <\/div>\n<\/article>\n\n<article id=\"post-615\" class=\"wp-block-getwid-recent-posts__post\">\n    <div class=\"wp-block-getwid-recent-posts__post-wrapper\">\n                    <div class=\"wp-block-getwid-recent-posts__post-thumbnail\">\n                <a href=\"https:\/\/calgabriel.es\/en\/trementinaires2019\/\"><img decoding=\"async\" width=\"1170\" height=\"614\" data-src=\"https:\/\/calgabriel.es\/wp-content\/uploads\/2019\/03\/Trementinaires-2019.jpg\" class=\"attachment-post-thumbnail size-post-thumbnail wp-post-image lazyload\" alt=\"20a Festa i Fira Trementinaires: 18 i 19 de maig del 2019\" data-srcset=\"https:\/\/calgabriel.es\/wp-content\/uploads\/2019\/03\/Trementinaires-2019.jpg 2362w, https:\/\/calgabriel.es\/wp-content\/uploads\/2019\/03\/Trementinaires-2019-600x315.jpg 600w\" data-sizes=\"(max-width: 1170px) 100vw, 1170px\" src=\"data:image\/svg+xml;base64,PHN2ZyB3aWR0aD0iMSIgaGVpZ2h0PSIxIiB4bWxucz0iaHR0cDovL3d3dy53My5vcmcvMjAwMC9zdmciPjwvc3ZnPg==\" style=\"--smush-placeholder-width: 1170px; --smush-placeholder-aspect-ratio: 1170\/614;\" \/><\/a>\n            <\/div>\n                            <div class=\"wp-block-getwid-recent-posts__content-wrapper\">\n                                    <header class=\"wp-block-getwid-recent-posts__entry-header\">\n                                                    <h3 class=\"wp-block-getwid-recent-posts__post-title\"><a href=\"https:\/\/calgabriel.es\/en\/trementinaires2019\/\">20a Festa i Fira Trementinaires: 18 i 19 de maig del 2019<\/a><\/h3>                                                                            <div class=\"wp-block-getwid-recent-posts__entry-meta\">\n                                                                    <span class=\"wp-block-getwid-recent-posts__post-date\">\n                                        <time datetime=\"2019-03-31T12:03:16+00:00\"><a href=\"https:\/\/calgabriel.es\/en\/2019\/03\/31\/\">31\/03\/2019<\/a><\/time>\n                                    <\/span>\n                                                            <\/div>\n                                            <\/header>\n                                <div class=\"wp-block-getwid-recent-posts__post-content\">Programa activitats Festa i Fira Trementinaires 2019<\/div>\n                \n                                    <footer class=\"wp-block-getwid-recent-posts__entry-footer\">\n                                                    <p class=\"wp-block-getwid-recent-posts__post-categories\">\n                                <a href=\"https:\/\/calgabriel.es\/en\/category\/activitats\/\" rel=\"category tag\">Activitats<\/a>                            <\/p>\n                                                                    <\/footer>\n                            <\/div>\n            <\/div>\n<\/article>\n\n<article id=\"post-611\" class=\"wp-block-getwid-recent-posts__post\">\n    <div class=\"wp-block-getwid-recent-posts__post-wrapper\">\n                            <div class=\"wp-block-getwid-recent-posts__content-wrapper\">\n                                    <header class=\"wp-block-getwid-recent-posts__entry-header\">\n                                                    <h3 class=\"wp-block-getwid-recent-posts__post-title\"><a href=\"https:\/\/calgabriel.es\/en\/dia-mundial-de-la-son\/\">Dia Mundial de la Son, i ens hem adormit!!! \/\/ D\u00eda mundial del sue\u00f1o, y nos hemos dormido!<\/a><\/h3>                                                                            <div class=\"wp-block-getwid-recent-posts__entry-meta\">\n                                                                    <span class=\"wp-block-getwid-recent-posts__post-date\">\n                                        <time datetime=\"2019-03-19T17:25:13+00:00\"><a href=\"https:\/\/calgabriel.es\/en\/2019\/03\/19\/\">19\/03\/2019<\/a><\/time>\n                                    <\/span>\n                                                            <\/div>\n                                            <\/header>\n                                <div class=\"wp-block-getwid-recent-posts__post-content\">El passat dia 15 de mar\u00e7 es va celebrar el dia mundial de la son, una data on es parla de la import\u00e0ncia de la qualitat de la son, i les repercussions que tenen en el nostre benestar f\u00edsic i emocional&#8230; i nosaltres ens vam adormir!!! Ens haureu de perdonar, per\u00f2 fa poc que estrenem&hellip;<\/div>\n                \n                                    <footer class=\"wp-block-getwid-recent-posts__entry-footer\">\n                                                    <p class=\"wp-block-getwid-recent-posts__post-categories\">\n                                <a href=\"https:\/\/calgabriel.es\/en\/category\/casa\/\" rel=\"category tag\">Casa<\/a>                            <\/p>\n                                                                    <\/footer>\n                            <\/div>\n            <\/div>\n<\/article>\n\n<article id=\"post-595\" class=\"wp-block-getwid-recent-posts__post\">\n    <div class=\"wp-block-getwid-recent-posts__post-wrapper\">\n                    <div class=\"wp-block-getwid-recent-posts__post-thumbnail\">\n                <a href=\"https:\/\/calgabriel.es\/en\/premi-de-la-grossa\/\"><img decoding=\"async\" width=\"231\" height=\"231\" data-src=\"https:\/\/calgabriel.es\/wp-content\/uploads\/2019\/01\/game-grossa.png\" class=\"attachment-post-thumbnail size-post-thumbnail wp-post-image lazyload\" alt=\"Premi de &#8220;La Grossa de cap d&#8217;any&#8221;\" data-srcset=\"https:\/\/calgabriel.es\/wp-content\/uploads\/2019\/01\/game-grossa.png 231w, https:\/\/calgabriel.es\/wp-content\/uploads\/2019\/01\/game-grossa-100x100.png 100w\" data-sizes=\"(max-width: 231px) 100vw, 231px\" src=\"data:image\/svg+xml;base64,PHN2ZyB3aWR0aD0iMSIgaGVpZ2h0PSIxIiB4bWxucz0iaHR0cDovL3d3dy53My5vcmcvMjAwMC9zdmciPjwvc3ZnPg==\" style=\"--smush-placeholder-width: 231px; --smush-placeholder-aspect-ratio: 231\/231;\" \/><\/a>\n            <\/div>\n                            <div class=\"wp-block-getwid-recent-posts__content-wrapper\">\n                                    <header class=\"wp-block-getwid-recent-posts__entry-header\">\n                                                    <h3 class=\"wp-block-getwid-recent-posts__post-title\"><a href=\"https:\/\/calgabriel.es\/en\/premi-de-la-grossa\/\">Premi de &#8220;La Grossa de cap d&#8217;any&#8221;<\/a><\/h3>                                                                            <div class=\"wp-block-getwid-recent-posts__entry-meta\">\n                                                                    <span class=\"wp-block-getwid-recent-posts__post-date\">\n                                        <time datetime=\"2019-01-15T16:43:19+00:00\"><a href=\"https:\/\/calgabriel.es\/en\/2019\/01\/15\/\">15\/01\/2019<\/a><\/time>\n                                    <\/span>\n                                                            <\/div>\n                                            <\/header>\n                                <div class=\"wp-block-getwid-recent-posts__post-content\">Aquest 2019 hem comen\u00e7at l&#8217;any repartint un petit premi de 3,5\u20ac per bitllet comprat de la Grossa de cap d&#8217;any de l&#8217;associaci\u00f3 Valls del Pedraforca. A tots aquells clients que van adquirir una participaci\u00f3, podeu reclamar el vostre premi de la seg\u00fcent manera: Fer una foto a la butlleta, on es vegi clarament el n\u00famero&hellip;<\/div>\n                \n                                    <footer class=\"wp-block-getwid-recent-posts__entry-footer\">\n                                                    <p class=\"wp-block-getwid-recent-posts__post-categories\">\n                                <a href=\"https:\/\/calgabriel.es\/en\/category\/uncategorized-ca\/\" rel=\"category tag\">Uncategorized @ca<\/a>                            <\/p>\n                                                                    <\/footer>\n                            <\/div>\n            <\/div>\n<\/article>\n\n<article id=\"post-581\" class=\"wp-block-getwid-recent-posts__post\">\n    <div class=\"wp-block-getwid-recent-posts__post-wrapper\">\n                    <div class=\"wp-block-getwid-recent-posts__post-thumbnail\">\n                <a href=\"https:\/\/calgabriel.es\/en\/emsiones-de-carbono\/\"><img decoding=\"async\" width=\"475\" height=\"173\" data-src=\"https:\/\/calgabriel.es\/wp-content\/uploads\/2018\/12\/co2free.png\" class=\"attachment-post-thumbnail size-post-thumbnail wp-post-image lazyload\" alt=\"Emisiones de carbono\" src=\"data:image\/svg+xml;base64,PHN2ZyB3aWR0aD0iMSIgaGVpZ2h0PSIxIiB4bWxucz0iaHR0cDovL3d3dy53My5vcmcvMjAwMC9zdmciPjwvc3ZnPg==\" style=\"--smush-placeholder-width: 475px; --smush-placeholder-aspect-ratio: 475\/173;\" \/><\/a>\n            <\/div>\n                            <div class=\"wp-block-getwid-recent-posts__content-wrapper\">\n                                    <header class=\"wp-block-getwid-recent-posts__entry-header\">\n                                                    <h3 class=\"wp-block-getwid-recent-posts__post-title\"><a href=\"https:\/\/calgabriel.es\/en\/emsiones-de-carbono\/\">Emisiones de carbono<\/a><\/h3>                                                                            <div class=\"wp-block-getwid-recent-posts__entry-meta\">\n                                                                    <span class=\"wp-block-getwid-recent-posts__post-date\">\n                                        <time datetime=\"2018-12-22T20:23:44+00:00\"><a href=\"https:\/\/calgabriel.es\/en\/2018\/12\/22\/\">22\/12\/2018<\/a><\/time>\n                                    <\/span>\n                                                            <\/div>\n                                            <\/header>\n                                <div class=\"wp-block-getwid-recent-posts__post-content\">(Versi\u00f3n en castellano) Com sempre hem dit, totes les decisions que prenem com a persones i com a negoci tenen impacte al nostre entorn, tant en positiu com en negatiu, i no hi ha res m\u00e9s important que tenir coneixement de quina \u00e9s la seva magnitud i, en cas de les negatives, reduir al m\u00e0xim&hellip;<\/div>\n                \n                                    <footer class=\"wp-block-getwid-recent-posts__entry-footer\">\n                                                    <p class=\"wp-block-getwid-recent-posts__post-categories\">\n                                <a href=\"https:\/\/calgabriel.es\/en\/category\/general\/\" rel=\"category tag\">General<\/a>                            <\/p>\n                                                                    <\/footer>\n                            <\/div>\n            <\/div>\n<\/article>\n\n<article id=\"post-575\" class=\"wp-block-getwid-recent-posts__post\">\n    <div class=\"wp-block-getwid-recent-posts__post-wrapper\">\n                            <div class=\"wp-block-getwid-recent-posts__content-wrapper\">\n                                    <header class=\"wp-block-getwid-recent-posts__entry-header\">\n                                                    <h3 class=\"wp-block-getwid-recent-posts__post-title\"><a href=\"https:\/\/calgabriel.es\/en\/mestre-fabra\/\">&#8220;Mestre Fabra&#8221; a Tuixent<\/a><\/h3>                                                                            <div class=\"wp-block-getwid-recent-posts__entry-meta\">\n                                                                    <span class=\"wp-block-getwid-recent-posts__post-date\">\n                                        <time datetime=\"2018-12-11T18:08:46+00:00\"><a href=\"https:\/\/calgabriel.es\/en\/2018\/12\/11\/\">11\/12\/2018<\/a><\/time>\n                                    <\/span>\n                                                            <\/div>\n                                            <\/header>\n                                <div class=\"wp-block-getwid-recent-posts__post-content\">Aquest any 2018 est\u00e0 dedicat a commemorar la figura i obra de Pompeu Fabra, un dels m\u00e9s il\u00b7lustres ling\u00fcistes i gram\u00e0tics catalans, fent coincidint els 150 anys del seu naixement, i els 100 anys de la publicaci\u00f3 de Gram\u00e0tica catalana. Tuixent se suma als actes que s&#8217;estan duent a terme a tot Catalunya, i el&hellip;<\/div>\n                \n                                    <footer class=\"wp-block-getwid-recent-posts__entry-footer\">\n                                                    <p class=\"wp-block-getwid-recent-posts__post-categories\">\n                                <a href=\"https:\/\/calgabriel.es\/en\/category\/activitats\/\" rel=\"category tag\">Activitats<\/a>                            <\/p>\n                                                                    <\/footer>\n                            <\/div>\n            <\/div>\n<\/article>\n\n<article id=\"post-557\" class=\"wp-block-getwid-recent-posts__post\">\n    <div class=\"wp-block-getwid-recent-posts__post-wrapper\">\n                            <div class=\"wp-block-getwid-recent-posts__content-wrapper\">\n                                    <header class=\"wp-block-getwid-recent-posts__entry-header\">\n                                                    <h3 class=\"wp-block-getwid-recent-posts__post-title\"><a href=\"https:\/\/calgabriel.es\/en\/josa-de-cadi-poble-bonic-catalunya\/\">Josa de Cad\u00ed: poble m\u00e9s bonic de Catalunya<\/a><\/h3>                                                                            <div class=\"wp-block-getwid-recent-posts__entry-meta\">\n                                                                    <span class=\"wp-block-getwid-recent-posts__post-date\">\n                                        <time datetime=\"2018-07-20T21:17:12+00:00\"><a href=\"https:\/\/calgabriel.es\/en\/2018\/07\/20\/\">20\/07\/2018<\/a><\/time>\n                                    <\/span>\n                                                            <\/div>\n                                            <\/header>\n                                <div class=\"wp-block-getwid-recent-posts__post-content\">El diari digital catal\u00e0 Naci\u00f3Digital\u00a0est\u00e0 duent a terme una votaci\u00f3 per escollir, entre 30 seleccionats, quin \u00e9s el poble m\u00e9s bonic de Catalunya, i Josa de Cad\u00ed ha estat un dels seleccionats per la seva bellesa i ubicaci\u00f3; ens ajudes a fer-lo guanyador? Nom\u00e9s cal entrar en aquest enlla\u00e7, buscar-lo a la llista i clicar&hellip;<\/div>\n                \n                                    <footer class=\"wp-block-getwid-recent-posts__entry-footer\">\n                                                    <p class=\"wp-block-getwid-recent-posts__post-categories\">\n                                <a href=\"https:\/\/calgabriel.es\/en\/category\/general\/\" rel=\"category tag\">General<\/a>                            <\/p>\n                                                                    <\/footer>\n                            <\/div>\n            <\/div>\n<\/article>\n\n<article id=\"post-536\" class=\"wp-block-getwid-recent-posts__post\">\n    <div class=\"wp-block-getwid-recent-posts__post-wrapper\">\n                            <div class=\"wp-block-getwid-recent-posts__content-wrapper\">\n                                    <header class=\"wp-block-getwid-recent-posts__entry-header\">\n                                                    <h3 class=\"wp-block-getwid-recent-posts__post-title\"><a href=\"https:\/\/calgabriel.es\/en\/fira-trementinaires-2018\/\">Fira Trementinaires 2018<\/a><\/h3>                                                                            <div class=\"wp-block-getwid-recent-posts__entry-meta\">\n                                                                    <span class=\"wp-block-getwid-recent-posts__post-date\">\n                                        <time datetime=\"2018-05-09T20:00:33+00:00\"><a href=\"https:\/\/calgabriel.es\/en\/2018\/05\/09\/\">09\/05\/2018<\/a><\/time>\n                                    <\/span>\n                                                            <\/div>\n                                            <\/header>\n                                <div class=\"wp-block-getwid-recent-posts__post-content\">NOVA EDICI\u00d3 2022 (Castellano) Ja tenim aqu\u00ed la nova edici\u00f3 de la Fira de les Trementinaires 2018: els dies 26 i 27 de maig del 2018, a la Vall de la Vansa i Tuixent. Us adjuntem el programa del cap de setmana on podeu trobar totes les activitats que es duran a terme (IMPORTANT: segons&hellip;<\/div>\n                \n                                    <footer class=\"wp-block-getwid-recent-posts__entry-footer\">\n                                                    <p class=\"wp-block-getwid-recent-posts__post-categories\">\n                                <a href=\"https:\/\/calgabriel.es\/en\/category\/activitats\/\" rel=\"category tag\">Activitats<\/a>                            <\/p>\n                                                                    <\/footer>\n                            <\/div>\n            <\/div>\n<\/article>\n\n<article id=\"post-528\" class=\"wp-block-getwid-recent-posts__post\">\n    <div class=\"wp-block-getwid-recent-posts__post-wrapper\">\n                            <div class=\"wp-block-getwid-recent-posts__content-wrapper\">\n                                    <header class=\"wp-block-getwid-recent-posts__entry-header\">\n                                                    <h3 class=\"wp-block-getwid-recent-posts__post-title\"><a href=\"https:\/\/calgabriel.es\/en\/presentacio-valls-del-pedraforca\/\">Presentaci\u00f3: Valls del Pedraforca<\/a><\/h3>                                                                            <div class=\"wp-block-getwid-recent-posts__entry-meta\">\n                                                                    <span class=\"wp-block-getwid-recent-posts__post-date\">\n                                        <time datetime=\"2018-05-07T12:14:21+00:00\"><a href=\"https:\/\/calgabriel.es\/en\/2018\/05\/07\/\">07\/05\/2018<\/a><\/time>\n                                    <\/span>\n                                                            <\/div>\n                                            <\/header>\n                                <div class=\"wp-block-getwid-recent-posts__post-content\">L&#8217;associaci\u00f3 Valls del Pedraforca (www.visitpedraforca.com), de la que Cal Gabriel forma part com a soci impulsor, us convida a una nova presentaci\u00f3 de l&#8217;associaci\u00f3, aquest dijous 10 de maig a les 19h al C\u00e0mping Cad\u00ed vacances de G\u00f3sol. A m\u00e9s de la presentaci\u00f3 podreu gaudir d&#8217;un pica-pica amb productes de la zona. La presentaci\u00f3 \u00e9s&hellip;<\/div>\n                \n                                    <footer class=\"wp-block-getwid-recent-posts__entry-footer\">\n                                                    <p class=\"wp-block-getwid-recent-posts__post-categories\">\n                                <a href=\"https:\/\/calgabriel.es\/en\/category\/uncategorized-ca\/\" rel=\"category tag\">Uncategorized @ca<\/a>                            <\/p>\n                                                                    <\/footer>\n                            <\/div>\n            <\/div>\n<\/article>\n\n<article id=\"post-520\" class=\"wp-block-getwid-recent-posts__post\">\n    <div class=\"wp-block-getwid-recent-posts__post-wrapper\">\n                            <div class=\"wp-block-getwid-recent-posts__content-wrapper\">\n                                    <header class=\"wp-block-getwid-recent-posts__entry-header\">\n                                                    <h3 class=\"wp-block-getwid-recent-posts__post-title\"><a href=\"https:\/\/calgabriel.es\/en\/obren-pistes-desqui\/\">Obren les pistes d&#8217;esqu\u00ed \/\/ Abren las pistas de esqu\u00ed<\/a><\/h3>                                                                            <div class=\"wp-block-getwid-recent-posts__entry-meta\">\n                                                                    <span class=\"wp-block-getwid-recent-posts__post-date\">\n                                        <time datetime=\"2017-12-29T20:46:36+00:00\"><a href=\"https:\/\/calgabriel.es\/en\/2017\/12\/29\/\">29\/12\/2017<\/a><\/time>\n                                    <\/span>\n                                                            <\/div>\n                                            <\/header>\n                                <div class=\"wp-block-getwid-recent-posts__post-content\">(Castellano) Ja ens ha arribat la neu, i els nostres companys de les pistes d&#8217;esqu\u00ed ja ho tenen tot preparat perqu\u00e8 la puguem gaudir al m\u00e0xim. Les pistes de Tuixent-La Vansa ja s\u00f3n obertes al 100%, amb tots els circuits d&#8217;esqu\u00ed tra\u00e7ats, i tot a punt per disfrutar de l&#8217;experi\u00e8ncia de l&#8217;esqu\u00ed n\u00f2rdic i de&hellip;<\/div>\n                \n                                    <footer class=\"wp-block-getwid-recent-posts__entry-footer\">\n                                                    <p class=\"wp-block-getwid-recent-posts__post-categories\">\n                                <a href=\"https:\/\/calgabriel.es\/en\/category\/activitats\/\" rel=\"category tag\">Activitats<\/a>, <a href=\"https:\/\/calgabriel.es\/en\/category\/general\/\" rel=\"category tag\">General<\/a>                            <\/p>\n                                                                    <\/footer>\n                            <\/div>\n            <\/div>\n<\/article>\n\n<article id=\"post-477\" class=\"wp-block-getwid-recent-posts__post\">\n    <div class=\"wp-block-getwid-recent-posts__post-wrapper\">\n                            <div class=\"wp-block-getwid-recent-posts__content-wrapper\">\n                                    <header class=\"wp-block-getwid-recent-posts__entry-header\">\n                                                    <h3 class=\"wp-block-getwid-recent-posts__post-title\"><a href=\"https:\/\/calgabriel.es\/en\/fira-trementinaires-2017\/\">Fira Trementinaires 2017<\/a><\/h3>                                                                            <div class=\"wp-block-getwid-recent-posts__entry-meta\">\n                                                                    <span class=\"wp-block-getwid-recent-posts__post-date\">\n                                        <time datetime=\"2017-04-24T20:13:56+00:00\"><a href=\"https:\/\/calgabriel.es\/en\/2017\/04\/24\/\">24\/04\/2017<\/a><\/time>\n                                    <\/span>\n                                                            <\/div>\n                                            <\/header>\n                                <div class=\"wp-block-getwid-recent-posts__post-content\">NOVA EDICI\u00d3 2022 Para castellano pulsa aqu\u00ed Ja tenim aqu\u00ed el programa de la Fira de les Trementinaires d&#8217;aquest any 2017; enguany es celebra els dies 27 i 28 de maig, als pobles de les valls de Tuixent i La Vansa. Recordeu la necessitat de fer inscripci\u00f3 per a les activitats i cursos que es&hellip;<\/div>\n                \n                                    <footer class=\"wp-block-getwid-recent-posts__entry-footer\">\n                                                    <p class=\"wp-block-getwid-recent-posts__post-categories\">\n                                <a href=\"https:\/\/calgabriel.es\/en\/category\/activitats\/\" rel=\"category tag\">Activitats<\/a>                            <\/p>\n                                                                    <\/footer>\n                            <\/div>\n            <\/div>\n<\/article>\n\n<article id=\"post-468\" class=\"wp-block-getwid-recent-posts__post\">\n    <div class=\"wp-block-getwid-recent-posts__post-wrapper\">\n                            <div class=\"wp-block-getwid-recent-posts__content-wrapper\">\n                                    <header class=\"wp-block-getwid-recent-posts__entry-header\">\n                                                    <h3 class=\"wp-block-getwid-recent-posts__post-title\"><a href=\"https:\/\/calgabriel.es\/en\/hora-del-planeta\/\">L&#8217;Hora del planeta \/\/ La hora del planeta<\/a><\/h3>                                                                            <div class=\"wp-block-getwid-recent-posts__entry-meta\">\n                                                                    <span class=\"wp-block-getwid-recent-posts__post-date\">\n                                        <time datetime=\"2017-03-23T21:47:02+00:00\"><a href=\"https:\/\/calgabriel.es\/en\/2017\/03\/23\/\">23\/03\/2017<\/a><\/time>\n                                    <\/span>\n                                                            <\/div>\n                                            <\/header>\n                                <div class=\"wp-block-getwid-recent-posts__post-content\">Para castellano pulsa aqu\u00ed Aquest dissabte dia 25 de mar\u00e7, de 20:30h a 21:30h, apaga la llum per donar un respir al planeta!! Aquesta iniciativa, promoguda per l&#8217;ONG WWF, ens convida a reduir el consum de llum, durant una hora, per prendre consci\u00e8ncia sobre el canvi clim\u00e0tic i la necessitat de cuidar del medi ambient.&hellip;<\/div>\n                \n                                    <footer class=\"wp-block-getwid-recent-posts__entry-footer\">\n                                                    <p class=\"wp-block-getwid-recent-posts__post-categories\">\n                                <a href=\"https:\/\/calgabriel.es\/en\/category\/general\/\" rel=\"category tag\">General<\/a>                            <\/p>\n                                                                    <\/footer>\n                            <\/div>\n            <\/div>\n<\/article>\n\n<article id=\"post-460\" class=\"wp-block-getwid-recent-posts__post\">\n    <div class=\"wp-block-getwid-recent-posts__post-wrapper\">\n                    <div class=\"wp-block-getwid-recent-posts__post-thumbnail\">\n                <a href=\"https:\/\/calgabriel.es\/en\/video-promocional-tuixent-la-vansa\/\"><img decoding=\"async\" width=\"302\" height=\"256\" data-src=\"https:\/\/calgabriel.es\/wp-content\/uploads\/2013\/01\/logo1.jpg\" class=\"attachment-post-thumbnail size-post-thumbnail wp-post-image lazyload\" alt=\"Video promocional Tuixent &#8211; La Vansa\" data-srcset=\"https:\/\/calgabriel.es\/wp-content\/uploads\/2013\/01\/logo1.jpg 302w, https:\/\/calgabriel.es\/wp-content\/uploads\/2013\/01\/logo1-300x254.jpg 300w, https:\/\/calgabriel.es\/wp-content\/uploads\/2013\/01\/logo1-176x150.jpg 176w\" data-sizes=\"(max-width: 302px) 100vw, 302px\" src=\"data:image\/svg+xml;base64,PHN2ZyB3aWR0aD0iMSIgaGVpZ2h0PSIxIiB4bWxucz0iaHR0cDovL3d3dy53My5vcmcvMjAwMC9zdmciPjwvc3ZnPg==\" style=\"--smush-placeholder-width: 302px; --smush-placeholder-aspect-ratio: 302\/256;\" \/><\/a>\n            <\/div>\n                            <div class=\"wp-block-getwid-recent-posts__content-wrapper\">\n                                    <header class=\"wp-block-getwid-recent-posts__entry-header\">\n                                                    <h3 class=\"wp-block-getwid-recent-posts__post-title\"><a href=\"https:\/\/calgabriel.es\/en\/video-promocional-tuixent-la-vansa\/\">Video promocional Tuixent &#8211; La Vansa<\/a><\/h3>                                                                            <div class=\"wp-block-getwid-recent-posts__entry-meta\">\n                                                                    <span class=\"wp-block-getwid-recent-posts__post-date\">\n                                        <time datetime=\"2017-01-16T20:55:25+00:00\"><a href=\"https:\/\/calgabriel.es\/en\/2017\/01\/16\/\">16\/01\/2017<\/a><\/time>\n                                    <\/span>\n                                                            <\/div>\n                                            <\/header>\n                                <div class=\"wp-block-getwid-recent-posts__post-content\">Para castellano pulsa aqu\u00ed Aquest any les pistes d&#8217;esqu\u00ed de Tuixent-LaVansa celebren el seu 35\u00e8 aniversari, i a m\u00e9s de fer-ho amb la millor qualitat de neu possible, ho fan amb la creaci\u00f3 d&#8217;un v\u00eddeo promocional que mostra la meravella de pistes d&#8217;esqu\u00ed que tenim a tan pocs quil\u00f2metres de casa: bona neu, bon ambient,&hellip;<\/div>\n                \n                                    <footer class=\"wp-block-getwid-recent-posts__entry-footer\">\n                                                    <p class=\"wp-block-getwid-recent-posts__post-categories\">\n                                <a href=\"https:\/\/calgabriel.es\/en\/category\/activitats\/\" rel=\"category tag\">Activitats<\/a>                            <\/p>\n                                                                    <\/footer>\n                            <\/div>\n            <\/div>\n<\/article>\n\n<article id=\"post-453\" class=\"wp-block-getwid-recent-posts__post\">\n    <div class=\"wp-block-getwid-recent-posts__post-wrapper\">\n                            <div class=\"wp-block-getwid-recent-posts__content-wrapper\">\n                                    <header class=\"wp-block-getwid-recent-posts__entry-header\">\n                                                    <h3 class=\"wp-block-getwid-recent-posts__post-title\"><a href=\"https:\/\/calgabriel.es\/en\/temporada-desqui\/\">Iniciem temporada d&#8217;esqu\u00ed!! \/\/ \u00a1\u00a1Iniciamos temporada de esqu\u00ed!!<\/a><\/h3>                                                                            <div class=\"wp-block-getwid-recent-posts__entry-meta\">\n                                                                    <span class=\"wp-block-getwid-recent-posts__post-date\">\n                                        <time datetime=\"2016-12-03T21:07:30+00:00\"><a href=\"https:\/\/calgabriel.es\/en\/2016\/12\/03\/\">03\/12\/2016<\/a><\/time>\n                                    <\/span>\n                                                            <\/div>\n                                            <\/header>\n                                <div class=\"wp-block-getwid-recent-posts__post-content\">Aquest any els esquiadors estan d&#8217;enhorabona, JA SON OBERTES LES PISTES D&#8217;ESQU\u00cd!! Tuixent-LaVansa i Port del Comte estan funcionant a ple rendiment, oferint la millor oferta d&#8217;esqu\u00ed amb una qualitat de neu excepcional. I que millor que gaudir tamb\u00e9 d&#8217;un bon descans i un bon \u00e0pat a Cal Gabriel? Demana&#8217;ns informaci\u00f3 de les nostres ofertes&hellip;<\/div>\n                \n                                    <footer class=\"wp-block-getwid-recent-posts__entry-footer\">\n                                                    <p class=\"wp-block-getwid-recent-posts__post-categories\">\n                                <a href=\"https:\/\/calgabriel.es\/en\/category\/activitats\/\" rel=\"category tag\">Activitats<\/a>                            <\/p>\n                                                                    <\/footer>\n                            <\/div>\n            <\/div>\n<\/article>\n\n<article id=\"post-450\" class=\"wp-block-getwid-recent-posts__post\">\n    <div class=\"wp-block-getwid-recent-posts__post-wrapper\">\n                            <div class=\"wp-block-getwid-recent-posts__content-wrapper\">\n                                    <header class=\"wp-block-getwid-recent-posts__entry-header\">\n                                                    <h3 class=\"wp-block-getwid-recent-posts__post-title\"><a href=\"https:\/\/calgabriel.es\/en\/fira-de-la-vall2016\/\">24\u00aa Fira de la Vall a Tuixent: 8 de desembre del 2016<\/a><\/h3>                                                                            <div class=\"wp-block-getwid-recent-posts__entry-meta\">\n                                                                    <span class=\"wp-block-getwid-recent-posts__post-date\">\n                                        <time datetime=\"2016-10-31T18:06:52+00:00\"><a href=\"https:\/\/calgabriel.es\/en\/2016\/10\/31\/\">31\/10\/2016<\/a><\/time>\n                                    <\/span>\n                                                            <\/div>\n                                            <\/header>\n                                <div class=\"wp-block-getwid-recent-posts__post-content\">Agafeu agenda i apunteu, dia 8 de desembre, a Tuixent, se celebra la 24\u00aa Fira de la Vall, una nova oportunitat per adquirir productes elaborats pels artesans de la Vall i voltants. Durant tot el dia podreu comprar productes artesans, de qualitat i de proximitat. Tot amenitzat amb la m\u00fasica tradicional de la m\u00e0 d&#8217;en&hellip;<\/div>\n                \n                                    <footer class=\"wp-block-getwid-recent-posts__entry-footer\">\n                                                    <p class=\"wp-block-getwid-recent-posts__post-categories\">\n                                <a href=\"https:\/\/calgabriel.es\/en\/category\/activitats\/\" rel=\"category tag\">Activitats<\/a>                            <\/p>\n                                                                    <\/footer>\n                            <\/div>\n            <\/div>\n<\/article>\n\n<article id=\"post-443\" class=\"wp-block-getwid-recent-posts__post\">\n    <div class=\"wp-block-getwid-recent-posts__post-wrapper\">\n                            <div class=\"wp-block-getwid-recent-posts__content-wrapper\">\n                                    <header class=\"wp-block-getwid-recent-posts__entry-header\">\n                                                    <h3 class=\"wp-block-getwid-recent-posts__post-title\"><a href=\"https:\/\/calgabriel.es\/en\/festa-de-sant-jaume-2016\/\">Festa de Sant Jaume 2016: 23, 24 i 25 de juliol<\/a><\/h3>                                                                            <div class=\"wp-block-getwid-recent-posts__entry-meta\">\n                                                                    <span class=\"wp-block-getwid-recent-posts__post-date\">\n                                        <time datetime=\"2016-07-19T19:27:21+00:00\"><a href=\"https:\/\/calgabriel.es\/en\/2016\/07\/19\/\">19\/07\/2016<\/a><\/time>\n                                    <\/span>\n                                                            <\/div>\n                                            <\/header>\n                                <div class=\"wp-block-getwid-recent-posts__post-content\">Com cada any, a Tuixent se celebra la festa de Sant Jaume, un aplec anual el diumenge del seu patr\u00f3, al prat de l&#8217;ermita de Sant Jaume. A continuaci\u00f3 us mostrem el programa: Dissabte 23 de Juliol 11:00h\u00a0Visita guiada al Centre de Flora de Tuixent (inscripci\u00f3 pr\u00e8via al 973.37.00.30) 23:00h\u00a0Ball de nit amb JORDI ROJALS&hellip;<\/div>\n                \n                                    <footer class=\"wp-block-getwid-recent-posts__entry-footer\">\n                                                    <p class=\"wp-block-getwid-recent-posts__post-categories\">\n                                <a href=\"https:\/\/calgabriel.es\/en\/category\/activitats\/\" rel=\"category tag\">Activitats<\/a>                            <\/p>\n                                                                    <\/footer>\n                            <\/div>\n            <\/div>\n<\/article>\n\n<article id=\"post-435\" class=\"wp-block-getwid-recent-posts__post\">\n    <div class=\"wp-block-getwid-recent-posts__post-wrapper\">\n                            <div class=\"wp-block-getwid-recent-posts__content-wrapper\">\n                                    <header class=\"wp-block-getwid-recent-posts__entry-header\">\n                                                    <h3 class=\"wp-block-getwid-recent-posts__post-title\"><a href=\"https:\/\/calgabriel.es\/en\/premi-de-poesia-de-la-vall-de-la-vansa-i-tuixent\/\">I Premi de Poesia de la Vall de la Vansa i Tuixent<\/a><\/h3>                                                                            <div class=\"wp-block-getwid-recent-posts__entry-meta\">\n                                                                    <span class=\"wp-block-getwid-recent-posts__post-date\">\n                                        <time datetime=\"2016-06-07T13:36:53+00:00\"><a href=\"https:\/\/calgabriel.es\/en\/2016\/06\/07\/\">07\/06\/2016<\/a><\/time>\n                                    <\/span>\n                                                            <\/div>\n                                            <\/header>\n                                <div class=\"wp-block-getwid-recent-posts__post-content\">Enguany, els\u00a0Ajuntaments de Josa i Tuixent i la Vansa i F\u00f3rnols, amb la col\u00b7laboraci\u00f3 del Consell Comarcal de l&#8217;Alt Urgell, organitzen el primer premi de poesia en catal\u00e0 de la vall. Per participar nom\u00e9s cal presentar una obra de poesia in\u00e8dita, en catal\u00e0, amb una extensi\u00f3 compresa entre els 14 i els 50 versos o&hellip;<\/div>\n                \n                                    <footer class=\"wp-block-getwid-recent-posts__entry-footer\">\n                                                    <p class=\"wp-block-getwid-recent-posts__post-categories\">\n                                <a href=\"https:\/\/calgabriel.es\/en\/category\/activitats\/\" rel=\"category tag\">Activitats<\/a>                            <\/p>\n                                                                    <\/footer>\n                            <\/div>\n            <\/div>\n<\/article>\n\n<article id=\"post-420\" class=\"wp-block-getwid-recent-posts__post\">\n    <div class=\"wp-block-getwid-recent-posts__post-wrapper\">\n                            <div class=\"wp-block-getwid-recent-posts__content-wrapper\">\n                                    <header class=\"wp-block-getwid-recent-posts__entry-header\">\n                                                    <h3 class=\"wp-block-getwid-recent-posts__post-title\"><a href=\"https:\/\/calgabriel.es\/en\/sant-jordi-2016\/\">Bona diada de Sant Jordi! \/\/ Feliz Diada de Sant Jordi<\/a><\/h3>                                                                            <div class=\"wp-block-getwid-recent-posts__entry-meta\">\n                                                                    <span class=\"wp-block-getwid-recent-posts__post-date\">\n                                        <time datetime=\"2016-04-23T06:00:51+00:00\"><a href=\"https:\/\/calgabriel.es\/en\/2016\/04\/23\/\">23\/04\/2016<\/a><\/time>\n                                    <\/span>\n                                                            <\/div>\n                                            <\/header>\n                                <div class=\"wp-block-getwid-recent-posts__post-content\">(Castellano) Des de Cal Gabriel us volem desitjar una bona diada de Sant Jordi 2016, plena de llibres, roses, bona companyia, bon menjar i bon relax. Aprofitem l&#8217;avinentesa per recomanar-vos un parell de llibres que tenen com escenari la nostra preciosa Vall de la Vansa i Tuixent: &#8220;Les dones s\u00e0vies de la muntanya&#8221; d&#8217;en David&hellip;<\/div>\n                \n                                    <footer class=\"wp-block-getwid-recent-posts__entry-footer\">\n                                                    <p class=\"wp-block-getwid-recent-posts__post-categories\">\n                                <a href=\"https:\/\/calgabriel.es\/en\/category\/uncategorized-ca\/\" rel=\"category tag\">Uncategorized @ca<\/a>                            <\/p>\n                                                                    <\/footer>\n                            <\/div>\n            <\/div>\n<\/article>\n\n<article id=\"post-415\" class=\"wp-block-getwid-recent-posts__post\">\n    <div class=\"wp-block-getwid-recent-posts__post-wrapper\">\n                            <div class=\"wp-block-getwid-recent-posts__content-wrapper\">\n                                    <header class=\"wp-block-getwid-recent-posts__entry-header\">\n                                                    <h3 class=\"wp-block-getwid-recent-posts__post-title\"><a href=\"https:\/\/calgabriel.es\/en\/cal-gabriel-triodos-bank\/\">Cal Gabriel &#038; Triodos Bank<\/a><\/h3>                                                                            <div class=\"wp-block-getwid-recent-posts__entry-meta\">\n                                                                    <span class=\"wp-block-getwid-recent-posts__post-date\">\n                                        <time datetime=\"2016-04-11T12:24:00+00:00\"><a href=\"https:\/\/calgabriel.es\/en\/2016\/04\/11\/\">11\/04\/2016<\/a><\/time>\n                                    <\/span>\n                                                            <\/div>\n                                            <\/header>\n                                <div class=\"wp-block-getwid-recent-posts__post-content\">Avui us volem fer part\u00edceps d&#8217;una de les novetats que acabem d&#8217;introduir a Cal Gabriel, les finances \u00e8tiques. Des de fa anys que a Cal Gabriel treballem amb el banc \u00e8tic Triodos Bank, i en aquest 2016 hem fet un pas m\u00e9s per afian\u00e7ar la nostra aposta per una forma diferent de fer banca, en&hellip;<\/div>\n                \n                                    <footer class=\"wp-block-getwid-recent-posts__entry-footer\">\n                                                    <p class=\"wp-block-getwid-recent-posts__post-categories\">\n                                <a href=\"https:\/\/calgabriel.es\/en\/category\/uncategorized-ca\/\" rel=\"category tag\">Uncategorized @ca<\/a>                            <\/p>\n                                                                    <\/footer>\n                            <\/div>\n            <\/div>\n<\/article>\n\n<article id=\"post-405\" class=\"wp-block-getwid-recent-posts__post\">\n    <div class=\"wp-block-getwid-recent-posts__post-wrapper\">\n                            <div class=\"wp-block-getwid-recent-posts__content-wrapper\">\n                                    <header class=\"wp-block-getwid-recent-posts__entry-header\">\n                                                    <h3 class=\"wp-block-getwid-recent-posts__post-title\"><a href=\"https:\/\/calgabriel.es\/en\/festa-trementinaires-2016\/\">Festa Trementinaires 2016<\/a><\/h3>                                                                            <div class=\"wp-block-getwid-recent-posts__entry-meta\">\n                                                                    <span class=\"wp-block-getwid-recent-posts__post-date\">\n                                        <time datetime=\"2016-04-02T19:38:23+00:00\"><a href=\"https:\/\/calgabriel.es\/en\/2016\/04\/02\/\">02\/04\/2016<\/a><\/time>\n                                    <\/span>\n                                                            <\/div>\n                                            <\/header>\n                                <div class=\"wp-block-getwid-recent-posts__post-content\">NOVA EDICI\u00d3 2022 Ja tenim aqu\u00ed el programa de festes Trementinaires 2016. Els dies 28 i 29 de maig del 2016 tindr\u00e0 lloc a la Vall de la Vansa i Tuixent, la 17a festa homenatge a la natura i saviesa popular de les d\u00f3nes de la vall, que voltaven carregades d&#8217;herbes guaridores i remeis casolans.&hellip;<\/div>\n                \n                                    <footer class=\"wp-block-getwid-recent-posts__entry-footer\">\n                                                    <p class=\"wp-block-getwid-recent-posts__post-categories\">\n                                <a href=\"https:\/\/calgabriel.es\/en\/category\/uncategorized-ca\/\" rel=\"category tag\">Uncategorized @ca<\/a>                            <\/p>\n                                                                    <\/footer>\n                            <\/div>\n            <\/div>\n<\/article>\n\n<article id=\"post-402\" class=\"wp-block-getwid-recent-posts__post\">\n    <div class=\"wp-block-getwid-recent-posts__post-wrapper\">\n                            <div class=\"wp-block-getwid-recent-posts__content-wrapper\">\n                                    <header class=\"wp-block-getwid-recent-posts__entry-header\">\n                                                    <h3 class=\"wp-block-getwid-recent-posts__post-title\"><a href=\"https:\/\/calgabriel.es\/en\/130316-raquetada-a-tuixent-lavansa\/\">13\/03\/16: raquetada a Tuixent-LaVansa<\/a><\/h3>                                                                            <div class=\"wp-block-getwid-recent-posts__entry-meta\">\n                                                                    <span class=\"wp-block-getwid-recent-posts__post-date\">\n                                        <time datetime=\"2016-03-10T22:10:55+00:00\"><a href=\"https:\/\/calgabriel.es\/en\/2016\/03\/10\/\">10\/03\/2016<\/a><\/time>\n                                    <\/span>\n                                                            <\/div>\n                                            <\/header>\n                                <div class=\"wp-block-getwid-recent-posts__post-content\">Per fi ens ha arribat la neu a les pistes de Tuixent &#8211; LaVansa i, a m\u00e9s de poder gaudir de l&#8217;esqu\u00ed nordic i les raquetes, aquest diumenge dia 13 de mar\u00e7 us podeu apuntar a la raquetada que organitza TotN\u00f2rdic a les nostres pistes. Una ruta que surt des de les pistes de Tuixent&hellip;<\/div>\n                \n                                    <footer class=\"wp-block-getwid-recent-posts__entry-footer\">\n                                                    <p class=\"wp-block-getwid-recent-posts__post-categories\">\n                                <a href=\"https:\/\/calgabriel.es\/en\/category\/activitats\/\" rel=\"category tag\">Activitats<\/a>                            <\/p>\n                                                                    <\/footer>\n                            <\/div>\n            <\/div>\n<\/article>\n\n<article id=\"post-390\" class=\"wp-block-getwid-recent-posts__post\">\n    <div class=\"wp-block-getwid-recent-posts__post-wrapper\">\n                            <div class=\"wp-block-getwid-recent-posts__content-wrapper\">\n                                    <header class=\"wp-block-getwid-recent-posts__entry-header\">\n                                                    <h3 class=\"wp-block-getwid-recent-posts__post-title\"><a href=\"https:\/\/calgabriel.es\/en\/firadelavall2015\/\">6\/12\/2015: Fira de la Vall a Tuixent<\/a><\/h3>                                                                            <div class=\"wp-block-getwid-recent-posts__entry-meta\">\n                                                                    <span class=\"wp-block-getwid-recent-posts__post-date\">\n                                        <time datetime=\"2015-11-22T13:52:10+00:00\"><a href=\"https:\/\/calgabriel.es\/en\/2015\/11\/22\/\">22\/11\/2015<\/a><\/time>\n                                    <\/span>\n                                                            <\/div>\n                                            <\/header>\n                                <div class=\"wp-block-getwid-recent-posts__post-content\">(Espa\u00f1ol a continuaci\u00f3n) El diumenge 6 de desembre del 2015 se celebra la 23a Fira de la Vall a Tuixent. Una cita habitual del mes de desembre on, en un \u00fanic espai, es troben els artesans de la Vall de LaVansa i Tuixent, amb la visita d&#8217;artesans dels nostres voltants, per oferir-vos els millors productes&hellip;<\/div>\n                \n                                    <footer class=\"wp-block-getwid-recent-posts__entry-footer\">\n                                                    <p class=\"wp-block-getwid-recent-posts__post-categories\">\n                                <a href=\"https:\/\/calgabriel.es\/en\/category\/activitats\/\" rel=\"category tag\">Activitats<\/a>                            <\/p>\n                                                                    <\/footer>\n                            <\/div>\n            <\/div>\n<\/article>\n\n<article id=\"post-384\" class=\"wp-block-getwid-recent-posts__post\">\n    <div class=\"wp-block-getwid-recent-posts__post-wrapper\">\n                            <div class=\"wp-block-getwid-recent-posts__content-wrapper\">\n                                    <header class=\"wp-block-getwid-recent-posts__entry-header\">\n                                                    <h3 class=\"wp-block-getwid-recent-posts__post-title\"><a href=\"https:\/\/calgabriel.es\/en\/porelclima\/\">Cal Gabriel, compromesos amb el clima \/\/ Comprometidos por el clima<\/a><\/h3>                                                                            <div class=\"wp-block-getwid-recent-posts__entry-meta\">\n                                                                    <span class=\"wp-block-getwid-recent-posts__post-date\">\n                                        <time datetime=\"2015-10-31T18:59:23+00:00\"><a href=\"https:\/\/calgabriel.es\/en\/2015\/10\/31\/\">31\/10\/2015<\/a><\/time>\n                                    <\/span>\n                                                            <\/div>\n                                            <\/header>\n                                <div class=\"wp-block-getwid-recent-posts__post-content\">Com molt de vosaltres ja sabeu, a Cal Gabriel ens preocupa el medi ambient, i \u00e9s per aquest motiu que emprenem accions per estalviar les emissions de CO2 al clima, fer un \u00fas eficient dels recursos, redu\u00efm la nostra depend\u00e8ncia de les energies f\u00f2ssils i invertim en energies renovables, entre d&#8217;altres accions encaminades a redu\u00efr&hellip;<\/div>\n                \n                                    <footer class=\"wp-block-getwid-recent-posts__entry-footer\">\n                                                    <p class=\"wp-block-getwid-recent-posts__post-categories\">\n                                <a href=\"https:\/\/calgabriel.es\/en\/category\/general\/\" rel=\"category tag\">General<\/a>                            <\/p>\n                                                                    <\/footer>\n                            <\/div>\n            <\/div>\n<\/article>\n\n<article id=\"post-365\" class=\"wp-block-getwid-recent-posts__post\">\n    <div class=\"wp-block-getwid-recent-posts__post-wrapper\">\n                            <div class=\"wp-block-getwid-recent-posts__content-wrapper\">\n                                    <header class=\"wp-block-getwid-recent-posts__entry-header\">\n                                                    <h3 class=\"wp-block-getwid-recent-posts__post-title\"><a href=\"https:\/\/calgabriel.es\/en\/caminada-gosol-2015\/\">Caminada G\u00f3sol 2015<\/a><\/h3>                                                                            <div class=\"wp-block-getwid-recent-posts__entry-meta\">\n                                                                    <span class=\"wp-block-getwid-recent-posts__post-date\">\n                                        <time datetime=\"2015-06-19T08:30:03+00:00\"><a href=\"https:\/\/calgabriel.es\/en\/2015\/06\/19\/\">19\/06\/2015<\/a><\/time>\n                                    <\/span>\n                                                            <\/div>\n                                            <\/header>\n                                <div class=\"wp-block-getwid-recent-posts__post-content\">(castellano a continuaci\u00f3n) T&#8217;agrada la natura? T&#8217;agrada caminar? Doncs v\u00e9s reservant aquesta data, 19 de juliol, per gaudir de la caminada de G\u00f3sol, una ruta circular amb sortida i arribada al poble de G\u00f3sol, passant pel Mol\u00ed, el Coll de Mola, la serra\u00a0del Verd, el coll de G\u00f3sol, la font de la Guineu, els Morers,&hellip;<\/div>\n                \n                                    <footer class=\"wp-block-getwid-recent-posts__entry-footer\">\n                                                    <p class=\"wp-block-getwid-recent-posts__post-categories\">\n                                <a href=\"https:\/\/calgabriel.es\/en\/category\/activitats\/\" rel=\"category tag\">Activitats<\/a>                            <\/p>\n                                                                    <\/footer>\n                            <\/div>\n            <\/div>\n<\/article>\n\n<article id=\"post-363\" class=\"wp-block-getwid-recent-posts__post\">\n    <div class=\"wp-block-getwid-recent-posts__post-wrapper\">\n                            <div class=\"wp-block-getwid-recent-posts__content-wrapper\">\n                                    <header class=\"wp-block-getwid-recent-posts__entry-header\">\n                                                    <h3 class=\"wp-block-getwid-recent-posts__post-title\"><a href=\"https:\/\/calgabriel.es\/en\/actividades-junio\/\">Dissabtes de juny a Tuixent \/\/ S\u00e1bados de junio en Tuixent<\/a><\/h3>                                                                            <div class=\"wp-block-getwid-recent-posts__entry-meta\">\n                                                                    <span class=\"wp-block-getwid-recent-posts__post-date\">\n                                        <time datetime=\"2015-06-08T13:28:16+00:00\"><a href=\"https:\/\/calgabriel.es\/en\/2015\/06\/08\/\">08\/06\/2015<\/a><\/time>\n                                    <\/span>\n                                                            <\/div>\n                                            <\/header>\n                                <div class=\"wp-block-getwid-recent-posts__post-content\">(Castellano a continuaci\u00f3n) Els dissabtes del mes de juny\u00a0v\u00e9nen\u00a0carregats d&#8217;activitats per fer a\u00a0Tuixent, gr\u00e0cies al Parc Natural del Cad\u00ed &#8211; Moixer\u00f3 i dels artesans d&#8217;Ossera. Els dissabtes dies 6, 13 i 20 de juny de 2015, el Parc Natural del Cad\u00ed &#8211; Moixer\u00f3 organitza activitats de &#8220;Plantes medicinals a la vall de Mola&#8221;;\u00a0s\u00f3n\u00a0sortides flor\u00edstiques per&hellip;<\/div>\n                \n                                    <footer class=\"wp-block-getwid-recent-posts__entry-footer\">\n                                                    <p class=\"wp-block-getwid-recent-posts__post-categories\">\n                                <a href=\"https:\/\/calgabriel.es\/en\/category\/uncategorized-ca\/\" rel=\"category tag\">Uncategorized @ca<\/a>                            <\/p>\n                                                                    <\/footer>\n                            <\/div>\n            <\/div>\n<\/article>\n\n<article id=\"post-323\" class=\"wp-block-getwid-recent-posts__post\">\n    <div class=\"wp-block-getwid-recent-posts__post-wrapper\">\n                            <div class=\"wp-block-getwid-recent-posts__content-wrapper\">\n                                    <header class=\"wp-block-getwid-recent-posts__entry-header\">\n                                                    <h3 class=\"wp-block-getwid-recent-posts__post-title\"><a href=\"https:\/\/calgabriel.es\/en\/obren-pistes-esqui\/\">Obren les pistes d&#8217;esqu\u00ed!! \/\/ \u00a1\u00a1Abren las pistas de esqu\u00ed!!<\/a><\/h3>                                                                            <div class=\"wp-block-getwid-recent-posts__entry-meta\">\n                                                                    <span class=\"wp-block-getwid-recent-posts__post-date\">\n                                        <time datetime=\"2015-01-20T22:49:51+00:00\"><a href=\"https:\/\/calgabriel.es\/en\/2015\/01\/20\/\">20\/01\/2015<\/a><\/time>\n                                    <\/span>\n                                                            <\/div>\n                                            <\/header>\n                                <div class=\"wp-block-getwid-recent-posts__post-content\">Aquest any ens ha fet patir, per\u00f2 finalment ens ha arribat la neu i la temporada d&#8217;esqu\u00ed! Aquest divendres dia 23 de gener obriran les pistes d&#8217;esqu\u00ed n\u00f2rdic de Tuixent &#8211; LaVansa amb 20km de pistes aixafades per\u00f2 sense tra\u00e7a. Una primera presa de contacte amb la neu. I com ja \u00e9s habitual, a Cal&hellip;<\/div>\n                \n                                    <footer class=\"wp-block-getwid-recent-posts__entry-footer\">\n                                                    <p class=\"wp-block-getwid-recent-posts__post-categories\">\n                                <a href=\"https:\/\/calgabriel.es\/en\/category\/activitats\/\" rel=\"category tag\">Activitats<\/a>                            <\/p>\n                                                                    <\/footer>\n                            <\/div>\n            <\/div>\n<\/article>\n\n<article id=\"post-319\" class=\"wp-block-getwid-recent-posts__post\">\n    <div class=\"wp-block-getwid-recent-posts__post-wrapper\">\n                            <div class=\"wp-block-getwid-recent-posts__content-wrapper\">\n                                    <header class=\"wp-block-getwid-recent-posts__entry-header\">\n                                                    <h3 class=\"wp-block-getwid-recent-posts__post-title\"><a href=\"https:\/\/calgabriel.es\/en\/bones-festes\/\">Bones festes \/\/ Felices fiestas<\/a><\/h3>                                                                            <div class=\"wp-block-getwid-recent-posts__entry-meta\">\n                                                                    <span class=\"wp-block-getwid-recent-posts__post-date\">\n                                        <time datetime=\"2014-12-21T20:54:27+00:00\"><a href=\"https:\/\/calgabriel.es\/en\/2014\/12\/21\/\">21\/12\/2014<\/a><\/time>\n                                    <\/span>\n                                                            <\/div>\n                                            <\/header>\n                                <div class=\"wp-block-getwid-recent-posts__post-content\">Des de Cal Gabriel us volem desitjar unes bones festes i un feli\u00e7 any nou. Volem aprofitar aquest escrit per donar-vos les gr\u00e0cies per formar part del projecte Cal Gabriel, i esperem tenir-vos a prop en aquest nou any 2015. El proper dissabte 27 de desembre tornem a obrir les portes de Cal Gabriel. Us&hellip;<\/div>\n                \n                                    <footer class=\"wp-block-getwid-recent-posts__entry-footer\">\n                                                    <p class=\"wp-block-getwid-recent-posts__post-categories\">\n                                <a href=\"https:\/\/calgabriel.es\/en\/category\/general\/\" rel=\"category tag\">General<\/a>                            <\/p>\n                                                                    <\/footer>\n                            <\/div>\n            <\/div>\n<\/article>\n\n<article id=\"post-289\" class=\"wp-block-getwid-recent-posts__post\">\n    <div class=\"wp-block-getwid-recent-posts__post-wrapper\">\n                            <div class=\"wp-block-getwid-recent-posts__content-wrapper\">\n                                    <header class=\"wp-block-getwid-recent-posts__entry-header\">\n                                                    <h3 class=\"wp-block-getwid-recent-posts__post-title\"><a href=\"https:\/\/calgabriel.es\/en\/cal-gabriel-somos-asi\/\">A Cal Gabriel, &#8220;Somos as\u00ed&#8221;<\/a><\/h3>                                                                            <div class=\"wp-block-getwid-recent-posts__entry-meta\">\n                                                                    <span class=\"wp-block-getwid-recent-posts__post-date\">\n                                        <time datetime=\"2014-06-06T21:51:13+00:00\"><a href=\"https:\/\/calgabriel.es\/en\/2014\/06\/06\/\">06\/06\/2014<\/a><\/time>\n                                    <\/span>\n                                                            <\/div>\n                                            <\/header>\n                                <div class=\"wp-block-getwid-recent-posts__post-content\">Avui dia 6 de juny s&#8217;ha celebrat el Dia Somos, una acci\u00f3 conjunta de 33 ONGs espanyoles amb l&#8217;objectiu de donar visibilitat a la labor dels voluntaris i socis que fan possible la labor d&#8217;aquestes organitzacions. Dades com que el 75% dels espanyols pensem que s&#8217;ha de seguir recolzant als pa\u00efsos en vies de desenvolupament&hellip;<\/div>\n                \n                                    <footer class=\"wp-block-getwid-recent-posts__entry-footer\">\n                                                    <p class=\"wp-block-getwid-recent-posts__post-categories\">\n                                <a href=\"https:\/\/calgabriel.es\/en\/category\/activitats\/\" rel=\"category tag\">Activitats<\/a>                            <\/p>\n                                                                    <\/footer>\n                            <\/div>\n            <\/div>\n<\/article>\n\n<article id=\"post-286\" class=\"wp-block-getwid-recent-posts__post\">\n    <div class=\"wp-block-getwid-recent-posts__post-wrapper\">\n                            <div class=\"wp-block-getwid-recent-posts__content-wrapper\">\n                                    <header class=\"wp-block-getwid-recent-posts__entry-header\">\n                                                    <h3 class=\"wp-block-getwid-recent-posts__post-title\"><a href=\"https:\/\/calgabriel.es\/en\/dia-mundial-medi-ambient\/\">Dia Mundial Medi Ambient #DMMA2014<\/a><\/h3>                                                                            <div class=\"wp-block-getwid-recent-posts__entry-meta\">\n                                                                    <span class=\"wp-block-getwid-recent-posts__post-date\">\n                                        <time datetime=\"2014-06-05T14:51:32+00:00\"><a href=\"https:\/\/calgabriel.es\/en\/2014\/06\/05\/\">05\/06\/2014<\/a><\/time>\n                                    <\/span>\n                                                            <\/div>\n                                            <\/header>\n                                <div class=\"wp-block-getwid-recent-posts__post-content\">Avui 5 de juny es celebra el Dia Mundial del Medi Ambient, i des de Cal Gabriel volem compartir les accions que fem dia a dia per contribuir en pro del medi ambient: &#8211; Som socis de la primera cooperativa d&#8217;energia verda, Som Energia. &#8211; La nostra electricitat, que comprem a la comercialitzadora Som Energia,&hellip;<\/div>\n                \n                                    <footer class=\"wp-block-getwid-recent-posts__entry-footer\">\n                                                    <p class=\"wp-block-getwid-recent-posts__post-categories\">\n                                <a href=\"https:\/\/calgabriel.es\/en\/category\/general\/\" rel=\"category tag\">General<\/a>                            <\/p>\n                                                                    <\/footer>\n                            <\/div>\n            <\/div>\n<\/article>\n\n<article id=\"post-283\" class=\"wp-block-getwid-recent-posts__post\">\n    <div class=\"wp-block-getwid-recent-posts__post-wrapper\">\n                            <div class=\"wp-block-getwid-recent-posts__content-wrapper\">\n                                    <header class=\"wp-block-getwid-recent-posts__entry-header\">\n                                                    <h3 class=\"wp-block-getwid-recent-posts__post-title\"><a href=\"https:\/\/calgabriel.es\/en\/fira-trementinaires-2014-2\/\">Fira trementinaires 2014<\/a><\/h3>                                                                            <div class=\"wp-block-getwid-recent-posts__entry-meta\">\n                                                                    <span class=\"wp-block-getwid-recent-posts__post-date\">\n                                        <time datetime=\"2014-05-26T11:51:05+00:00\"><a href=\"https:\/\/calgabriel.es\/en\/2014\/05\/26\/\">26\/05\/2014<\/a><\/time>\n                                    <\/span>\n                                                            <\/div>\n                                            <\/header>\n                                <div class=\"wp-block-getwid-recent-posts__post-content\">NOVA EDICI\u00d3 2022 Ja arriba la Fira de les Trementinaires, la trobada anual d&#8217;homenatge a aquestes dones que van fer de la Vall un referent en plantes medicinals. Els dies 31 de maig i 1 de juny, a Tuixent i al seu entorn podreu gaudir d&#8217;activitats al voltant de les Trementinaires i de la seva&hellip;<\/div>\n                \n                                    <footer class=\"wp-block-getwid-recent-posts__entry-footer\">\n                                                    <p class=\"wp-block-getwid-recent-posts__post-categories\">\n                                <a href=\"https:\/\/calgabriel.es\/en\/category\/activitats\/\" rel=\"category tag\">Activitats<\/a>                            <\/p>\n                                                                    <\/footer>\n                            <\/div>\n            <\/div>\n<\/article>\n\n<article id=\"post-268\" class=\"wp-block-getwid-recent-posts__post\">\n    <div class=\"wp-block-getwid-recent-posts__post-wrapper\">\n                            <div class=\"wp-block-getwid-recent-posts__content-wrapper\">\n                                    <header class=\"wp-block-getwid-recent-posts__entry-header\">\n                                                    <h3 class=\"wp-block-getwid-recent-posts__post-title\"><a href=\"https:\/\/calgabriel.es\/en\/vencer-o-morir-tuixent\/\">12 abril 2014: projecci\u00f3 &#8220;V\u00e8ncer o morir&#8221; a Tuixent<\/a><\/h3>                                                                            <div class=\"wp-block-getwid-recent-posts__entry-meta\">\n                                                                    <span class=\"wp-block-getwid-recent-posts__post-date\">\n                                        <time datetime=\"2014-04-03T10:04:10+00:00\"><a href=\"https:\/\/calgabriel.es\/en\/2014\/04\/03\/\">03\/04\/2014<\/a><\/time>\n                                    <\/span>\n                                                            <\/div>\n                                            <\/header>\n                                <div class=\"wp-block-getwid-recent-posts__post-content\">(Castellano m\u00e1s abajo) El proper dissabte dia 12 d&#8217;abril, a les 19:30h, l&#8217;associaci\u00f3 Miquelets de Catalunya projectar\u00e0 el curtmetratge &#8220;v\u00e8ncer o morir&#8221;, al Centre d&#8217;interpretaci\u00f3 del Parc Natural del Cad\u00ed-Moixer\u00f3 (m\u00e9s connegut com l&#8217;antiga casa forestal, a l&#8217;entrada del poble). Aquest film \u00e9s un fals documental, de 20 minuts de durada, que tracta sobre el&hellip;<\/div>\n                \n                                    <footer class=\"wp-block-getwid-recent-posts__entry-footer\">\n                                                    <p class=\"wp-block-getwid-recent-posts__post-categories\">\n                                <a href=\"https:\/\/calgabriel.es\/en\/category\/activitats\/\" rel=\"category tag\">Activitats<\/a>                            <\/p>\n                                                                    <\/footer>\n                            <\/div>\n            <\/div>\n<\/article>\n\n<article id=\"post-261\" class=\"wp-block-getwid-recent-posts__post\">\n    <div class=\"wp-block-getwid-recent-posts__post-wrapper\">\n                            <div class=\"wp-block-getwid-recent-posts__content-wrapper\">\n                                    <header class=\"wp-block-getwid-recent-posts__entry-header\">\n                                                    <h3 class=\"wp-block-getwid-recent-posts__post-title\"><a href=\"https:\/\/calgabriel.es\/en\/9-marc-els-ocells-hivernants\/\">9 mar\u00e7: Els ocells hivernants \/\/ 9 marzo: Los p\u00e1jaros invernantes<\/a><\/h3>                                                                            <div class=\"wp-block-getwid-recent-posts__entry-meta\">\n                                                                    <span class=\"wp-block-getwid-recent-posts__post-date\">\n                                        <time datetime=\"2014-03-04T10:41:18+00:00\"><a href=\"https:\/\/calgabriel.es\/en\/2014\/03\/04\/\">04\/03\/2014<\/a><\/time>\n                                    <\/span>\n                                                            <\/div>\n                                            <\/header>\n                                <div class=\"wp-block-getwid-recent-posts__post-content\">Aquest diumenge dia 9 de mar\u00e7, Jordi Dalmau, d&#8217;Aub\u00e8rria natura i patrimoni SL, ens convida a fer una volta pels entorns de Sorribes (a pocs quil\u00f2metres de Tuixent) per poder observar els ocells hivernants i visitar el parc dels Moixons del Mol\u00ed de F\u00f3rnols. El lloc de trobada \u00e9s l&#8217;Espai LaVansa de Sorribes de la&hellip;<\/div>\n                \n                                    <footer class=\"wp-block-getwid-recent-posts__entry-footer\">\n                                                    <p class=\"wp-block-getwid-recent-posts__post-categories\">\n                                <a href=\"https:\/\/calgabriel.es\/en\/category\/activitats\/\" rel=\"category tag\">Activitats<\/a>                            <\/p>\n                                                                    <\/footer>\n                            <\/div>\n            <\/div>\n<\/article>\n\n<article id=\"post-250\" class=\"wp-block-getwid-recent-posts__post\">\n    <div class=\"wp-block-getwid-recent-posts__post-wrapper\">\n                            <div class=\"wp-block-getwid-recent-posts__content-wrapper\">\n                                    <header class=\"wp-block-getwid-recent-posts__entry-header\">\n                                                    <h3 class=\"wp-block-getwid-recent-posts__post-title\"><a href=\"https:\/\/calgabriel.es\/en\/fira-trementinaires-2014\/\">Fira Trementinaires 2014: 31 de maig i 1 de juny \/\/ 31 de mayo y 1 de junio<\/a><\/h3>                                                                            <div class=\"wp-block-getwid-recent-posts__entry-meta\">\n                                                                    <span class=\"wp-block-getwid-recent-posts__post-date\">\n                                        <time datetime=\"2014-02-16T22:21:59+00:00\"><a href=\"https:\/\/calgabriel.es\/en\/2014\/02\/16\/\">16\/02\/2014<\/a><\/time>\n                                    <\/span>\n                                                            <\/div>\n                                            <\/header>\n                                <div class=\"wp-block-getwid-recent-posts__post-content\">NOVA EDICI\u00d3 2022 (Castellano a continuaci\u00f3n) Us informem que enguany, a causa de les eleccions europees, la fira de les Trementinaires es trasllada als dies 31 de maig i 1 de juny. Com molts de vosaltres ja sabeu, aquestes dates son complicades per aconseguir allotjament, amb el que us animem a avan\u00e7ar les reserves per&hellip;<\/div>\n                \n                                    <footer class=\"wp-block-getwid-recent-posts__entry-footer\">\n                                                    <p class=\"wp-block-getwid-recent-posts__post-categories\">\n                                <a href=\"https:\/\/calgabriel.es\/en\/category\/activitats\/\" rel=\"category tag\">Activitats<\/a>                            <\/p>\n                                                                    <\/footer>\n                            <\/div>\n            <\/div>\n<\/article>\n\n<article id=\"post-246\" class=\"wp-block-getwid-recent-posts__post\">\n    <div class=\"wp-block-getwid-recent-posts__post-wrapper\">\n                            <div class=\"wp-block-getwid-recent-posts__content-wrapper\">\n                                    <header class=\"wp-block-getwid-recent-posts__entry-header\">\n                                                    <h3 class=\"wp-block-getwid-recent-posts__post-title\"><a href=\"https:\/\/calgabriel.es\/en\/19a-marxa-de-larp\/\">2 de mar\u00e7 \/\/ 2 de marzo: 19a Marxa de l&#8217;Arp i 4a Micro Arp<\/a><\/h3>                                                                            <div class=\"wp-block-getwid-recent-posts__entry-meta\">\n                                                                    <span class=\"wp-block-getwid-recent-posts__post-date\">\n                                        <time datetime=\"2014-02-11T22:19:40+00:00\"><a href=\"https:\/\/calgabriel.es\/en\/2014\/02\/11\/\">11\/02\/2014<\/a><\/time>\n                                    <\/span>\n                                                            <\/div>\n                                            <\/header>\n                                <div class=\"wp-block-getwid-recent-posts__post-content\">(Castellano a continuaci\u00f3n) Ja tenim data per a la nova edici\u00f3 de la Marxa de l&#8217;Arp, la 19a, i la\u00a04a Micro\u00a0Arp. Aneu reservant la data al vostre calendari, 2 de mar\u00e7 del 2014, i prepareu les ceres i els esqu\u00eds per participar-hi. Les inscripcions s&#8217;han de fer a la web\u00a0clubcena.wordpress.com Aquesta marxa \u00e9s organitzada pel&hellip;<\/div>\n                \n                                    <footer class=\"wp-block-getwid-recent-posts__entry-footer\">\n                                                    <p class=\"wp-block-getwid-recent-posts__post-categories\">\n                                <a href=\"https:\/\/calgabriel.es\/en\/category\/activitats\/\" rel=\"category tag\">Activitats<\/a>                            <\/p>\n                                                                    <\/footer>\n                            <\/div>\n            <\/div>\n<\/article>\n\n<article id=\"post-228\" class=\"wp-block-getwid-recent-posts__post\">\n    <div class=\"wp-block-getwid-recent-posts__post-wrapper\">\n                            <div class=\"wp-block-getwid-recent-posts__content-wrapper\">\n                                    <header class=\"wp-block-getwid-recent-posts__entry-header\">\n                                                    <h3 class=\"wp-block-getwid-recent-posts__post-title\"><a href=\"https:\/\/calgabriel.es\/en\/arriben-els-reis-a-tuixent-llegan-los-reyes-a-tuixent\/\">Arriben els Reis a Tuixent! \/\/ Llegan los Reyes a Tuixent<\/a><\/h3>                                                                            <div class=\"wp-block-getwid-recent-posts__entry-meta\">\n                                                                    <span class=\"wp-block-getwid-recent-posts__post-date\">\n                                        <time datetime=\"2014-01-03T01:21:24+00:00\"><a href=\"https:\/\/calgabriel.es\/en\/2014\/01\/03\/\">03\/01\/2014<\/a><\/time>\n                                    <\/span>\n                                                            <\/div>\n                                            <\/header>\n                                <div class=\"wp-block-getwid-recent-posts__post-content\">Els Reis Mags arriben directes des d&#8217;Orient a Tuixent!!!! El dia 5 de gener, a les 19h, els Reis arriben a l&#8217;escola de Tuixent, i posteriorment lliuraran tots els regals de forma personal al centre c\u00edvic del poble. Per celebrar la seva arribada, a les 21h es far\u00e0 un sopar popular a base d&#8217;embotits, pa&hellip;<\/div>\n                \n                                    <footer class=\"wp-block-getwid-recent-posts__entry-footer\">\n                                                    <p class=\"wp-block-getwid-recent-posts__post-categories\">\n                                <a href=\"https:\/\/calgabriel.es\/en\/category\/activitats\/\" rel=\"category tag\">Activitats<\/a>                            <\/p>\n                                                                    <\/footer>\n                            <\/div>\n            <\/div>\n<\/article>\n\n<article id=\"post-218\" class=\"wp-block-getwid-recent-posts__post\">\n    <div class=\"wp-block-getwid-recent-posts__post-wrapper\">\n                            <div class=\"wp-block-getwid-recent-posts__content-wrapper\">\n                                    <header class=\"wp-block-getwid-recent-posts__entry-header\">\n                                                    <h3 class=\"wp-block-getwid-recent-posts__post-title\"><a href=\"https:\/\/calgabriel.es\/en\/2311-taller-de-fer-formatges-a-casa-2311-taller-de-hacer-quesos-en-casa\/\">23\/11: Taller de fer formatges a casa \/\/ 23\/11: Taller de hacer quesos en casa<\/a><\/h3>                                                                            <div class=\"wp-block-getwid-recent-posts__entry-meta\">\n                                                                    <span class=\"wp-block-getwid-recent-posts__post-date\">\n                                        <time datetime=\"2013-11-12T22:46:23+00:00\"><a href=\"https:\/\/calgabriel.es\/en\/2013\/11\/12\/\">12\/11\/2013<\/a><\/time>\n                                    <\/span>\n                                                            <\/div>\n                                            <\/header>\n                                <div class=\"wp-block-getwid-recent-posts__post-content\">El proper dissabte dia 23 de novembre, a la formatgeria Serrat Gros d&#8217;Ossera duran a terme un taller de fer formatges a casa. Es realitzar\u00e0 a Cal Codina d&#8217;Ossera i el far\u00e0 la Judit Carreira, formatgera amb molts anys d\u2019experi\u00e8ncia i que actualment treballa a la Formatgeria Mas d\u2019Eroles, d\u2019Adrall. Faran un formatge fresc i&hellip;<\/div>\n                \n                                    <footer class=\"wp-block-getwid-recent-posts__entry-footer\">\n                                                    <p class=\"wp-block-getwid-recent-posts__post-categories\">\n                                <a href=\"https:\/\/calgabriel.es\/en\/category\/activitats\/\" rel=\"category tag\">Activitats<\/a>                            <\/p>\n                                                                    <\/footer>\n                            <\/div>\n            <\/div>\n<\/article>\n\n<article id=\"post-214\" class=\"wp-block-getwid-recent-posts__post\">\n    <div class=\"wp-block-getwid-recent-posts__post-wrapper\">\n                            <div class=\"wp-block-getwid-recent-posts__content-wrapper\">\n                                    <header class=\"wp-block-getwid-recent-posts__entry-header\">\n                                                    <h3 class=\"wp-block-getwid-recent-posts__post-title\"><a href=\"https:\/\/calgabriel.es\/en\/rentem-mes-eficientment-lavamos-mas-eficientemente\/\">Rentem m\u00e9s eficientment! \/\/ Lavamos m\u00e1s eficientemente!<\/a><\/h3>                                                                            <div class=\"wp-block-getwid-recent-posts__entry-meta\">\n                                                                    <span class=\"wp-block-getwid-recent-posts__post-date\">\n                                        <time datetime=\"2013-11-07T21:25:56+00:00\"><a href=\"https:\/\/calgabriel.es\/en\/2013\/11\/07\/\">07\/11\/2013<\/a><\/time>\n                                    <\/span>\n                                                            <\/div>\n                                            <\/header>\n                                <div class=\"wp-block-getwid-recent-posts__post-content\">Com ja sabeu, a Cal Gabriel som conscients de l&#8217;impacte que les nostres accions tenen al nostre entorn, \u00e9s per aix\u00f2 que les nostres decisions de compra tenen present aquest punt. Mica en mica anem substituint els aparells menys eficients per alternatives que tenen en compte l&#8217;estalvi energ\u00e8tic. Aquesta vegada li ha arribat el torn&hellip;<\/div>\n                \n                                    <footer class=\"wp-block-getwid-recent-posts__entry-footer\">\n                                                    <p class=\"wp-block-getwid-recent-posts__post-categories\">\n                                <a href=\"https:\/\/calgabriel.es\/en\/category\/general\/\" rel=\"category tag\">General<\/a>                            <\/p>\n                                                                    <\/footer>\n                            <\/div>\n            <\/div>\n<\/article>\n\n<article id=\"post-201\" class=\"wp-block-getwid-recent-posts__post\">\n    <div class=\"wp-block-getwid-recent-posts__post-wrapper\">\n                            <div class=\"wp-block-getwid-recent-posts__content-wrapper\">\n                                    <header class=\"wp-block-getwid-recent-posts__entry-header\">\n                                                    <h3 class=\"wp-block-getwid-recent-posts__post-title\"><a href=\"https:\/\/calgabriel.es\/en\/festa-del-roser-2013\/\">Festa del Roser 2013<\/a><\/h3>                                                                            <div class=\"wp-block-getwid-recent-posts__entry-meta\">\n                                                                    <span class=\"wp-block-getwid-recent-posts__post-date\">\n                                        <time datetime=\"2013-10-11T09:32:08+00:00\"><a href=\"https:\/\/calgabriel.es\/en\/2013\/10\/11\/\">11\/10\/2013<\/a><\/time>\n                                    <\/span>\n                                                            <\/div>\n                                            <\/header>\n                                <div class=\"wp-block-getwid-recent-posts__post-content\">Aquest cap de setmana, els dies 12 i 13 d&#8217;octubre es celebra a Tuixent la Festa del Roser. Us adjuntem el programa: Dissabte 12 19h: Recital po\u00e8tic amb m\u00fasica d&#8217;acordions. 23h: Ball de nit amb Joan Vilandeny Diumenge 13 13h: Missa A Cal Gabriel tenim el restaurant obert tots aquests dies per a que us&hellip;<\/div>\n                \n                                    <footer class=\"wp-block-getwid-recent-posts__entry-footer\">\n                                                    <p class=\"wp-block-getwid-recent-posts__post-categories\">\n                                <a href=\"https:\/\/calgabriel.es\/en\/category\/activitats\/\" rel=\"category tag\">Activitats<\/a>                            <\/p>\n                                                                    <\/footer>\n                            <\/div>\n            <\/div>\n<\/article>\n\n<article id=\"post-194\" class=\"wp-block-getwid-recent-posts__post\">\n    <div class=\"wp-block-getwid-recent-posts__post-wrapper\">\n                            <div class=\"wp-block-getwid-recent-posts__content-wrapper\">\n                                    <header class=\"wp-block-getwid-recent-posts__entry-header\">\n                                                    <h3 class=\"wp-block-getwid-recent-posts__post-title\"><a href=\"https:\/\/calgabriel.es\/en\/festa-major-tuixent-2013\/\">Festa major Tuixent 2013<\/a><\/h3>                                                                            <div class=\"wp-block-getwid-recent-posts__entry-meta\">\n                                                                    <span class=\"wp-block-getwid-recent-posts__post-date\">\n                                        <time datetime=\"2013-09-01T22:52:49+00:00\"><a href=\"https:\/\/calgabriel.es\/en\/2013\/09\/01\/\">01\/09\/2013<\/a><\/time>\n                                    <\/span>\n                                                            <\/div>\n                                            <\/header>\n                                <div class=\"wp-block-getwid-recent-posts__post-content\">Ja arriba, ja \u00e9s aqu\u00ed&#8230; la festa major de Tuixent 2013!! Els dies 6, 7 i 8 de setembre podreu gaudir de les diferents activitats l\u00fadiques que les comissions de festes han organitzat per tots nosaltres: jocs, sopars, xocolatada, caminades, missa, m\u00fasica i fins i tot les primeres olimpiades del celler, t&#8217;ho perdras? A continuaci\u00f3&hellip;<\/div>\n                \n                                    <footer class=\"wp-block-getwid-recent-posts__entry-footer\">\n                                                    <p class=\"wp-block-getwid-recent-posts__post-categories\">\n                                <a href=\"https:\/\/calgabriel.es\/en\/category\/activitats\/\" rel=\"category tag\">Activitats<\/a>                            <\/p>\n                                                                    <\/footer>\n                            <\/div>\n            <\/div>\n<\/article>\n\n<article id=\"post-188\" class=\"wp-block-getwid-recent-posts__post\">\n    <div class=\"wp-block-getwid-recent-posts__post-wrapper\">\n                            <div class=\"wp-block-getwid-recent-posts__content-wrapper\">\n                                    <header class=\"wp-block-getwid-recent-posts__entry-header\">\n                                                    <h3 class=\"wp-block-getwid-recent-posts__post-title\"><a href=\"https:\/\/calgabriel.es\/en\/festa-sant-jaume-27-i-28-de-juliol-2013\/\">Festa Sant Jaume &#8211; 27 i 28 de juliol 2013<\/a><\/h3>                                                                            <div class=\"wp-block-getwid-recent-posts__entry-meta\">\n                                                                    <span class=\"wp-block-getwid-recent-posts__post-date\">\n                                        <time datetime=\"2013-07-23T08:38:51+00:00\"><a href=\"https:\/\/calgabriel.es\/en\/2013\/07\/23\/\">23\/07\/2013<\/a><\/time>\n                                    <\/span>\n                                                            <\/div>\n                                            <\/header>\n                                <div class=\"wp-block-getwid-recent-posts__post-content\">Aquest cap de setmana, els dies 27 i 28 de juliol tindr\u00e0 lloc a Tuixent la festa de Sant Jaume. A continuaci\u00f3 us detallem les activitats que hi ha organitzades: Dissabte 27 de juliol, a les 23h, ball a la pla\u00e7a Major de Tuixent de la m\u00e0 del grup musical &#8220;Duo L\u00e0ser&#8221;. Diumenge 28 de&hellip;<\/div>\n                \n                                    <footer class=\"wp-block-getwid-recent-posts__entry-footer\">\n                                                    <p class=\"wp-block-getwid-recent-posts__post-categories\">\n                                <a href=\"https:\/\/calgabriel.es\/en\/category\/activitats\/\" rel=\"category tag\">Activitats<\/a>                            <\/p>\n                                                                    <\/footer>\n                            <\/div>\n            <\/div>\n<\/article>\n\n<article id=\"post-185\" class=\"wp-block-getwid-recent-posts__post\">\n    <div class=\"wp-block-getwid-recent-posts__post-wrapper\">\n                            <div class=\"wp-block-getwid-recent-posts__content-wrapper\">\n                                    <header class=\"wp-block-getwid-recent-posts__entry-header\">\n                                                    <h3 class=\"wp-block-getwid-recent-posts__post-title\"><a href=\"https:\/\/calgabriel.es\/en\/presentacio-llibre-una-dona-del-terros\/\">Presentacio llibre: &#8220;Una dona del terr\u00f2s&#8221;<\/a><\/h3>                                                                            <div class=\"wp-block-getwid-recent-posts__entry-meta\">\n                                                                    <span class=\"wp-block-getwid-recent-posts__post-date\">\n                                        <time datetime=\"2013-07-20T10:22:22+00:00\"><a href=\"https:\/\/calgabriel.es\/en\/2013\/07\/20\/\">20\/07\/2013<\/a><\/time>\n                                    <\/span>\n                                                            <\/div>\n                                            <\/header>\n                                <div class=\"wp-block-getwid-recent-posts__post-content\">Aquest diumenge dia 21 de juliol, a les 12:30h, tindr\u00e0 lloc la presentaci\u00f3 del llibre, &#8220;Una dona del terr\u00f2s&#8221;, de l&#8217;escriptora Roser Guix, al centre d&#8217;interpretaci\u00f3 de flora de Tuixent. A la presentaci\u00f3 tamb\u00e9 participar\u00e0 en Xavier Guix, escriptor i psic\u00f2leg reconegut. El llibre, de ci\u00e8ncia ficci\u00f3 per\u00f2 amb tocs de realitat te lloc a&hellip;<\/div>\n                \n                                    <footer class=\"wp-block-getwid-recent-posts__entry-footer\">\n                                                    <p class=\"wp-block-getwid-recent-posts__post-categories\">\n                                <a href=\"https:\/\/calgabriel.es\/en\/category\/activitats\/\" rel=\"category tag\">Activitats<\/a>                            <\/p>\n                                                                    <\/footer>\n                            <\/div>\n            <\/div>\n<\/article>\n\n<article id=\"post-180\" class=\"wp-block-getwid-recent-posts__post\">\n    <div class=\"wp-block-getwid-recent-posts__post-wrapper\">\n                            <div class=\"wp-block-getwid-recent-posts__content-wrapper\">\n                                    <header class=\"wp-block-getwid-recent-posts__entry-header\">\n                                                    <h3 class=\"wp-block-getwid-recent-posts__post-title\"><a href=\"https:\/\/calgabriel.es\/en\/islandia-en-fotos-a-tuixent\/\">Isl\u00e0ndia en fotos a Tuixent<\/a><\/h3>                                                                            <div class=\"wp-block-getwid-recent-posts__entry-meta\">\n                                                                    <span class=\"wp-block-getwid-recent-posts__post-date\">\n                                        <time datetime=\"2013-07-08T20:09:39+00:00\"><a href=\"https:\/\/calgabriel.es\/en\/2013\/07\/08\/\">08\/07\/2013<\/a><\/time>\n                                    <\/span>\n                                                            <\/div>\n                                            <\/header>\n                                <div class=\"wp-block-getwid-recent-posts__post-content\">Des del dia 1 de juliol i fins al 31, al Museu de les Trementinaires de Tuixent podreu gaudir de la nova exposici\u00f3 fotogr\u00e0fica titulada &#8220;Isl\u00e0ndia&#8221;, del fot\u00f2graf JM Orellana. Una forma de viatgar des de la tranquil\u00b7litat i la pau de Tuixent. Aprofitem per informar-vos de que a partir del dia 15 de juliol&hellip;<\/div>\n                \n                                    <footer class=\"wp-block-getwid-recent-posts__entry-footer\">\n                                                    <p class=\"wp-block-getwid-recent-posts__post-categories\">\n                                <a href=\"https:\/\/calgabriel.es\/en\/category\/activitats\/\" rel=\"category tag\">Activitats<\/a>                            <\/p>\n                                                                    <\/footer>\n                            <\/div>\n            <\/div>\n<\/article>\n\n<article id=\"post-165\" class=\"wp-block-getwid-recent-posts__post\">\n    <div class=\"wp-block-getwid-recent-posts__post-wrapper\">\n                            <div class=\"wp-block-getwid-recent-posts__content-wrapper\">\n                                    <header class=\"wp-block-getwid-recent-posts__entry-header\">\n                                                    <h3 class=\"wp-block-getwid-recent-posts__post-title\"><a href=\"https:\/\/calgabriel.es\/en\/14a-festa-de-les-trementinaires-a-tuixent\/\">14a Festa de les trementinaires a Tuixent<\/a><\/h3>                                                                            <div class=\"wp-block-getwid-recent-posts__entry-meta\">\n                                                                    <span class=\"wp-block-getwid-recent-posts__post-date\">\n                                        <time datetime=\"2013-04-30T19:00:14+00:00\"><a href=\"https:\/\/calgabriel.es\/en\/2013\/04\/30\/\">30\/04\/2013<\/a><\/time>\n                                    <\/span>\n                                                            <\/div>\n                                            <\/header>\n                                <div class=\"wp-block-getwid-recent-posts__post-content\">(Castellano m\u00e1s abajo) Els dies 25 i 26 de maig es celebra a Tuixent la 14a festa de les trementinaires, una festa en homenatge a aquelles dones que anaven pel m\u00f3n carregades d&#8217;herbes guaridores i remeis casolans. Ho celebrem amb la festa de la natura, la saviesa popular, fires d&#8217;artesans, cursos d&#8217;herbes, visites guiades, cremada&hellip;<\/div>\n                \n                                    <footer class=\"wp-block-getwid-recent-posts__entry-footer\">\n                                                    <p class=\"wp-block-getwid-recent-posts__post-categories\">\n                                <a href=\"https:\/\/calgabriel.es\/en\/category\/activitats\/\" rel=\"category tag\">Activitats<\/a>                            <\/p>\n                                                                    <\/footer>\n                            <\/div>\n            <\/div>\n<\/article>\n\n<article id=\"post-159\" class=\"wp-block-getwid-recent-posts__post\">\n    <div class=\"wp-block-getwid-recent-posts__post-wrapper\">\n                            <div class=\"wp-block-getwid-recent-posts__content-wrapper\">\n                                    <header class=\"wp-block-getwid-recent-posts__entry-header\">\n                                                    <h3 class=\"wp-block-getwid-recent-posts__post-title\"><a href=\"https:\/\/calgabriel.es\/en\/cursos-de-flors-2013-cursos-de-flores-2013\/\">Cursos de flors 2013 \/ Cursos de flores 2013<\/a><\/h3>                                                                            <div class=\"wp-block-getwid-recent-posts__entry-meta\">\n                                                                    <span class=\"wp-block-getwid-recent-posts__post-date\">\n                                        <time datetime=\"2013-04-29T18:09:07+00:00\"><a href=\"https:\/\/calgabriel.es\/en\/2013\/04\/29\/\">29\/04\/2013<\/a><\/time>\n                                    <\/span>\n                                                            <\/div>\n                                            <\/header>\n                                <div class=\"wp-block-getwid-recent-posts__post-content\">Actualitzaci\u00f3: CURSOS 2023 (Castellano m\u00e1s abajo) Com ja va sent costum en el mes d&#8217;agost, el Museu de les trementinaires de Tuixent organitza diferents cursos de flors amb l&#8217;objectiu d&#8217;aprofundir en el coneixement de les herbes remeieres i la flora de l&#8217;entorn, una forma de mantenir viva la tradici\u00f3 remeiera de la Vall de la&hellip;<\/div>\n                \n                                    <footer class=\"wp-block-getwid-recent-posts__entry-footer\">\n                                                    <p class=\"wp-block-getwid-recent-posts__post-categories\">\n                                <a href=\"https:\/\/calgabriel.es\/en\/category\/activitats\/\" rel=\"category tag\">Activitats<\/a>                            <\/p>\n                                                                    <\/footer>\n                            <\/div>\n            <\/div>\n<\/article>\n\n<article id=\"post-146\" class=\"wp-block-getwid-recent-posts__post\">\n    <div class=\"wp-block-getwid-recent-posts__post-wrapper\">\n                            <div class=\"wp-block-getwid-recent-posts__content-wrapper\">\n                                    <header class=\"wp-block-getwid-recent-posts__entry-header\">\n                                                    <h3 class=\"wp-block-getwid-recent-posts__post-title\"><a href=\"https:\/\/calgabriel.es\/en\/volta-a-catalunya-2013\/\">Volta a Catalunya 2013<\/a><\/h3>                                                                            <div class=\"wp-block-getwid-recent-posts__entry-meta\">\n                                                                    <span class=\"wp-block-getwid-recent-posts__post-date\">\n                                        <time datetime=\"2013-03-19T03:49:30+00:00\"><a href=\"https:\/\/calgabriel.es\/en\/2013\/03\/19\/\">19\/03\/2013<\/a><\/time>\n                                    <\/span>\n                                                            <\/div>\n                                            <\/header>\n                                <div class=\"wp-block-getwid-recent-posts__post-content\">El proper dijous dia 21 de mar\u00e7 a la Volta a Catalunya 2013 es disputar\u00e0 la 4\u00aa etapa de la &#8220;93 Volta a Catalunya&#8221; que recorre entre l&#8217;Alt de la Josa del Cad\u00ed i l&#8217;estaci\u00f3 de Port Ain\u00e9. L&#8217;etapa comen\u00e7a a pocs quil\u00f2metres de Tuixent i afectar\u00e0 a l&#8217;acc\u00e9s per carretera per a aquelles persones&hellip;<\/div>\n                \n                                    <footer class=\"wp-block-getwid-recent-posts__entry-footer\">\n                                                    <p class=\"wp-block-getwid-recent-posts__post-categories\">\n                                <a href=\"https:\/\/calgabriel.es\/en\/category\/activitats\/\" rel=\"category tag\">Activitats<\/a>                            <\/p>\n                                                                    <\/footer>\n                            <\/div>\n            <\/div>\n<\/article>\n\n<article id=\"post-89\" class=\"wp-block-getwid-recent-posts__post\">\n    <div class=\"wp-block-getwid-recent-posts__post-wrapper\">\n                            <div class=\"wp-block-getwid-recent-posts__content-wrapper\">\n                                    <header class=\"wp-block-getwid-recent-posts__entry-header\">\n                                                    <h3 class=\"wp-block-getwid-recent-posts__post-title\"><a href=\"https:\/\/calgabriel.es\/en\/fira-de-la-vall-8-de-desembre\/\">Fira de la Vall a Tuixent &#8211; 8\/12\/2012<\/a><\/h3>                                                                            <div class=\"wp-block-getwid-recent-posts__entry-meta\">\n                                                                    <span class=\"wp-block-getwid-recent-posts__post-date\">\n                                        <time datetime=\"2012-12-01T20:31:58+00:00\"><a href=\"https:\/\/calgabriel.es\/en\/2012\/12\/01\/\">01\/12\/2012<\/a><\/time>\n                                    <\/span>\n                                                            <\/div>\n                                            <\/header>\n                                <div class=\"wp-block-getwid-recent-posts__post-content\">(Castellano m\u00e1s abajo) Com ja \u00e9s tradici\u00f3 a Tuixent, pel pont de desembre es duu a terme la &#8220;Fira de la Vall&#8221;, una fira on descobrir els productes artesans de la zona: formatges, herbes, ess\u00e8ncies, escultures, melmelades, flors seques, mel, entre d&#8217;altres. Enguany es celebra els 20 anys de fira, el dia 8 de desembre.&hellip;<\/div>\n                \n                                    <footer class=\"wp-block-getwid-recent-posts__entry-footer\">\n                                                    <p class=\"wp-block-getwid-recent-posts__post-categories\">\n                                <a href=\"https:\/\/calgabriel.es\/en\/category\/activitats\/\" rel=\"category tag\">Activitats<\/a>                            <\/p>\n                                                                    <\/footer>\n                            <\/div>\n            <\/div>\n<\/article>\n\n<article id=\"post-83\" class=\"wp-block-getwid-recent-posts__post\">\n    <div class=\"wp-block-getwid-recent-posts__post-wrapper\">\n                            <div class=\"wp-block-getwid-recent-posts__content-wrapper\">\n                                    <header class=\"wp-block-getwid-recent-posts__entry-header\">\n                                                    <h3 class=\"wp-block-getwid-recent-posts__post-title\"><a href=\"https:\/\/calgabriel.es\/en\/vegetarian-friendly\/\">Vegetarian friendly!<\/a><\/h3>                                                                            <div class=\"wp-block-getwid-recent-posts__entry-meta\">\n                                                                    <span class=\"wp-block-getwid-recent-posts__post-date\">\n                                        <time datetime=\"2012-11-10T22:27:47+00:00\"><a href=\"https:\/\/calgabriel.es\/en\/2012\/11\/10\/\">10\/11\/2012<\/a><\/time>\n                                    <\/span>\n                                                            <\/div>\n                                            <\/header>\n                                <div class=\"wp-block-getwid-recent-posts__post-content\">Si, aix\u00ed \u00e9s, a Cal Gabriel ens descrivim com amics dels vegetarians. Aviat far\u00e0 un mes que hem obert les portes de la casa i del restaurant i ja son 3 les persones vegetarianes que han estat amb nosaltres. Un d&#8217;ells ens va &#8220;reptar&#8221; a preparar-li plats si ens portava tofu, i ens va agradar&hellip;<\/div>\n                \n                                    <footer class=\"wp-block-getwid-recent-posts__entry-footer\">\n                                                    <p class=\"wp-block-getwid-recent-posts__post-categories\">\n                                <a href=\"https:\/\/calgabriel.es\/en\/category\/casa\/\" rel=\"category tag\">Casa<\/a>, <a href=\"https:\/\/calgabriel.es\/en\/category\/general\/\" rel=\"category tag\">General<\/a>, <a href=\"https:\/\/calgabriel.es\/en\/category\/restaurant\/\" rel=\"category tag\">Restaurant<\/a>                            <\/p>\n                                                                    <\/footer>\n                            <\/div>\n            <\/div>\n<\/article>\n\n<article id=\"post-35\" class=\"wp-block-getwid-recent-posts__post\">\n    <div class=\"wp-block-getwid-recent-posts__post-wrapper\">\n                            <div class=\"wp-block-getwid-recent-posts__content-wrapper\">\n                                    <header class=\"wp-block-getwid-recent-posts__entry-header\">\n                                                    <h3 class=\"wp-block-getwid-recent-posts__post-title\"><a href=\"https:\/\/calgabriel.es\/en\/ja-estem-oberts-ya-hemos-abierto\/\">Ja estem oberts \/\/ Ya hemos abierto<\/a><\/h3>                                                                            <div class=\"wp-block-getwid-recent-posts__entry-meta\">\n                                                                    <span class=\"wp-block-getwid-recent-posts__post-date\">\n                                        <time datetime=\"2012-10-20T17:42:26+00:00\"><a href=\"https:\/\/calgabriel.es\/en\/2012\/10\/20\/\">20\/10\/2012<\/a><\/time>\n                                    <\/span>\n                                                            <\/div>\n                                            <\/header>\n                                <div class=\"wp-block-getwid-recent-posts__post-content\">El passat dia 12 d&#8217;octubre vam obrir les portes de Cal Gabriel per rebre als nostres primers clients, la Marta i el Jordi, que van decidir estar amb nosaltres durant el pont de la Hispanitat. La Merc\u00e8, el David i les seves filles tamb\u00e9 van estar dormint i sopant el mateix dia 12. Tot un&hellip;<\/div>\n                \n                                    <footer class=\"wp-block-getwid-recent-posts__entry-footer\">\n                                                    <p class=\"wp-block-getwid-recent-posts__post-categories\">\n                                <a href=\"https:\/\/calgabriel.es\/en\/category\/general\/\" rel=\"category tag\">General<\/a>                            <\/p>\n                                                                    <\/footer>\n                            <\/div>\n            <\/div>\n<\/article>\n\n<article id=\"post-1\" class=\"wp-block-getwid-recent-posts__post\">\n    <div class=\"wp-block-getwid-recent-posts__post-wrapper\">\n                            <div class=\"wp-block-getwid-recent-posts__content-wrapper\">\n                                    <header class=\"wp-block-getwid-recent-posts__entry-header\">\n                                                    <h3 class=\"wp-block-getwid-recent-posts__post-title\"><a href=\"https:\/\/calgabriel.es\/en\/hello-world\/\">Propera reobertura \/ Pr\u00f3xima reapertura<\/a><\/h3>                                                                            <div class=\"wp-block-getwid-recent-posts__entry-meta\">\n                                                                    <span class=\"wp-block-getwid-recent-posts__post-date\">\n                                        <time datetime=\"2012-09-03T13:28:14+00:00\"><a href=\"https:\/\/calgabriel.es\/en\/2012\/09\/03\/\">03\/09\/2012<\/a><\/time>\n                                    <\/span>\n                                                            <\/div>\n                                            <\/header>\n                                <div class=\"wp-block-getwid-recent-posts__post-content\">Gr\u00e0cies per visitar el nostre web! Estem preparant la reobertura de Cal Gabriel. Allotjament rural i restaurant\u00a0a la poblaci\u00f3 de Tuixent\u00a0a l&#8217;Alt Urgell, prevista per a l&#8217;inici d&#8217;octubre. Farem que gaudiu de la vostra estada amb nosaltres, aix\u00ed com de la gastronomia tradicional del Pirineu. En breu us ampliarem informaci\u00f3. Si desitgeu posar-vos en contacte&hellip;<\/div>\n                \n                                    <footer class=\"wp-block-getwid-recent-posts__entry-footer\">\n                                                    <p class=\"wp-block-getwid-recent-posts__post-categories\">\n                                <a href=\"https:\/\/calgabriel.es\/en\/category\/general\/\" rel=\"category tag\">General<\/a>                            <\/p>\n                                                                    <\/footer>\n                            <\/div>\n            <\/div>\n<\/article>\n\t\t\t<\/div>\n\t\t<\/div>\n\t\t","protected":false},"excerpt":{"rendered":"Extra! Extra! Estigues al dia de les nostres novetats i de l&#8217;entorn. ","protected":false},"author":1,"featured_media":0,"parent":0,"menu_order":0,"comment_status":"closed","ping_status":"closed","template":"template-front-page.php","meta":{"inline_featured_image":false,"_joinchat":[],"footnotes":""},"class_list":["post-1066","page","type-page","status-publish","hentry"],"aioseo_notices":[],"_links":{"self":[{"href":"https:\/\/calgabriel.es\/en\/wp-json\/wp\/v2\/pages\/1066","targetHints":{"allow":["GET"]}}],"collection":[{"href":"https:\/\/calgabriel.es\/en\/wp-json\/wp\/v2\/pages"}],"about":[{"href":"https:\/\/calgabriel.es\/en\/wp-json\/wp\/v2\/types\/page"}],"author":[{"embeddable":true,"href":"https:\/\/calgabriel.es\/en\/wp-json\/wp\/v2\/users\/1"}],"replies":[{"embeddable":true,"href":"https:\/\/calgabriel.es\/en\/wp-json\/wp\/v2\/comments?post=1066"}],"version-history":[{"count":7,"href":"https:\/\/calgabriel.es\/en\/wp-json\/wp\/v2\/pages\/1066\/revisions"}],"predecessor-version":[{"id":1601,"href":"https:\/\/calgabriel.es\/en\/wp-json\/wp\/v2\/pages\/1066\/revisions\/1601"}],"wp:attachment":[{"href":"https:\/\/calgabriel.es\/en\/wp-json\/wp\/v2\/media?parent=1066"}],"curies":[{"name":"wp","href":"https:\/\/api.w.org\/{rel}","templated":true}]}}